{"id":5979,"date":"2025-12-12T17:16:41","date_gmt":"2025-12-12T16:16:41","guid":{"rendered":"https:\/\/www.campinglesviolettes.com\/camping-ayguesvives\/"},"modified":"2025-12-12T17:16:44","modified_gmt":"2025-12-12T16:16:44","slug":"camping-ayguesvives","status":"publish","type":"page","link":"https:\/\/www.campinglesviolettes.com\/es\/camping-ayguesvives\/","title":{"rendered":"Camping cerca de Ayguesvives"},"content":{"rendered":"<section id=\"ls-section-block_993434912c7b27513141a32fc2ec5f82\" class=\"ls-section  has-m-b m-b-0 has-m-l m-l-0 has-m-r m-r-0 has-p-t p-t-0 has-p-b p-b-0 has-p-l p-l-0 has-p-r p-r-0\" >\r\n        <div class=\"container container--wide\">\r\n        \n\n<div class=\"wp-block-columns is-layout-flex wp-container-core-columns-is-layout-9d6595d7 wp-block-columns-is-layout-flex\">\n<div class=\"wp-block-column is-vertically-aligned-center is-layout-flow wp-block-column-is-layout-flow\" style=\"flex-basis:55%\">\n<h1 class=\"ls__heading wp-block-heading has-text-align-center no-animation\">Camping cerca de Ayguesvives: naturaleza, patrimonio y estilo de vida<\/h1>\n\n\n\n<p class=\"ls-paragraph has-text-align-left\">Situado <strong>en el coraz\u00f3n de la Haute-Garonne,<\/strong> nuestro camping de 3 estrellas le ofrece un entorno natural ideal para relajarse y recargar energ\u00edas. Este camping, un aut\u00e9ntico remanso de paz cerca del Canal del Mediod\u00eda, es el punto de partida perfecto para descubrir las riquezas del suroeste. Senderismo, pueblos t\u00edpicos, mercados de productores y lugares hist\u00f3ricos marcan el ritmo de los d\u00edas en un ambiente aut\u00e9ntico. En nuestro <strong>camping cerca de Ayguesvives<\/strong>, nos tomamos el tiempo para ralentizar el ritmo, respirar y disfrutar plenamente de cada momento.  <\/p>\n<\/div>\n\n\n\n<div class=\"wp-block-column is-layout-flow wp-block-column-is-layout-flow\" style=\"flex-basis:45%\">\n<iframe src=\"https:\/\/www.google.com\/maps\/embed?pb=!1m28!1m12!1m3!1d46335.19907046848!2d1.521736471790379!3d43.461642254496105!2m3!1f0!2f0!3f0!3m2!1i1024!2i768!4f13.1!4m13!3e6!4m5!1s0x12ae9544ed3001e7%3A0x53dabe9164001244!2sCamping%20Les%20Violettes%2C%20RD%20813%2C%20Deyme!3m2!1d43.486657!2d1.5324103999999998!4m5!1s0x12aeeb7d040dd9ed%3A0x5480d08719493a54!2sAyguesvives%2C%2031450!3m2!1d43.4361818!2d1.5992434!5e0!3m2!1sfr!2sfr!4v1762250013038!5m2!1sfr!2sfr\" width=\"600\" height=\"450\" style=\"border:0;\" allowfullscreen=\"\" loading=\"lazy\" referrerpolicy=\"no-referrer-when-downgrade\"><\/iframe>\n\n<\/div>\n<\/div>\n\n\r\n    <\/div>\r\n<\/section><section id=\"ls-section-block_eed105f5460cdb6a0ba090dd6cb2203d\" class=\"ls-section  home-second\" >\r\n        <div class=\"container container--wide\">\r\n        \n\n<div class=\"wp-block-columns are-vertically-aligned-center atout-container is-layout-flex wp-container-core-columns-is-layout-9d6595d7 wp-block-columns-is-layout-flex\">\n<div class=\"wp-block-column is-vertically-aligned-center bloc-atouts is-layout-flow wp-block-column-is-layout-flow\" style=\"flex-basis:66.66%\">\n<div class=\"wp-block-columns atouts is-layout-flex wp-container-core-columns-is-layout-9d6595d7 wp-block-columns-is-layout-flex\">\n<div class=\"wp-block-column is-layout-flow wp-block-column-is-layout-flow\"><\/div>\n<\/div>\n\n\n\n<figure class=\"wp-block-gallery has-nested-images columns-default is-cropped wp-block-gallery-1 is-layout-flex wp-block-gallery-is-layout-flex\">\n<figure class=\"wp-block-image size-full\"><img decoding=\"async\" width=\"900\" height=\"600\" data-id=\"2878\" src=\"https:\/\/www.campinglesviolettes.com\/wp-content\/uploads\/2023\/11\/violettes-6.jpg\" alt=\"Camping 3 estrellas Toulouse y el Canal du Midi \" class=\"wp-image-2878\" srcset=\"https:\/\/www.campinglesviolettes.com\/wp-content\/uploads\/2023\/11\/violettes-6.jpg 900w, https:\/\/www.campinglesviolettes.com\/wp-content\/uploads\/2023\/11\/violettes-6-300x200.jpg 300w, https:\/\/www.campinglesviolettes.com\/wp-content\/uploads\/2023\/11\/violettes-6-768x512.jpg 768w\" sizes=\"(max-width: 900px) 100vw, 900px\" \/><\/figure>\n<\/figure>\n<\/div>\n\n\n\n<div class=\"wp-block-column is-vertically-aligned-center is-layout-flow wp-block-column-is-layout-flow\" style=\"flex-basis:33.33%\">\n<h2 class=\"ls__heading wp-block-heading no-animation\"><strong>Camping con estrellas en Toulouse<\/strong>, entre la ciudad y el Canal del Mediod\u00eda<\/h2>\n\n\n\n<p class=\"ls-paragraph\">Abierto todo el a\u00f1o, nuestro <a href=\"https:\/\/www.campinglesviolettes.com\/es\/camping-barato-toulouse\/\">camping econ\u00f3mico en Toulouse<\/a> le da la bienvenida en un <strong>ambiente acogedor<\/strong>, gracias al equipo de Les Violettes, siempre dispuesto a compartir su<strong> buen humor <\/strong>y su <strong>sentido de la hospitalidad.<\/strong><\/p>\n\n\n\n<p class=\"ls-paragraph\">Tanto los turistas como los trabajadores encuentran f\u00e1cilmente su lugar en un entorno acogedor donde uno se siente r\u00e1pidamente como en casa. Alojarse en nuestro <strong>camping cerca de Ayguesvives <\/strong>es disfrutar de momentos de relajaci\u00f3n, intercambio y ocio sencillo. Con su espacio acu\u00e1tico y sus actividades pensadas para las familias, todo a escala humana, nuestro camping garantiza unas vacaciones relajantes, alegres y <strong>accesibles para todos.<\/strong> <\/p>\n<\/div>\n<\/div>\n\n\r\n    <\/div>\r\n<\/section><section id=\"ls-section-block_c10da999db2944661b135a7db2093cf1\" class=\"ls-section  home-sixth has-background has-color-4-background-color\" >\r\n        <div class=\"container container--wide\">\r\n        \n\n<h3 class=\"ls__heading wp-block-heading has-text-align-center no-animation\">Nuestros alojamientos de calidad en Haute-Garonne<\/h3>\n\n\n\n<p class=\"ls-paragraph\"><\/p>\n\n\n\n<div class=\"wp-block-columns is-layout-flex wp-container-core-columns-is-layout-9d6595d7 wp-block-columns-is-layout-flex\">\n<div class=\"wp-block-column is-layout-flow wp-block-column-is-layout-flow\">\r\n<div id=\"ls-cta-block_259782f80672b4be91ed2236d894aa7e\" class=\"ls-cta animated fadeIn slow\">  \r\n    \n\n<a href=\"https:\/\/www.campinglesviolettes.com\/es\/ubicacion-movil-home-toulouse\/\" target=\"\" rel=\"noopener\" class=\"ls-cta__link\">\n\n\t<div class=\"ls-cta__image\"><img decoding=\"async\" src=\"https:\/\/www.campinglesviolettes.com\/wp-content\/uploads\/2025\/11\/IMG_2409-768x1024.jpg\" alt=\"IMG 2409\"><\/div>\n\t<div class=\"ls-cta__title\">\n\t\tAlojamiento <i class='prigny-right-arrow'><\/i>\n\t<\/div>\n\n\t\t\n<\/a><\/div><\/div>\n\n\n\n<div class=\"wp-block-column is-layout-flow wp-block-column-is-layout-flow\">\r\n<div id=\"ls-cta-block_a8eabbbf48bfcb9f406d929e20849c5b\" class=\"ls-cta animated fadeIn delay-100ms slow\">  \r\n    \n\n<a href=\"https:\/\/www.campinglesviolettes.com\/es\/ubicacion-colocacion-toulouse\/\" target=\"\" rel=\"noopener\" class=\"ls-cta__link\">\n\n\t<div class=\"ls-cta__image\"><img decoding=\"async\" src=\"https:\/\/www.campinglesviolettes.com\/wp-content\/uploads\/2023\/03\/camping-velo-toulouse-768x568.webp\" alt=\"camping ciclismo toulouse\"><\/div>\n\t<div class=\"ls-cta__title\">\n\t\tUbicaciones <i class='prigny-right-arrow'><\/i>\n\t<\/div>\n\n\t\t\n<\/a><\/div><\/div>\n\n\n\n<div class=\"wp-block-column is-layout-flow wp-block-column-is-layout-flow\">\r\n<div id=\"ls-cta-block_26e782e7f7c45fc3c01efdcb1784e1d9\" class=\"ls-cta animated fadeIn slow delay-200ms\">  \r\n    \n\n<a href=\"https:\/\/www.campinglesviolettes.com\/es\/camping-barato-toulouse\/\" target=\"\" rel=\"noopener\" class=\"ls-cta__link\">\n\n\t<div class=\"ls-cta__image\"><img decoding=\"async\" src=\"https:\/\/www.campinglesviolettes.com\/wp-content\/uploads\/2025\/11\/IMG_1498-768x1024.jpg\" alt=\"IMG 1498\"><\/div>\n\t<div class=\"ls-cta__title\">\n\t\tLas tarifas <i class='prigny-right-arrow'><\/i>\n\t<\/div>\n\n\t\t\n<\/a><\/div><\/div>\n<\/div>\n\n\r\n    <\/div>\r\n<\/section><section id=\"ls-section-block_fdfb853534f8ff0191eeb82186fd365a\" class=\"ls-section \" >\r\n        <div class=\"container container--wide\">\r\n        \n\n<div class=\"wp-block-columns is-layout-flex wp-container-core-columns-is-layout-9d6595d7 wp-block-columns-is-layout-flex\">\n<div class=\"wp-block-column is-layout-flow wp-block-column-is-layout-flow\">\n<h2 class=\"ls__heading wp-block-heading has-text-align-center no-animation\"><strong>Dormir en plena naturaleza:<\/strong> mobil-homes, lodges y alojamientos con todas las comodidades<\/h2>\n\n\n\n<p class=\"ls-paragraph\">\u00bfLe apetece alojarse en plena naturaleza sin renunciar al confort? En nuestro <strong>camping cerca de Ayguesvives,<\/strong> descubra una variada oferta de alojamientos, adaptados a todos los gustos y presupuestos. <\/p>\n\n\n\n<p class=\"ls-paragraph\">Para unas vacaciones tranquilas, elija el alquiler de una <a href=\"https:\/\/www.campinglesviolettes.com\/es\/ubicacion-movil-home-toulouse\/\">casa m\u00f3vil en Haute-Garonne<\/a>. Dise\u00f1ados para alojar <strong>hasta 6 personas, <\/strong>nuestros alojamientos est\u00e1n equipados con una terraza cubierta o semicubierta, muebles de jard\u00edn, una plancha para sus comidas al aire libre y una cocina funcional con nevera, microondas, fogones de gas y cafetera. Para un m\u00e1ximo confort, cada mobil-home dispone tambi\u00e9n de televisi\u00f3n, y hay un modelo adaptado para personas con movilidad reducida.  <\/p>\n\n\n\n<p class=\"ls-paragraph has-text-align-center\">\u00bfLe apetece <strong>una estancia m\u00e1s aut\u00e9ntica?<\/strong> Nuestras caba\u00f1as de lona, disponibles con o sin cuarto de ba\u00f1o, le permiten sumergirse en plena naturaleza sin renunciar a las comodidades esenciales. Amplias y acogedoras, tienen capacidad para hasta 6 personas, por lo que son ideales para compartir un momento agradable en familia o con amigos.  <\/p>\n<\/div>\n\n\n\n<div class=\"wp-block-column is-vertically-aligned-center is-layout-flow wp-block-column-is-layout-flow\">\n<figure class=\"wp-block-gallery has-nested-images columns-default is-cropped wp-block-gallery-2 is-layout-flex wp-block-gallery-is-layout-flex\">\n<figure class=\"wp-block-image size-full\"><img decoding=\"async\" width=\"1920\" height=\"2560\" data-id=\"5601\" src=\"https:\/\/www.campinglesviolettes.com\/wp-content\/uploads\/2025\/11\/IMG_3677-1-scaled.jpg\" alt=\"IMG 3677 (1)\" class=\"wp-image-5601\" srcset=\"https:\/\/www.campinglesviolettes.com\/wp-content\/uploads\/2025\/11\/IMG_3677-1-scaled.jpg 1920w, https:\/\/www.campinglesviolettes.com\/wp-content\/uploads\/2025\/11\/IMG_3677-1-225x300.jpg 225w, https:\/\/www.campinglesviolettes.com\/wp-content\/uploads\/2025\/11\/IMG_3677-1-768x1024.jpg 768w, https:\/\/www.campinglesviolettes.com\/wp-content\/uploads\/2025\/11\/IMG_3677-1-1152x1536.jpg 1152w, https:\/\/www.campinglesviolettes.com\/wp-content\/uploads\/2025\/11\/IMG_3677-1-1536x2048.jpg 1536w\" sizes=\"(max-width: 1920px) 100vw, 1920px\" \/><\/figure>\n<\/figure>\n<\/div>\n\n\n\n<div class=\"wp-block-column is-vertically-aligned-center is-layout-flow wp-block-column-is-layout-flow\">\n<figure class=\"wp-block-image size-full\"><img decoding=\"async\" width=\"2560\" height=\"1707\" src=\"https:\/\/www.campinglesviolettes.com\/wp-content\/uploads\/2025\/11\/tente-lodge-sans-sanitaire-scaled.jpg\" alt=\"tienda lodge sin ba&#xF1;o\" class=\"wp-image-5542\" style=\"aspect-ratio:1;object-fit:contain\" srcset=\"https:\/\/www.campinglesviolettes.com\/wp-content\/uploads\/2025\/11\/tente-lodge-sans-sanitaire-scaled.jpg 2560w, https:\/\/www.campinglesviolettes.com\/wp-content\/uploads\/2025\/11\/tente-lodge-sans-sanitaire-300x200.jpg 300w, https:\/\/www.campinglesviolettes.com\/wp-content\/uploads\/2025\/11\/tente-lodge-sans-sanitaire-1024x683.jpg 1024w, https:\/\/www.campinglesviolettes.com\/wp-content\/uploads\/2025\/11\/tente-lodge-sans-sanitaire-768x512.jpg 768w, https:\/\/www.campinglesviolettes.com\/wp-content\/uploads\/2025\/11\/tente-lodge-sans-sanitaire-1536x1024.jpg 1536w, https:\/\/www.campinglesviolettes.com\/wp-content\/uploads\/2025\/11\/tente-lodge-sans-sanitaire-2048x1365.jpg 2048w\" sizes=\"(max-width: 2560px) 100vw, 2560px\" \/><\/figure>\n\n\n\n<figure class=\"wp-block-image size-full is-style-default\"><img decoding=\"async\" width=\"1920\" height=\"2560\" src=\"https:\/\/www.campinglesviolettes.com\/wp-content\/uploads\/2025\/11\/IMG_2411-scaled.jpg\" alt=\"IMG 2411\" class=\"wp-image-5607\" style=\"aspect-ratio:3\/2;object-fit:cover\" srcset=\"https:\/\/www.campinglesviolettes.com\/wp-content\/uploads\/2025\/11\/IMG_2411-scaled.jpg 1920w, https:\/\/www.campinglesviolettes.com\/wp-content\/uploads\/2025\/11\/IMG_2411-225x300.jpg 225w, https:\/\/www.campinglesviolettes.com\/wp-content\/uploads\/2025\/11\/IMG_2411-768x1024.jpg 768w, https:\/\/www.campinglesviolettes.com\/wp-content\/uploads\/2025\/11\/IMG_2411-1152x1536.jpg 1152w, https:\/\/www.campinglesviolettes.com\/wp-content\/uploads\/2025\/11\/IMG_2411-1536x2048.jpg 1536w\" sizes=\"(max-width: 1920px) 100vw, 1920px\" \/><\/figure>\n<\/div>\n<\/div>\n\n\n\n\n\n<div class=\"wp-block-columns is-layout-flex wp-container-core-columns-is-layout-9d6595d7 wp-block-columns-is-layout-flex\">\n<div class=\"wp-block-column is-layout-flow wp-block-column-is-layout-flow\">\n<div class=\"wp-block-columns are-vertically-aligned-center is-layout-flex wp-container-core-columns-is-layout-9d6595d7 wp-block-columns-is-layout-flex\">\n<div class=\"wp-block-column is-vertically-aligned-center is-layout-flow wp-block-column-is-layout-flow\" style=\"flex-basis:60%\"><div class=\"wp-block-image violettes-piscine\">\n<figure class=\"alignright size-full\"><a href=\"https:\/\/www.campinglesviolettes.com\/wp-content\/uploads\/2025\/04\/IMG_2951-1-scaled.jpg\"><img decoding=\"async\" width=\"2560\" height=\"1619\" src=\"https:\/\/www.campinglesviolettes.com\/wp-content\/uploads\/2025\/04\/IMG_2951-1-scaled.jpg\" alt=\"IMG 2951 (1)\" class=\"wp-image-3708\" srcset=\"https:\/\/www.campinglesviolettes.com\/wp-content\/uploads\/2025\/04\/IMG_2951-1-scaled.jpg 2560w, https:\/\/www.campinglesviolettes.com\/wp-content\/uploads\/2025\/04\/IMG_2951-1-300x190.jpg 300w, https:\/\/www.campinglesviolettes.com\/wp-content\/uploads\/2025\/04\/IMG_2951-1-1024x648.jpg 1024w, https:\/\/www.campinglesviolettes.com\/wp-content\/uploads\/2025\/04\/IMG_2951-1-768x486.jpg 768w, https:\/\/www.campinglesviolettes.com\/wp-content\/uploads\/2025\/04\/IMG_2951-1-1536x972.jpg 1536w, https:\/\/www.campinglesviolettes.com\/wp-content\/uploads\/2025\/04\/IMG_2951-1-2048x1296.jpg 2048w\" sizes=\"(max-width: 2560px) 100vw, 2560px\" \/><\/a><\/figure>\n<\/div><\/div>\n\n\n\n<div class=\"wp-block-column is-vertically-aligned-center is-layout-flow wp-block-column-is-layout-flow\" style=\"flex-basis:40%\">\n<h2 class=\"ls__heading wp-block-heading no-animation\">Parcelas y chal\u00e9s en plena naturaleza cerca de Toulouse<\/h2>\n\n\n\n<p class=\"ls-paragraph\">Ya sea en tienda de campa\u00f1a, caravana o autocaravana, nuestro <strong>camping cerca de Ayguesvives<\/strong> le ofrece parcelas sombreadas de entre 80 y 120 m\u00b2, equipadas con una conexi\u00f3n el\u00e9ctrica de 10 A. Tambi\u00e9n hay una zona espec\u00edfica para excursionistas y ciclistas de paso, en particular los que recorren la ruta ciclista del Canal des 2 Mers. <\/p>\n\n\n\n<p class=\"ls-paragraph\">Para su comodidad, en nuestro <a href=\"https:\/\/www.campinglesviolettes.com\/es\/camping-bicicleta-toulouse\/\">camping para cicloturistas en Toulouse<\/a> encontrar\u00e1 instalaciones <strong>sanitarias recientes<\/strong> con duchas de agua caliente, lavabos, aseos, lavaderos y fregaderos, una <strong>zona de vaciado<\/strong> para autocaravanas y una estaci\u00f3n de recarga para veh\u00edculos el\u00e9ctricos. <\/p>\n<\/div>\n<\/div>\n<\/div>\n<\/div>\n\n\r\n    <\/div>\r\n<\/section><section id=\"ls-section-block_703db91a461efd1ece29a5dff1b1ddf0\" class=\"ls-section  home-eighth animated fadeIn slow\" >\r\n        <div class=\"container container--wide\">\r\n        \n\n<h2 class=\"ls__heading wp-block-heading has-text-align-center no-animation\">Descubra <strong>nuestras noticias<\/strong><\/h2>\n\n\n<ul class=\"post-list\"><a href=\"https:\/\/www.campinglesviolettes.com\/es\/sin-categorizar\/nuestras-novedades\/\" class=\"post-item \"><div class=\"post-img\"><img decoding=\"async\" src=\"https:\/\/www.campinglesviolettes.com\/wp-content\/uploads\/2025\/11\/IMG_1481-1024x768.jpg\" class=\"attachment-post-thumbnail size-post-thumbnail wp-post-image\" alt=\"IMG 1481\"><\/div><div class=\"post-detail\">\u00a1Nuestras novedades!<div class=\"post-readmore\">Seguir leyendo +<\/div><\/div><\/a><a href=\"https:\/\/www.campinglesviolettes.com\/es\/sin-categorizar\/basilica-de-san-sernin\/\" class=\"post-item \"><div class=\"post-img\"><img decoding=\"async\" src=\"https:\/\/www.campinglesviolettes.com\/wp-content\/uploads\/2025\/11\/Cloitre_\u00a9Couvent-des-Jacobins-1.jpg\" class=\"attachment-post-thumbnail size-post-thumbnail wp-post-image\" alt=\"\"><\/div><div class=\"post-detail\">Bas\u00edlica de San Sern\u00edn en Toulouse: visita...<div class=\"post-readmore\">Seguir leyendo +<\/div><\/div><\/a><a href=\"https:\/\/www.campinglesviolettes.com\/es\/sin-categorizar\/nuestras-actividades\/\" class=\"post-item \"><div class=\"post-img\"><img decoding=\"async\" src=\"https:\/\/www.campinglesviolettes.com\/wp-content\/uploads\/2023\/11\/violettes-9.jpg\" class=\"attachment-post-thumbnail size-post-thumbnail wp-post-image\" alt=\"violettes 9\"><\/div><div class=\"post-detail\">La temporada 2025<div class=\"post-readmore\">Seguir leyendo +<\/div><\/div><\/a><\/ul>\n\n\r\n    <\/div>\r\n<\/section>\n<div style=\"height:100px\" aria-hidden=\"true\" class=\"wp-block-spacer\"><\/div>\n<section id=\"ls-section-block_eed105f5460cdb6a0ba090dd6cb2203d\" class=\"ls-section  home-second\" >\r\n        <div class=\"container container--wide\">\r\n        \n\n<div class=\"wp-block-columns are-vertically-aligned-center atout-container is-layout-flex wp-container-core-columns-is-layout-9d6595d7 wp-block-columns-is-layout-flex\">\n<div class=\"wp-block-column is-vertically-aligned-center bloc-atouts is-layout-flow wp-block-column-is-layout-flow\" style=\"flex-basis:66.66%\">\n<div class=\"wp-block-columns atouts is-layout-flex wp-container-core-columns-is-layout-9d6595d7 wp-block-columns-is-layout-flex\">\n<div class=\"wp-block-column is-layout-flow wp-block-column-is-layout-flow\">\n<span class=\"violettes-open\"><\/span>\n\n\n\n<p class=\"ls-paragraph\">Abierto todo el a\u00f1o<\/p>\n<\/div>\n\n\n\n<div class=\"wp-block-column is-layout-flow wp-block-column-is-layout-flow\">\n<span class=\"violettes-slider\"><\/span>\n\n\n\n<p class=\"ls-paragraph\">Parque acu\u00e1tico<br\/> y parque de juegos<\/p>\n<\/div>\n<\/div>\n\n\n\n<div class=\"wp-block-columns atouts is-layout-flex wp-container-core-columns-is-layout-9d6595d7 wp-block-columns-is-layout-flex\">\n<div class=\"wp-block-column is-layout-flow wp-block-column-is-layout-flow\">\n<span class=\"violettes-famille\"><\/span>\n\n\n\n<p class=\"ls-paragraph\">Camping familiar<br\/>a escala humana<\/p>\n<\/div>\n\n\n\n<div class=\"wp-block-column is-layout-flow wp-block-column-is-layout-flow\">\n<span class=\"violettes-mobilhome\"><\/span>\n\n\n\n<p class=\"ls-paragraph\">Diversidad de alojamiento<\/p>\n<\/div>\n<\/div>\n\n\n\n<div class=\"wp-block-columns atouts is-layout-flex wp-container-core-columns-is-layout-9d6595d7 wp-block-columns-is-layout-flex\">\n<div class=\"wp-block-column is-layout-flow wp-block-column-is-layout-flow\">\n<span class=\"violettes-feuille\"><\/span>\n\n\n\n<p class=\"ls-paragraph\">A 800M del Canal du<br\/>Midi, entorno verde<\/p>\n<\/div>\n\n\n\n<div class=\"wp-block-column is-layout-flow wp-block-column-is-layout-flow\">\n<span class=\"violettes-microphone\"><\/span>\n\n\n\n<p class=\"ls-paragraph\">En temporada, animaci\u00f3n familiar<br\/>por las tardes<\/p>\n<\/div>\n<\/div>\n\n\n\n<div class=\"wp-block-columns atouts is-layout-flex wp-container-core-columns-is-layout-9d6595d7 wp-block-columns-is-layout-flex\">\n<div class=\"wp-block-column is-layout-flow wp-block-column-is-layout-flow\">\n<span class=\"violettes-binoculaire\"><\/span>\n\n\n\n<p class=\"ls-paragraph\">Inicio de las actividades<\/p>\n<\/div>\n\n\n\n<div class=\"wp-block-column is-layout-flow wp-block-column-is-layout-flow\">\n<span class=\"violettes-climatisation\"><\/span>\n\n\n\n<p class=\"ls-paragraph\">Comfort mobile homes<br\/>&amp; aire acondicionado<\/p>\n<\/div>\n<\/div>\n<\/div>\n\n\n\n<div class=\"wp-block-column is-vertically-aligned-center is-layout-flow wp-block-column-is-layout-flow\" style=\"flex-basis:33.33%\">\n<h2 class=\"ls__heading wp-block-heading no-animation\">\u00bfPor qu\u00e9 alojarse en nuestro camping cerca de Ayguesvives?<\/h2>\n\n\n\n<p class=\"ls-paragraph\">Elegir nuestro <a href=\"https:\/\/www.campinglesviolettes.com\/es\/camping-familiar-toulouse\/\">camping familiar en Toulouse<\/a> es optar por unas vacaciones sencillas, naturales y aut\u00e9nticas, a solo 15 minutos del centro de la ciudad. Son muchas las ventajas que hacen de nuestro establecimiento un lugar \u00fanico. <\/p>\n\n\n\n<p class=\"ls-paragraph\"><strong>Un ambiente familiar y aut\u00e9ntico:<\/strong> lejos del ruido y del turismo de masas, nuestro camping apuesta por la tranquilidad, la cordialidad y los encuentros sencillos. Un entorno propicio para el descanso y la relajaci\u00f3n, donde uno se siente realmente bien. <\/p>\n\n\n\n<p class=\"ls-paragraph\"><strong>Una ubicaci\u00f3n ideal cerca del Canal del Mediod\u00eda: <\/strong>a solo 800 metros del carril bici, nuestro camping est\u00e1 perfectamente situado para dar paseos, hacer excursiones en bicicleta o escapadas fluviales. Toulouse se encuentra a pocos minutos. <\/p>\n\n\n\n<p class=\"ls-paragraph\"><strong>Una c\u00e1lida bienvenida y servicios de 3 estrellas: <\/strong>le recibimos por su nombre, con una sonrisa. Las instalaciones sanitarias est\u00e1n impecables, los alojamientos son c\u00f3modos y las parcelas est\u00e1n bien equipadas para una estancia sin preocupaciones. <\/p>\n<\/div>\n<\/div>\n\n\r\n    <\/div>\r\n<\/section><section id=\"ls-section-block_8651960f636262d97d6c4e77461d4552\" class=\"ls-section  home-third has-m-b m-b-0 has-p-b p-b-0\" >\r\n        <div class=\"container container--wide\">\r\n        \n\n<h2 class=\"ls__heading wp-block-heading has-text-align-center no-animation\">Actividades y animaciones en nuestro camping cerca de Ayguesvives<\/h2>\n\n\n\n<p class=\"ls-paragraph has-text-align-center\">En nuestro<strong> camping cerca de Rieux-Volvestre<\/strong>, las vacaciones se disfrutan en un ambiente relajado, acogedor y din\u00e1mico. Cada d\u00eda es una oportunidad para compartir momentos felices con la familia o los amigos. Aqu\u00ed tienes un resumen de las actividades que se ofrecen en el camping:  <\/p>\n\n\n\n<p class=\"ls-paragraph has-text-align-center\"><strong>Material disponible en recepci\u00f3n:<\/strong> raquetas, pelotas, juegos de mesa o de exterior se prestan gratuitamente a cambio de un simple dep\u00f3sito.<br\/><\/p>\n\n\n\n<ul class=\"ls-list ls-list-undefined wp-block-list\">\n<li><strong>Fiestas tem\u00e1ticas en temporada alta:<\/strong> todas las noches de la semana, es hora de divertirse con karaokes, concursos musicales, minidisco animada por la mascota Lapinou&#8230; Una programaci\u00f3n familiar que gusta a todas las edades.<\/li>\n<\/ul>\n\n\n\n<ul class=\"ls-list ls-list-undefined wp-block-list\">\n<li><strong>Infraestructuras deportivas accesibles para todos:<\/strong> pista polideportiva para f\u00fatbol y baloncesto, zona de fitness al aire libre, cama el\u00e1stica, mesas de ping-pong y pistas de petanca.<\/li>\n<\/ul>\n\n\n\n<ul class=\"ls-list ls-list-undefined wp-block-list\">\n<li><strong>Actividades al aire libre: <\/strong>futbol\u00edn, juegos libres, torneos amistosos&#8230; Todo lo necesario para moverse, re\u00edr y compartir momentos sencillos.<\/li>\n<\/ul>\n\n\n\n<ul class=\"ls-list ls-list-undefined wp-block-list\">\n<li>\u00c1rea de juegos para ni\u00f1os: columpios, toboganes, trampol\u00edn, tiovivo&#8230; Un espacio seguro y l\u00fadico para los m\u00e1s peque\u00f1os.<\/li>\n<\/ul>\n\n\n\n<div class=\"wp-block-columns grid-vacances is-layout-flex wp-container-core-columns-is-layout-9d6595d7 wp-block-columns-is-layout-flex\">\n<div class=\"wp-block-column is-layout-flow wp-block-column-is-layout-flow\">\n<figure class=\"wp-block-image size-full is-resized image-tennis\"><a href=\"https:\/\/www.campinglesviolettes.com\/wp-content\/uploads\/2025\/04\/velo.jpg\"><img decoding=\"async\" width=\"604\" height=\"730\" src=\"https:\/\/www.campinglesviolettes.com\/wp-content\/uploads\/2025\/04\/velo.jpg\" alt=\"bibicletas\" class=\"wp-image-3585\" style=\"aspect-ratio:1;object-fit:cover;width:251px;height:auto\" srcset=\"https:\/\/www.campinglesviolettes.com\/wp-content\/uploads\/2025\/04\/velo.jpg 604w, https:\/\/www.campinglesviolettes.com\/wp-content\/uploads\/2025\/04\/velo-248x300.jpg 248w\" sizes=\"(max-width: 604px) 100vw, 604px\" \/><\/a><\/figure>\n\n\n\n<div id=\"ls-heading ls-titre-div-block_222a987540222d1ce49302c151da32fe\" class=\"ls-titre-div alignleft h2-like\" >\n    <\/span> Por todos <\/span>: <em>sport, juegos, eventos<\/em><\/div>\n\n\n\n<figure class=\"wp-block-image size-full is-resized image-palette\"><a href=\"https:\/\/www.campinglesviolettes.com\/wp-content\/uploads\/2025\/11\/IMG_1481-1.jpg\"><img decoding=\"async\" width=\"1432\" height=\"1074\" src=\"https:\/\/www.campinglesviolettes.com\/wp-content\/uploads\/2025\/11\/IMG_1481-1.jpg\" alt=\"IMG 1481\" class=\"wp-image-5573\" style=\"aspect-ratio:1.488;object-fit:cover;width:744px;height:auto\" srcset=\"https:\/\/www.campinglesviolettes.com\/wp-content\/uploads\/2025\/11\/IMG_1481-1.jpg 1432w, https:\/\/www.campinglesviolettes.com\/wp-content\/uploads\/2025\/11\/IMG_1481-1-300x225.jpg 300w, https:\/\/www.campinglesviolettes.com\/wp-content\/uploads\/2025\/11\/IMG_1481-1-1024x768.jpg 1024w, https:\/\/www.campinglesviolettes.com\/wp-content\/uploads\/2025\/11\/IMG_1481-1-768x576.jpg 768w\" sizes=\"(max-width: 1432px) 100vw, 1432px\" \/><\/a><\/figure>\n\n\n\n<figure class=\"wp-block-image size-full is-resized image-canal\"><a href=\"https:\/\/www.campinglesviolettes.com\/wp-content\/uploads\/2025\/11\/IMG_1498.jpg\"><img decoding=\"async\" width=\"1080\" height=\"1440\" src=\"https:\/\/www.campinglesviolettes.com\/wp-content\/uploads\/2025\/11\/IMG_1498.jpg\" alt=\"IMG 1498\" class=\"wp-image-5564\" style=\"aspect-ratio:1;object-fit:cover;width:258px;height:auto\" srcset=\"https:\/\/www.campinglesviolettes.com\/wp-content\/uploads\/2025\/11\/IMG_1498.jpg 1080w, https:\/\/www.campinglesviolettes.com\/wp-content\/uploads\/2025\/11\/IMG_1498-225x300.jpg 225w, https:\/\/www.campinglesviolettes.com\/wp-content\/uploads\/2025\/11\/IMG_1498-768x1024.jpg 768w\" sizes=\"(max-width: 1080px) 100vw, 1080px\" \/><\/a><\/figure>\n\n\n\n<figure class=\"wp-block-image size-full is-resized image-animation\"><a href=\"https:\/\/www.campinglesviolettes.com\/wp-content\/uploads\/2025\/04\/IMG_1412.jpg\"><img decoding=\"async\" width=\"1080\" height=\"1440\" src=\"https:\/\/www.campinglesviolettes.com\/wp-content\/uploads\/2025\/04\/IMG_1412.jpg\" alt=\"IMG 1412\" class=\"wp-image-3576\" style=\"aspect-ratio:1;object-fit:cover;width:259px;height:auto\" srcset=\"https:\/\/www.campinglesviolettes.com\/wp-content\/uploads\/2025\/04\/IMG_1412.jpg 1080w, https:\/\/www.campinglesviolettes.com\/wp-content\/uploads\/2025\/04\/IMG_1412-225x300.jpg 225w, https:\/\/www.campinglesviolettes.com\/wp-content\/uploads\/2025\/04\/IMG_1412-768x1024.jpg 768w\" sizes=\"(max-width: 1080px) 100vw, 1080px\" \/><\/a><\/figure>\n\n\n\n<figure class=\"wp-block-image size-full is-resized image-velo-tente\"><a href=\"https:\/\/www.campinglesviolettes.com\/wp-content\/uploads\/2025\/11\/IMG_1497.jpg\"><img decoding=\"async\" width=\"1080\" height=\"1440\" src=\"https:\/\/www.campinglesviolettes.com\/wp-content\/uploads\/2025\/11\/IMG_1497.jpg\" alt=\"IMG 1497\" class=\"wp-image-5570\" style=\"aspect-ratio:1;object-fit:cover;width:263px;height:auto\" srcset=\"https:\/\/www.campinglesviolettes.com\/wp-content\/uploads\/2025\/11\/IMG_1497.jpg 1080w, https:\/\/www.campinglesviolettes.com\/wp-content\/uploads\/2025\/11\/IMG_1497-225x300.jpg 225w, https:\/\/www.campinglesviolettes.com\/wp-content\/uploads\/2025\/11\/IMG_1497-768x1024.jpg 768w\" sizes=\"(max-width: 1080px) 100vw, 1080px\" \/><\/a><\/figure>\n\n\n\n<figure class=\"wp-block-image size-full is-resized image-loisirs\"><a href=\"https:\/\/www.campinglesviolettes.com\/wp-content\/uploads\/2025\/11\/IMG_1489-1.jpg\"><img decoding=\"async\" width=\"1080\" height=\"1440\" src=\"https:\/\/www.campinglesviolettes.com\/wp-content\/uploads\/2025\/11\/IMG_1489-1.jpg\" alt=\"IMG 1489\" class=\"wp-image-5578\" style=\"aspect-ratio:1;object-fit:cover;width:256px;height:auto\" srcset=\"https:\/\/www.campinglesviolettes.com\/wp-content\/uploads\/2025\/11\/IMG_1489-1.jpg 1080w, https:\/\/www.campinglesviolettes.com\/wp-content\/uploads\/2025\/11\/IMG_1489-1-225x300.jpg 225w, https:\/\/www.campinglesviolettes.com\/wp-content\/uploads\/2025\/11\/IMG_1489-1-768x1024.jpg 768w\" sizes=\"(max-width: 1080px) 100vw, 1080px\" \/><\/a><\/figure>\n<\/div>\n<\/div>\n\n\r\n    <\/div>\r\n<\/section>\r\n<a href=\"https:\/\/www.campinglesviolettes.com\/es\/actividades-haute-garonne\/\" id=\"ls-button-block_02d5d0d0aa34f1817ebbeb8d8eece1f9\" target=\"\" rel=\"\" class=\"ls-button animated backInDown aligncenter\">Actividad &amp; animaci\u00f3n <i class='violettes-fleche'><\/i><\/a><section id=\"ls-section-block_9ffcae00e9cc6b63aa008e29ccb00ac1\" class=\"ls-section  has-m-t m-t-0 has-m-b m-b-0 has-m-l m-l-0 has-m-r m-r-0 has-p-t p-t-0 has-p-b p-b-0 has-p-l p-l-0 has-p-r p-r-0\" >\r\n        <div class=\"container container--wide\">\r\n        \n\n<div class=\"wp-block-columns is-layout-flex wp-container-core-columns-is-layout-9d6595d7 wp-block-columns-is-layout-flex\">\n<div class=\"wp-block-column is-layout-flow wp-block-column-is-layout-flow\">\n<figure class=\"wp-block-image size-full\"><img decoding=\"async\" width=\"800\" height=\"533\" src=\"https:\/\/www.campinglesviolettes.com\/wp-content\/uploads\/2023\/02\/canal-du-midi-camping-les-violettes.jpg\" alt=\"Canal del Mediod&#xED;a Camping Les Violettes\" class=\"wp-image-340\" srcset=\"https:\/\/www.campinglesviolettes.com\/wp-content\/uploads\/2023\/02\/canal-du-midi-camping-les-violettes.jpg 800w, https:\/\/www.campinglesviolettes.com\/wp-content\/uploads\/2023\/02\/canal-du-midi-camping-les-violettes-300x200.jpg 300w, https:\/\/www.campinglesviolettes.com\/wp-content\/uploads\/2023\/02\/canal-du-midi-camping-les-violettes-768x512.jpg 768w\" sizes=\"(max-width: 800px) 100vw, 800px\" \/><\/figure>\n<\/div>\n\n\n\n<div class=\"wp-block-column is-vertically-aligned-center has-color-3-background-color has-background is-layout-flow wp-block-column-is-layout-flow\">\n<h2 class=\"ls__heading wp-block-heading\"><strong>Actividades en los alrededores del camping<\/strong>: naturaleza, patrimonio y Canal del Mediod\u00eda<\/h2>\n\n\n\n<p class=\"ls-paragraph\">Los alrededores de nuestro <strong>camping, situado cerca de Ayguesvives,<\/strong> ofrecen una gran diversidad de paisajes y lugares por descubrir. En solo unos minutos, podr\u00e1 acceder a lugares llenos de encanto e historia: <\/p>\n\n\n\n<ul class=\"ls-list ls-list-undefined wp-block-list\">\n<li><strong>El Canal del Mediod\u00eda est\u00e1 a solo 800 metros<\/strong>: ideal para pasear en bicicleta o a pie, en un entorno tranquilo y sombreado.<\/li>\n\n\n\n<li><strong>Toulouse a 15 minutos<\/strong>: pasee por las callejuelas de la ciudad rosa, descubra sus mercados, sus museos y d\u00e9jese seducir por su gastronom\u00eda local.<\/li>\n\n\n\n<li><strong>El campo alrededor de Deyme<\/strong>: un territorio ondulado, salpicado de pueblos t\u00edpicos y lugares patrimoniales, perfecto para evadirse sin ir muy lejos<br\/>.<\/li>\n\n\n\n<li><strong>Ideas para escapadas de un d\u00eda<\/strong>: descubra Carcasona, Lauragais, Revel o el lago de Saint-Ferr\u00e9ol para variar los placeres.<\/li>\n<\/ul>\n<\/div>\n<\/div>\n\n\n\n<div class=\"wp-block-columns is-layout-flex wp-container-core-columns-is-layout-9d6595d7 wp-block-columns-is-layout-flex\">\n<div class=\"wp-block-column is-vertically-aligned-center is-layout-flow wp-block-column-is-layout-flow\"><\/div>\n<\/div>\n\n\r\n    <\/div>\r\n<\/section><section id=\"ls-section-block_b62b6c3df1ac71061b8644468c44a2d8\" class=\"ls-section  home-fifth has-background has-color-3-background-color\" >\r\n        <div class=\"container container--wide\">\r\n        \n\n<h2 class=\"ls__heading wp-block-heading has-text-align-center\"><strong>Todos los servicios de nuestro camping en Alto Garona<\/strong><\/h2>\n\n\n\n<p class=\"ls-paragraph has-text-align-center\">En nuestro<strong> camping cerca de Ayguesvives,<\/strong> cada detalle est\u00e1 pensado para garantizarle una estancia c\u00f3moda, sencilla y agradable. Nuestros servicios de 3 estrellas se adaptan a las necesidades de todos, tanto familias como viajeros de paso. <br\/><\/p>\n\n\n\n<div class=\"wp-block-columns is-layout-flex wp-container-core-columns-is-layout-9d6595d7 wp-block-columns-is-layout-flex\">\n<div class=\"wp-block-column is-layout-flow wp-block-column-is-layout-flow\">\r\n<div id=\"ls-cta-block_2c15544ea573fcc085e30f770b65184f\" class=\"ls-cta\">  \r\n    \n\n<a href=\"https:\/\/www.campinglesviolettes.com\/es\/camping-familiar-toulouse\/\" target=\"\" rel=\"noopener\" class=\"ls-cta__link\">\n\n\t<div class=\"ls-cta__image\"><img decoding=\"async\" src=\"https:\/\/www.campinglesviolettes.com\/wp-content\/uploads\/2025\/04\/piscine.jpg\" alt=\"Zona acu\u00e1tica para adultos y ni\u00f1os\"><\/div>\n\t<div class=\"ls-cta__title\">\n\t\tLos servicios <i class='prigny-right-arrow'><\/i>\n\t<\/div>\n\n\t\t\n<\/a><\/div><\/div>\n\n\n\n<div class=\"wp-block-column is-layout-flow wp-block-column-is-layout-flow\">\r\n<div id=\"ls-cta-block_02c0c2bc38c7a7dcdede5b2b493a1d74\" class=\"ls-cta\">  \r\n    \n\n<a href=\"https:\/\/www.campinglesviolettes.com\/es\/camping-bicicleta-toulouse\/\" target=\"\" rel=\"noopener\" class=\"ls-cta__link\">\n\n\t<div class=\"ls-cta__image\"><img decoding=\"async\" src=\"https:\/\/www.campinglesviolettes.com\/wp-content\/uploads\/2025\/04\/IMG_4842_1-1-768x1024.jpg\" alt=\"IMG 4842 (1) (1)\"><\/div>\n\t<div class=\"ls-cta__title\">\n\t\tBicicletas <i class='prigny-right-arrow'><\/i>\n\t<\/div>\n\n\t\t\n<\/a><\/div><\/div>\n<\/div>\n\n\n\n<div class=\"wp-block-columns is-layout-flex wp-container-core-columns-is-layout-9d6595d7 wp-block-columns-is-layout-flex\">\n<div class=\"wp-block-column is-layout-flow wp-block-column-is-layout-flow\" style=\"flex-basis:60%\">\r\n<div id=\"ls-cta-block_e029b11085ac8c095552a0a307ee45f5\" class=\"ls-cta\">  \r\n    \n\n<a href=\"https:\/\/www.campinglesviolettes.com\/es\/camping-grupo-toulouse\/\" target=\"\" rel=\"noopener\" class=\"ls-cta__link\">\n\n\t<div class=\"ls-cta__image\"><img decoding=\"async\" src=\"https:\/\/www.campinglesviolettes.com\/wp-content\/uploads\/2023\/08\/IMG-1251-768x1024.jpg\" alt=\"IMG 1251\"><\/div>\n\t<div class=\"ls-cta__title\">\n\t\tGrupos <i class='prigny-right-arrow'><\/i>\n\t<\/div>\n\n\t\t\n<\/a><\/div>\n\n\n<h2 class=\"ls__heading wp-block-heading\"><strong>Ocio, relajaci\u00f3n<\/strong> y comodidad en el d\u00eda a d\u00eda<\/h2>\n\n\n\n<p class=\"ls-paragraph\">Porque las vacaciones tambi\u00e9n est\u00e1n hechas para relajarse, nuestro<a href=\"https:\/\/www.campinglesviolettes.com\/camping-piscine-chauffee-toulouse\/\"> camping con piscina en Toulouse<\/a> le ofrece espacios pensados para el disfrute, el descanso y la convivencia.<\/p>\n\n\n\n<ul class=\"ls-list ls-list-undefined wp-block-list\">\n<li><strong>Una recepci\u00f3n abierta todo el a\u00f1o,<\/strong> con horarios ampliados en temporada alta para atenderle mejor.<\/li>\n<\/ul>\n\n\n\n<ul class=\"ls-list ls-list-undefined wp-block-list\">\n<li>Una piscina exterior con toboganes, parque acu\u00e1tico y tumbonas para toda la familia.<\/li>\n<\/ul>\n\n\n\n<ul class=\"ls-list ls-list-undefined wp-block-list\">\n<li><strong>Una tienda de comestibles<\/strong> que ofrece productos de primera necesidad, especialidades locales y algunos recuerdos.<\/li>\n<\/ul>\n\n\n\n<ul class=\"ls-list ls-list-undefined wp-block-list\">\n<li><strong>Servicio de pan y boller\u00eda reci\u00e9n horneados,<\/strong> que se pueden encargar en temporada media y alta.<\/li>\n<\/ul>\n\n\n\n<ul class=\"ls-list ls-list-undefined wp-block-list\">\n<li><strong>Una zona de descanso<\/strong> accesible las 24 horas del d\u00eda con sala de televisi\u00f3n, libros y rinc\u00f3n de lectura de libre acceso.<\/li>\n<\/ul>\n\n\n\n<ul class=\"ls-list ls-list-undefined wp-block-list\">\n<li>Una lavander\u00eda completa con lavadora, secadora, tabla de planchar y plancha.<\/li>\n<\/ul>\n<\/div>\n\n\n\n<div class=\"wp-block-column paragraphe-service is-layout-flow wp-block-column-is-layout-flow\" style=\"flex-basis:40%\">\n<h3 class=\"ls__heading wp-block-heading no-animation\">Servicios pr\u00e1cticos para una estancia sin preocupaciones<\/h3>\n\n\n\n<p class=\"ls-paragraph\">Hacemos todo lo posible para simplificar su d\u00eda a d\u00eda, ahorrarle tiempo y permitirle disfrutar plenamente de sus vacaciones.<\/p>\n\n\n\n<ul class=\"ls-list ls-list-undefined wp-block-list\">\n<li>Una bienvenida personalizada: siempre en un ambiente c\u00e1lido y familiar, con un equipo a su disposici\u00f3n durante todo el a\u00f1o.<\/li>\n\n\n\n<li><strong>Equipamiento adaptado<\/strong>: alquiler de kits para beb\u00e9s, s\u00e1banas, toallas o neveras (con suplemento), pr\u00e9stamo de juegos, libros, raquetas, etc., bajo simple solicitud y previo dep\u00f3sito de una fianza.<\/li>\n\n\n\n<li><strong>Se admiten animales: <\/strong>en las parcelas y en algunos alojamientos (excepto en las casas m\u00f3viles), con suplemento.<\/li>\n\n\n\n<li><strong>Servicios para cicloturistas:<\/strong> adaptados a las necesidades de los viajeros en bicicleta, para una parada c\u00f3moda y pr\u00e1ctica.<\/li>\n\n\n\n<li><strong>Todas las parcelas est\u00e1n equipadas<\/strong> con conexi\u00f3n el\u00e9ctrica, toma de agua y acceso a todos los servicios del camping.<\/li>\n<\/ul>\n\n\n\n<div id=\"ls-heading ls-titre-div-block_fddbe9a9ed2b4b597afc0eb4839a5659\" class=\"ls-titre-div no-animation h2-like\" >\n    <span> Bienvenido a nuestro camping cerca del Canal du Midi <\/span><\/div>\n<\/div>\n<\/div>\n\n\r\n    <\/div>\r\n<\/section><section id=\"ls-section-block_ea90d1e8c8266a91b10c953d02c94f4a\" class=\"ls-section  home-seventh\" >\r\n        <div class=\"container container--wide\">\r\n        \n\n<div class=\"wp-block-columns is-layout-flex wp-container-core-columns-is-layout-9d6595d7 wp-block-columns-is-layout-flex\">\n<div class=\"wp-block-column is-vertically-aligned-stretch is-layout-flow wp-block-column-is-layout-flow\" style=\"flex-basis:66.66%\"><div class=\"wp-block-image image-toulouse animated bounceIn slow\">\n<figure class=\"aligncenter size-full\"><a href=\"https:\/\/www.campinglesviolettes.com\/wp-content\/uploads\/2023\/03\/camping-proche-toulouse.webp\"><img decoding=\"async\" width=\"700\" height=\"844\" src=\"https:\/\/www.campinglesviolettes.com\/wp-content\/uploads\/2023\/03\/camping-proche-toulouse.webp\" alt=\"camping cerca toulouse\" class=\"wp-image-676\" srcset=\"https:\/\/www.campinglesviolettes.com\/wp-content\/uploads\/2023\/03\/camping-proche-toulouse.webp 700w, https:\/\/www.campinglesviolettes.com\/wp-content\/uploads\/2023\/03\/camping-proche-toulouse-249x300.webp 249w\" sizes=\"(max-width: 700px) 100vw, 700px\" \/><\/a><\/figure>\n<\/div>\n\n<div class=\"wp-block-image animated fadeIn\">\n<figure class=\"aligncenter size-full\"><img decoding=\"async\" width=\"338\" height=\"277\" src=\"https:\/\/www.campinglesviolettes.com\/wp-content\/uploads\/2023\/02\/logo-couleur-camping-les-violettes.png\" alt=\"Camping les Violettes toulouse\" class=\"wp-image-302\" srcset=\"https:\/\/www.campinglesviolettes.com\/wp-content\/uploads\/2023\/02\/logo-couleur-camping-les-violettes.png 338w, https:\/\/www.campinglesviolettes.com\/wp-content\/uploads\/2023\/02\/logo-couleur-camping-les-violettes-300x246.png 300w\" sizes=\"(max-width: 338px) 100vw, 338px\" \/><\/figure>\n<\/div><\/div>\n\n\n\n<div class=\"wp-block-column is-vertically-aligned-center is-layout-flow wp-block-column-is-layout-flow\" style=\"flex-basis:33.33%\">\n<h2 class=\"ls__heading wp-block-heading no-animation\"><strong>Vacaciones cerca de Toulouse y el Canal du Midi<\/strong><\/h2>\n\n\n\n<p class=\"ls-paragraph\">Nuestro <strong>camping cerca de Ayguesvives <\/strong>es el punto de partida ideal para descubrir el suroeste franc\u00e9s, entre naturaleza, patrimonio y estilo de vida relajado. A solo 15 minutos, Toulouse le invita a pasear por sus animadas callejuelas, visitar la Cit\u00e9 de l&#8217;Espace o degustar su gastronom\u00eda en un ambiente acogedor y t\u00edpicamente occitano. <\/p>\n\n\n\n<p class=\"ls-paragraph\">A 800 metros del camping, el Canal du Midi le espera para disfrutar de agradables paseos a pie o en bicicleta, entre esclusas, barcazas y orillas sombreadas. Este tesoro declarado Patrimonio de la Humanidad por la UNESCO es perfecto para disfrutar de un tranquilo descanso junto al agua. <\/p>\n\n\n\n<p class=\"ls-paragraph\">De f\u00e1cil acceso, nuestro<strong> camping cerca de<\/strong> <strong>Ayguesvives<\/strong> se encuentra cerca de Lab\u00e8ge, de la A61 y a una hora de Carcasona. Revel y el lago de Saint-Ferr\u00e9ol tambi\u00e9n est\u00e1n muy cerca. <\/p>\n\n\n\n<p class=\"ls-paragraph\">\u00bfLe apetece disfrutar de la naturaleza, el confort y el buen ambiente? Reserve su estancia en nuestro <strong>camping de 3 estrellas en Haute-Garonne. <\/strong>Piscina, alojamientos con todas las comodidades, ambiente familiar: todo lo necesario para unas vacaciones perfectas cerca de Toulouse y del Canal del Mediod\u00eda.  <\/p>\n<\/div>\n<\/div>\n\n\n\n<div class=\"wp-block-columns decouvrir-region is-layout-flex wp-container-core-columns-is-layout-9d6595d7 wp-block-columns-is-layout-flex\">\n<div class=\"wp-block-column is-vertically-aligned-center no-animation has-color-3-background-color has-background is-layout-flow wp-block-column-is-layout-flow\" style=\"flex-basis:33.33%\">\n<h2 class=\"ls__heading wp-block-heading no-animation\">escubrir<\/h2>\n\n\n<div class=\"wp-block-image image-alentours-toulouse\">\n<figure class=\"alignright size-full\"><img decoding=\"async\" width=\"702\" height=\"590\" src=\"https:\/\/www.campinglesviolettes.com\/wp-content\/uploads\/2023\/02\/carte-alentour-toulouse-camping-les-violettes.png\" alt=\"Mapa\" class=\"wp-image-477\" srcset=\"https:\/\/www.campinglesviolettes.com\/wp-content\/uploads\/2023\/02\/carte-alentour-toulouse-camping-les-violettes.png 702w, https:\/\/www.campinglesviolettes.com\/wp-content\/uploads\/2023\/02\/carte-alentour-toulouse-camping-les-violettes-300x252.png 300w\" sizes=\"(max-width: 702px) 100vw, 702px\" \/><\/figure>\n<\/div><\/div>\n\n\n\n<div class=\"wp-block-column bloc-tourisme is-layout-flow wp-block-column-is-layout-flow\" style=\"flex-basis:66.66%\">\r\n<div id=\"ls-cta-block_790233d18ed861dfcf5a2de8a60cf7d0\" class=\"ls-cta animated fadeIn slow alentour-1\">  \r\n    \n\n<a href=\"https:\/\/www.campinglesviolettes.com\/es\/turismo-toulouse\/\" target=\"\" rel=\"noopener\" class=\"ls-cta__link\">\n\n\t<div class=\"ls-cta__image\"><img decoding=\"async\" src=\"https:\/\/www.campinglesviolettes.com\/wp-content\/uploads\/2023\/02\/toulouse-camping-les-violettes-768x768.jpg\" alt=\"Toulouse Camping les Violettes\"><\/div>\n\t<div class=\"ls-cta__title\">\n\t\t1 <i class='prigny-right-arrow'><\/i>\n\t<\/div>\n\n\t\t\t<div class=\"ls-cta__description\">\n\t\t\tToulouse\t\t\n\t\t<\/div>\n\t\t\n<\/a><\/div>\n\n\r\n<div id=\"ls-cta-block_b334bc938768ae75b3ad1926f76d9017\" class=\"ls-cta animated fadeIn delay-100ms slow alentour-2\">  \r\n    \n\n<a href=\"https:\/\/www.campinglesviolettes.com\/es\/turismo-albi\/\" target=\"\" rel=\"noopener\" class=\"ls-cta__link\">\n\n\t<div class=\"ls-cta__image\"><img decoding=\"async\" src=\"https:\/\/www.campinglesviolettes.com\/wp-content\/uploads\/2023\/02\/maeva-vigier-0M5wU-g1uik-unsplash-1.jpg\" alt=\"Albi Camping les Violettes\"><\/div>\n\t<div class=\"ls-cta__title\">\n\t\t2 <i class='prigny-right-arrow'><\/i>\n\t<\/div>\n\n\t\t\t<div class=\"ls-cta__description\">\n\t\t\tAlbi\t\t\n\t\t<\/div>\n\t\t\n<\/a><\/div>\n\n\r\n<div id=\"ls-cta-block_0e527a3b5ddef67a7ed7c64618a9c4eb\" class=\"ls-cta animated fadeIn delay-200ms slow alentour-3\">  \r\n    \n\n<a href=\"https:\/\/www.campinglesviolettes.com\/tourisme-cite-espace\/\" target=\"\" rel=\"noopener\" class=\"ls-cta__link\">\n\n\t<div class=\"ls-cta__image\"><img decoding=\"async\" src=\"https:\/\/www.campinglesviolettes.com\/wp-content\/uploads\/2023\/02\/cite-espace-toulouse-camping-les-violettes-768x489.jpg\" alt=\"Cit\u00e9 de l'Espace Toulouse Camping les Violettes\"><\/div>\n\t<div class=\"ls-cta__title\">\n\t\t3 <i class='prigny-right-arrow'><\/i>\n\t<\/div>\n\n\t\t\t<div class=\"ls-cta__description\">\n\t\t\tCit\u00e9 de l&#8217;espace\t\t\n\t\t<\/div>\n\t\t\n<\/a><\/div>\n\n\r\n<div id=\"ls-cta-block_c151e4b5ca818f0c09d16f1742a6b9d7\" class=\"ls-cta animated fadeIn slow alentour-4\">  \r\n    \n\n<a href=\"https:\/\/www.campinglesviolettes.com\/tourisme-canal-midi\/\" target=\"\" rel=\"noopener\" class=\"ls-cta__link\">\n\n\t<div class=\"ls-cta__image\"><img decoding=\"async\" src=\"https:\/\/www.campinglesviolettes.com\/wp-content\/uploads\/2023\/02\/camping-canal-du-midi-camping-les-violettes.jpg\" alt=\"Camping Canal du Midi Camping les Violettes\"><\/div>\n\t<div class=\"ls-cta__title\">\n\t\t4 <i class='prigny-right-arrow'><\/i>\n\t<\/div>\n\n\t\t\t<div class=\"ls-cta__description\">\n\t\t\tCanal du Midi\t\t\n\t\t<\/div>\n\t\t\n<\/a><\/div>\n\n\r\n<div id=\"ls-cta-block_5dc7d84088a22ebc53068befa7540320\" class=\"ls-cta animated fadeIn delay-100ms slow alentour-5\">  \r\n    \n\n<a href=\"https:\/\/www.campinglesviolettes.com\/es\/turismo-carcassonne\/\" target=\"\" rel=\"noopener\" class=\"ls-cta__link\">\n\n\t<div class=\"ls-cta__image\"><img decoding=\"async\" src=\"https:\/\/www.campinglesviolettes.com\/wp-content\/uploads\/2023\/02\/carcassonne-camping-les-violettes-768x597.jpg\" alt=\"Carcassonne Camping les Violettes\"><\/div>\n\t<div class=\"ls-cta__title\">\n\t\t5 <i class='prigny-right-arrow'><\/i>\n\t<\/div>\n\n\t\t\t<div class=\"ls-cta__description\">\n\t\t\tCarcasonne\t\t\n\t\t<\/div>\n\t\t\n<\/a><\/div>\n\n\r\n<div id=\"ls-cta-block_a6c3e87842d206cb77ce04353855648d\" class=\"ls-cta animated fadeIn delay-200ms slow alentour-6\">  \r\n    \n\n<a href=\"https:\/\/www.campinglesviolettes.com\/es\/turismo-revel\/\" target=\"\" rel=\"noopener\" class=\"ls-cta__link\">\n\n\t<div class=\"ls-cta__image\"><img decoding=\"async\" src=\"https:\/\/www.campinglesviolettes.com\/wp-content\/uploads\/2023\/02\/revel-camping-les-violettes-768x553.jpg\" alt=\"Revel Camping les Violettes\"><\/div>\n\t<div class=\"ls-cta__title\">\n\t\t6 <i class='prigny-right-arrow'><\/i>\n\t<\/div>\n\n\t\t\t<div class=\"ls-cta__description\">\n\t\t\tRevel\t\t\n\t\t<\/div>\n\t\t\n<\/a><\/div><\/div>\n<\/div>\n\n\r\n    <\/div>\r\n<\/section><div id=\"ls-evenements-block_db4ea7ec9fbc375ac32e316abc460663\" class=\"ls-evenements\">\r\n    <div id=\"ls-heading\" class=\"ls-titre-div wp-block-acf-titre-div animated fadeInUp slow h1-like has-text-color has-text-align-center has-color-2-color has-m-t m-t-4\">\r\n                <b>No hay pr\u00f3ximos eventos.<\/b><\/div><\/div><section id=\"ls-section-block_bd0c4efc6c35654a0cd85a942023f1a8\" class=\"ls-section  home-tenth has-background-image has-parallax has-background has-color-black-background-color\" >\r\n    <div class=\"ls-section__background-image opacity-80\"><img decoding=\"async\" src=\"https:\/\/www.campinglesviolettes.com\/wp-content\/uploads\/2023\/02\/fleurs-camping-les-violettes.jpg\" alt=\"Fleurs Camping les Violettes\"><\/div>    <div class=\"container container--wide\">\r\n        \n\n<div class=\"wp-block-columns are-vertically-aligned-center container-avis is-layout-flex wp-container-core-columns-is-layout-9d6595d7 wp-block-columns-is-layout-flex\">\n<div class=\"wp-block-column is-vertically-aligned-center is-layout-flow wp-block-column-is-layout-flow\" style=\"flex-basis:80%\"><pre class=\"ti-widget\" style=\"display: none\"><template id=\"trustindex-google-widget-html\"><div class=\"ti-widget ti-goog ti-disable-font ti-review-text-mode-readmore ti-content-align-center\" data-no-translation=\"true\" data-layout-id=\"36\" data-layout-category=\"slider\" data-set-id=\"soft\" data-pid=\"\" data-language=\"fr\" data-review-target-width=\"300\" data-css-version=\"2\" data-review-text-mode=\"readmore\" data-reply-by-locale=\"R\u00e9ponse du propri\u00e9taire\" data-pager-autoplay-timeout=\"6\" > <div class=\"ti-widget-container ti-col-3\"> <div class=\"ti-reviews-container\"> <div class=\"ti-controls\"> <div class=\"ti-next\" aria-label=\"Avis suivante\" role=\"button\"><\/div> <div class=\"ti-prev\" aria-label=\"Avis pr\u00e9c\u00e9dent\" role=\"button\"><\/div> <\/div> <div class=\"ti-reviews-container-wrapper\">  <div data-empty=\"0\" class=\"ti-review-item source-Google ti-image-layout-thumbnail\" data-id=\"cfcd208495d565ef66e7dff9f98764da\" > <div class=\"ti-inner\"> <div class=\"ti-review-header\"> <trustindex-image class=\"ti-platform-icon\" data-imgurl=\"https:\/\/cdn.trustindex.io\/assets\/platform\/Google\/icon.svg\" alt=\"Google\" width=\"20\" height=\"20\" loading=\"lazy\" ><\/trustindex-image> <div class=\"ti-profile-img\"> <trustindex-image data-imgurl=\"https:\/\/lh3.googleusercontent.com\/a\/ACg8ocJ5qLy0hf14sn9Wk5OZafMmhfDjhkdo_Li41FjyfOm6q134GQ=w64-h64-c-rp-mo-br100\" data-imgurlset=\"https:\/\/lh3.googleusercontent.com\/a\/ACg8ocJ5qLy0hf14sn9Wk5OZafMmhfDjhkdo_Li41FjyfOm6q134GQ=w128-h128-c-rp-mo-br100 2x\" alt=\"Gardel Christine\" loading=\"lazy\" ><\/trustindex-image> <\/div> <div class=\"ti-profile-details\"> <div class=\"ti-name\"> Gardel Christine <\/div> <div class=\"ti-date\">1 Mars 2026<\/div> <\/div> <\/div> <span class=\"ti-stars\"><trustindex-image class=\"ti-star\" data-imgurl=\"https:\/\/cdn.trustindex.io\/assets\/platform\/Google\/star\/f.svg\" alt=\"Google\" width=\"17\" height=\"17\" loading=\"lazy\" ><\/trustindex-image><trustindex-image class=\"ti-star\" data-imgurl=\"https:\/\/cdn.trustindex.io\/assets\/platform\/Google\/star\/f.svg\" alt=\"Google\" width=\"17\" height=\"17\" loading=\"lazy\" ><\/trustindex-image><trustindex-image class=\"ti-star\" data-imgurl=\"https:\/\/cdn.trustindex.io\/assets\/platform\/Google\/star\/f.svg\" alt=\"Google\" width=\"17\" height=\"17\" loading=\"lazy\" ><\/trustindex-image><trustindex-image class=\"ti-star\" data-imgurl=\"https:\/\/cdn.trustindex.io\/assets\/platform\/Google\/star\/f.svg\" alt=\"Google\" width=\"17\" height=\"17\" loading=\"lazy\" ><\/trustindex-image><trustindex-image class=\"ti-star\" data-imgurl=\"https:\/\/cdn.trustindex.io\/assets\/platform\/Google\/star\/f.svg\" alt=\"Google\" width=\"17\" height=\"17\" loading=\"lazy\" ><\/trustindex-image><span class=\"ti-verified-review ti-verified-platform\"><span class=\"ti-verified-tooltip\">Trustindex v\u00e9rifie que la source originale de l'avis est Google.<\/span><\/span><\/span> <div class=\"ti-review-text-container ti-review-content\"><!-- R-CONTENT -->Nous avons pass\u00e9 deux nuits en camping car<mark class=\"ti-highlight\">.Acceuil tr\u00e8s bien , sanitaires avec musique tr\u00e8s bien entretenu top.\nTout pr\u00e8s du canal du midi en v\u00e9lo super\nNous recommandons ce camping.<\/mark><!-- R-CONTENT --><\/div> <span class=\"ti-read-more\" data-container=\".ti-review-content\" data-collapse-text=\"Cacher\" data-open-text=\"Lire la suite\" ><\/span> <\/div> <\/div>  <div data-empty=\"0\" class=\"ti-review-item source-Google ti-image-layout-thumbnail\" data-id=\"cfcd208495d565ef66e7dff9f98764da\" > <div class=\"ti-inner\"> <div class=\"ti-review-header\"> <trustindex-image class=\"ti-platform-icon\" data-imgurl=\"https:\/\/cdn.trustindex.io\/assets\/platform\/Google\/icon.svg\" alt=\"Google\" width=\"20\" height=\"20\" loading=\"lazy\" ><\/trustindex-image> <div class=\"ti-profile-img\"> <trustindex-image data-imgurl=\"https:\/\/lh3.googleusercontent.com\/a\/ACg8ocIf5B8RdWDh475utmUcLNP35AV07naw0uEGU6CRscLdMwi5ug=w64-h64-c-rp-mo-ba6-br100\" data-imgurlset=\"https:\/\/lh3.googleusercontent.com\/a\/ACg8ocIf5B8RdWDh475utmUcLNP35AV07naw0uEGU6CRscLdMwi5ug=w128-h128-c-rp-mo-ba6-br100 2x\" alt=\"M Lubbers\" loading=\"lazy\" ><\/trustindex-image> <\/div> <div class=\"ti-profile-details\"> <div class=\"ti-name\"> M Lubbers <\/div> <div class=\"ti-date\">10 Janvier 2026<\/div> <\/div> <\/div> <span class=\"ti-stars\"><trustindex-image class=\"ti-star\" data-imgurl=\"https:\/\/cdn.trustindex.io\/assets\/platform\/Google\/star\/f.svg\" alt=\"Google\" width=\"17\" height=\"17\" loading=\"lazy\" ><\/trustindex-image><trustindex-image class=\"ti-star\" data-imgurl=\"https:\/\/cdn.trustindex.io\/assets\/platform\/Google\/star\/f.svg\" alt=\"Google\" width=\"17\" height=\"17\" loading=\"lazy\" ><\/trustindex-image><trustindex-image class=\"ti-star\" data-imgurl=\"https:\/\/cdn.trustindex.io\/assets\/platform\/Google\/star\/f.svg\" alt=\"Google\" width=\"17\" height=\"17\" loading=\"lazy\" ><\/trustindex-image><trustindex-image class=\"ti-star\" data-imgurl=\"https:\/\/cdn.trustindex.io\/assets\/platform\/Google\/star\/f.svg\" alt=\"Google\" width=\"17\" height=\"17\" loading=\"lazy\" ><\/trustindex-image><trustindex-image class=\"ti-star\" data-imgurl=\"https:\/\/cdn.trustindex.io\/assets\/platform\/Google\/star\/f.svg\" alt=\"Google\" width=\"17\" height=\"17\" loading=\"lazy\" ><\/trustindex-image><span class=\"ti-verified-review ti-verified-platform\"><span class=\"ti-verified-tooltip\">Trustindex v\u00e9rifie que la source originale de l'avis est Google.<\/span><\/span><\/span> <div class=\"ti-review-text-container ti-review-content\"><!-- R-CONTENT --><mark class=\"ti-highlight\">Prima camping voor doorreis.<\/mark> Benzinepomp en Intermach\u00e9 op 1,7 km. Receptie gesloten van 12:00 tot 14:00 uur. Hele jaar open. Goed restaurant direct naast de Camping.<!-- R-CONTENT --><\/div> <span class=\"ti-read-more\" data-container=\".ti-review-content\" data-collapse-text=\"Cacher\" data-open-text=\"Lire la suite\" ><\/span> <\/div> <\/div>  <div data-empty=\"0\" class=\"ti-review-item source-Google ti-image-layout-thumbnail\" data-id=\"cfcd208495d565ef66e7dff9f98764da\" > <div class=\"ti-inner\"> <div class=\"ti-review-header\"> <trustindex-image class=\"ti-platform-icon\" data-imgurl=\"https:\/\/cdn.trustindex.io\/assets\/platform\/Google\/icon.svg\" alt=\"Google\" width=\"20\" height=\"20\" loading=\"lazy\" ><\/trustindex-image> <div class=\"ti-profile-img\"> <trustindex-image data-imgurl=\"https:\/\/lh3.googleusercontent.com\/a\/ACg8ocKrqUy3SIcn-Sm8C1_9aUlE4GaPFGXAjPyZRLpFye2YoP6A6Q=w64-h64-c-rp-mo-ba3-br100\" data-imgurlset=\"https:\/\/lh3.googleusercontent.com\/a\/ACg8ocKrqUy3SIcn-Sm8C1_9aUlE4GaPFGXAjPyZRLpFye2YoP6A6Q=w128-h128-c-rp-mo-ba3-br100 2x\" alt=\"JP Morlet\" loading=\"lazy\" ><\/trustindex-image> <\/div> <div class=\"ti-profile-details\"> <div class=\"ti-name\"> JP Morlet <\/div> <div class=\"ti-date\">1 Janvier 2026<\/div> <\/div> <\/div> <span class=\"ti-stars\"><trustindex-image class=\"ti-star\" data-imgurl=\"https:\/\/cdn.trustindex.io\/assets\/platform\/Google\/star\/f.svg\" alt=\"Google\" width=\"17\" height=\"17\" loading=\"lazy\" ><\/trustindex-image><trustindex-image class=\"ti-star\" data-imgurl=\"https:\/\/cdn.trustindex.io\/assets\/platform\/Google\/star\/f.svg\" alt=\"Google\" width=\"17\" height=\"17\" loading=\"lazy\" ><\/trustindex-image><trustindex-image class=\"ti-star\" data-imgurl=\"https:\/\/cdn.trustindex.io\/assets\/platform\/Google\/star\/f.svg\" alt=\"Google\" width=\"17\" height=\"17\" loading=\"lazy\" ><\/trustindex-image><trustindex-image class=\"ti-star\" data-imgurl=\"https:\/\/cdn.trustindex.io\/assets\/platform\/Google\/star\/f.svg\" alt=\"Google\" width=\"17\" height=\"17\" loading=\"lazy\" ><\/trustindex-image><trustindex-image class=\"ti-star\" data-imgurl=\"https:\/\/cdn.trustindex.io\/assets\/platform\/Google\/star\/f.svg\" alt=\"Google\" width=\"17\" height=\"17\" loading=\"lazy\" ><\/trustindex-image><span class=\"ti-verified-review ti-verified-platform\"><span class=\"ti-verified-tooltip\">Trustindex v\u00e9rifie que la source originale de l'avis est Google.<\/span><\/span><\/span> <div class=\"ti-review-text-container ti-review-content\"><!-- R-CONTENT --><mark class=\"ti-highlight\">Tr\u00e8s bon camping, accueil sympathique et agr\u00e9able, belle structure, sanitaires superbes et bien entretenus, Chapeau. <\/mark>En plus ouvert \u00e0 l'ann\u00e9e ! Nous recommandons et nous reviendrons.<!-- R-CONTENT --><\/div> <span class=\"ti-read-more\" data-container=\".ti-review-content\" data-collapse-text=\"Cacher\" data-open-text=\"Lire la suite\" ><\/span> <\/div> <\/div>  <div data-empty=\"0\" class=\"ti-review-item source-Google ti-image-layout-thumbnail\" data-id=\"cfcd208495d565ef66e7dff9f98764da\" > <div class=\"ti-inner\"> <div class=\"ti-review-header\"> <trustindex-image class=\"ti-platform-icon\" data-imgurl=\"https:\/\/cdn.trustindex.io\/assets\/platform\/Google\/icon.svg\" alt=\"Google\" width=\"20\" height=\"20\" loading=\"lazy\" ><\/trustindex-image> <div class=\"ti-profile-img\"> <trustindex-image data-imgurl=\"https:\/\/lh3.googleusercontent.com\/a-\/ALV-UjUyLS2_dccbSRLuCJ-nMG6UxLBEYjsVgPFnUcImeja5A_tI0_OaCw=w64-h64-c-rp-mo-ba5-br100\" data-imgurlset=\"https:\/\/lh3.googleusercontent.com\/a-\/ALV-UjUyLS2_dccbSRLuCJ-nMG6UxLBEYjsVgPFnUcImeja5A_tI0_OaCw=w128-h128-c-rp-mo-ba5-br100 2x\" alt=\"Mark Rooney\" loading=\"lazy\" ><\/trustindex-image> <\/div> <div class=\"ti-profile-details\"> <div class=\"ti-name\"> Mark Rooney <\/div> <div class=\"ti-date\">27 D\u00e9cembre 2025<\/div> <\/div> <\/div> <span class=\"ti-stars\"><trustindex-image class=\"ti-star\" data-imgurl=\"https:\/\/cdn.trustindex.io\/assets\/platform\/Google\/star\/f.svg\" alt=\"Google\" width=\"17\" height=\"17\" loading=\"lazy\" ><\/trustindex-image><trustindex-image class=\"ti-star\" data-imgurl=\"https:\/\/cdn.trustindex.io\/assets\/platform\/Google\/star\/f.svg\" alt=\"Google\" width=\"17\" height=\"17\" loading=\"lazy\" ><\/trustindex-image><trustindex-image class=\"ti-star\" data-imgurl=\"https:\/\/cdn.trustindex.io\/assets\/platform\/Google\/star\/f.svg\" alt=\"Google\" width=\"17\" height=\"17\" loading=\"lazy\" ><\/trustindex-image><trustindex-image class=\"ti-star\" data-imgurl=\"https:\/\/cdn.trustindex.io\/assets\/platform\/Google\/star\/f.svg\" alt=\"Google\" width=\"17\" height=\"17\" loading=\"lazy\" ><\/trustindex-image><trustindex-image class=\"ti-star\" data-imgurl=\"https:\/\/cdn.trustindex.io\/assets\/platform\/Google\/star\/f.svg\" alt=\"Google\" width=\"17\" height=\"17\" loading=\"lazy\" ><\/trustindex-image><span class=\"ti-verified-review ti-verified-platform\"><span class=\"ti-verified-tooltip\">Trustindex v\u00e9rifie que la source originale de l'avis est Google.<\/span><\/span><\/span> <div class=\"ti-review-text-container ti-review-content\"><!-- R-CONTENT -->We booked a caravan pitch here on our way to Spain. <mark class=\"ti-highlight\">The site was so lovely so we extended our stay. The toilets were the most immaculate we have ever seen.<\/mark> There is a lovely bar on site where we sat a few times to enjoy a beer with Maya, the owner's dog.<!-- R-CONTENT --><\/div> <span class=\"ti-read-more\" data-container=\".ti-review-content\" data-collapse-text=\"Cacher\" data-open-text=\"Lire la suite\" ><\/span> <\/div> <\/div>  <div data-empty=\"0\" class=\"ti-review-item source-Google ti-image-layout-thumbnail\" data-id=\"cfcd208495d565ef66e7dff9f98764da\" > <div class=\"ti-inner\"> <div class=\"ti-review-header\"> <trustindex-image class=\"ti-platform-icon\" data-imgurl=\"https:\/\/cdn.trustindex.io\/assets\/platform\/Google\/icon.svg\" alt=\"Google\" width=\"20\" height=\"20\" loading=\"lazy\" ><\/trustindex-image> <div class=\"ti-profile-img\"> <trustindex-image data-imgurl=\"https:\/\/lh3.googleusercontent.com\/a\/ACg8ocJLiEXM1i6_xK5vIp0hK1hYTTyDm11soqbBjydz4p-PBV-S=w64-h64-c-rp-mo-br100\" data-imgurlset=\"https:\/\/lh3.googleusercontent.com\/a\/ACg8ocJLiEXM1i6_xK5vIp0hK1hYTTyDm11soqbBjydz4p-PBV-S=w128-h128-c-rp-mo-br100 2x\" alt=\"Pascale Civier\" loading=\"lazy\" ><\/trustindex-image> <\/div> <div class=\"ti-profile-details\"> <div class=\"ti-name\"> Pascale Civier <\/div> <div class=\"ti-date\">7 D\u00e9cembre 2025<\/div> <\/div> <\/div> <span class=\"ti-stars\"><trustindex-image class=\"ti-star\" data-imgurl=\"https:\/\/cdn.trustindex.io\/assets\/platform\/Google\/star\/f.svg\" alt=\"Google\" width=\"17\" height=\"17\" loading=\"lazy\" ><\/trustindex-image><trustindex-image class=\"ti-star\" data-imgurl=\"https:\/\/cdn.trustindex.io\/assets\/platform\/Google\/star\/f.svg\" alt=\"Google\" width=\"17\" height=\"17\" loading=\"lazy\" ><\/trustindex-image><trustindex-image class=\"ti-star\" data-imgurl=\"https:\/\/cdn.trustindex.io\/assets\/platform\/Google\/star\/f.svg\" alt=\"Google\" width=\"17\" height=\"17\" loading=\"lazy\" ><\/trustindex-image><trustindex-image class=\"ti-star\" data-imgurl=\"https:\/\/cdn.trustindex.io\/assets\/platform\/Google\/star\/f.svg\" alt=\"Google\" width=\"17\" height=\"17\" loading=\"lazy\" ><\/trustindex-image><trustindex-image class=\"ti-star\" data-imgurl=\"https:\/\/cdn.trustindex.io\/assets\/platform\/Google\/star\/f.svg\" alt=\"Google\" width=\"17\" height=\"17\" loading=\"lazy\" ><\/trustindex-image><span class=\"ti-verified-review ti-verified-platform\"><span class=\"ti-verified-tooltip\">Trustindex v\u00e9rifie que la source originale de l'avis est Google.<\/span><\/span><\/span> <div class=\"ti-review-text-container ti-review-content\"><!-- R-CONTENT --><mark class=\"ti-highlight\">Sanitaires tr\u00e8s propre\nProprietaires accueillant ils nous ont renseign\u00e9 pour aller \u00e0 Toulouse bus et m\u00e9tro tr\u00e8s pratique<\/mark><!-- R-CONTENT --><\/div> <span class=\"ti-read-more\" data-container=\".ti-review-content\" data-collapse-text=\"Cacher\" data-open-text=\"Lire la suite\" ><\/span> <\/div> <\/div>  <\/div> <div class=\"ti-controls-line\"> <div class=\"dot\"><\/div> <\/div> <\/div>    <\/div> <\/div> <\/template><\/pre><div data-src=\"https:\/\/cdn.trustindex.io\/loader.js?wp-widget\" data-template-id=\"trustindex-google-widget-html\" data-css-url=\"https:\/\/www.campinglesviolettes.com\/wp-content\/uploads\/trustindex-google-widget.css?1744102399\"><\/div>\n\n\n\r\n<a href=\"https:\/\/www.google.fr\/maps\/place\/Camping+Les+Violettes\/@43.4866609,1.5298355,17z\/data=!3m1!5s0x12ae9544f2f482c7:0x7066039473adc37f!4m11!3m10!1s0x12ae9544ed3001e7:0x53dabe9164001244!5m2!4m1!1i2!8m2!3d43.486657!4d1.5324104!9m1!1b1!16s%2Fg%2F1tflv1lv?entry=ttuu0026g_ep=EgoyMDI1MDQwMi4xIKXMDSoJLDEwMjExNDUzSAFQAw%3D%3D\" id=\"ls-button-block_02b007a69e8942227145b8c5efc74ab2\" target=\"_blank\" rel=\"noopener\" class=\"ls-button\">todas nuestras rese\u00f1as <i class='violettes-fleche'><\/i><\/a><\/div>\n\n\n\n<div class=\"wp-block-column is-vertically-aligned-center is-layout-flow wp-block-column-is-layout-flow\" style=\"flex-basis:20%\"><div class=\"wp-block-image camping2be\">\n<figure class=\"aligncenter size-full\"><img decoding=\"async\" width=\"420\" height=\"594\" src=\"https:\/\/www.campinglesviolettes.com\/wp-content\/uploads\/2025\/04\/widget_4032.jpg\" alt=\"widget 4032\" class=\"wp-image-3591\" srcset=\"https:\/\/www.campinglesviolettes.com\/wp-content\/uploads\/2025\/04\/widget_4032.jpg 420w, https:\/\/www.campinglesviolettes.com\/wp-content\/uploads\/2025\/04\/widget_4032-212x300.jpg 212w\" sizes=\"(max-width: 420px) 100vw, 420px\" \/><\/figure>\n<\/div><\/div>\n<\/div>\n\n\r\n    <\/div>\r\n<\/section><section id=\"ls-section-block_b52af9d719f0a01338c504f6a17888e2\" class=\"ls-section  home-eleventh\" >\r\n        <div class=\"container \">\r\n        \n\n<div id=\"ls-pdf-block_c1bca9fdfd1c97a1ac3cc0a8664db048\" class=\"ls-pdf animated bounceIn slow\" >\n    <div class=\"ls-pdf__list\">\n                            <a href=\"https:\/\/www.campinglesviolettes.com\/wp-content\/uploads\/2023\/02\/Livret-daccueil-ES.pdf-1-1.pdf\" title=\"Folleto de Bienvenida\" class=\"ls-pdf__list__item\" target=\"_blank\" rel=\"noopener\">\n\n                                    <i class=\"violettes-reglement\"><\/i>\n                \n                <div class=\"ls-pdf__list__name\">Folleto de Bienvenida<\/div>\n            <\/a>\n                    <a href=\"https:\/\/www.campinglesviolettes.com\/wp-content\/uploads\/2023\/02\/VIOLETTES-2022-Plan-2022.pdf\" title=\"Mapa del camping\" class=\"ls-pdf__list__item\" target=\"_blank\" rel=\"noopener\">\n\n                                    <i class=\"violettes-map\"><\/i>\n                \n                <div class=\"ls-pdf__list__name\">Mapa del camping<\/div>\n            <\/a>\n                    <a href=\"https:\/\/www.campinglesviolettes.com\/wp-content\/uploads\/2023\/02\/brochurefr.pdf\" title=\"C\u00f3mo llegar\" class=\"ls-pdf__list__item\" target=\"_blank\" rel=\"noopener\">\n\n                                    <i class=\"violettes-carte\"><\/i>\n                \n                <div class=\"ls-pdf__list__name\">C\u00f3mo llegar<\/div>\n            <\/a>\n                    <a href=\"https:\/\/www.campinglesviolettes.com\/wp-content\/uploads\/2023\/04\/CGV-LOCATION-ESPAGNOL2026.pdf\" title=\"CGV Alquiler\" class=\"ls-pdf__list__item\" target=\"_blank\" rel=\"noopener\">\n\n                                    <i class=\"violettes-contract\"><\/i>\n                \n                <div class=\"ls-pdf__list__name\">CGV Alquiler<\/div>\n            <\/a>\n                    <a href=\"https:\/\/www.campinglesviolettes.com\/wp-content\/uploads\/2023\/04\/CGV-CAMPING-ESPAGNOL2026.pdf\" title=\"CGV Ubicaci\u00f3n\" class=\"ls-pdf__list__item\" target=\"_blank\" rel=\"noopener\">\n\n                                    <i class=\"violettes-contract\"><\/i>\n                \n                <div class=\"ls-pdf__list__name\">CGV Ubicaci\u00f3n<\/div>\n            <\/a>\n                    <a href=\"https:\/\/www.campinglesviolettes.com\/wp-content\/uploads\/2023\/04\/IR-VIOLETTES-EN.pdf\" title=\"Reglamento interno\" class=\"ls-pdf__list__item\" target=\"_blank\" rel=\"noopener\">\n\n                                    <i class=\"violettes-document\"><\/i>\n                \n                <div class=\"ls-pdf__list__name\">Reglamento interno<\/div>\n            <\/a>\n                    <\/div>\n<\/div>\n\r\n    <\/div>\r\n<\/section>","protected":false},"excerpt":{"rendered":"","protected":false},"author":6,"featured_media":3455,"parent":0,"menu_order":0,"comment_status":"closed","ping_status":"closed","template":"","meta":{"_acf_changed":false,"footnotes":""},"sujet":[],"class_list":["post-5979","page","type-page","status-publish","has-post-thumbnail","hentry"],"acf":[],"yoast_head":"<!-- This site is optimized with the Yoast SEO plugin v23.4 - https:\/\/yoast.com\/wordpress\/plugins\/seo\/ -->\n<title>Camping Ayguesvives: reserve una estancia de 3 estrellas cerca del Canal del Mediod\u00eda<\/title>\n<meta name=\"description\" content=\"Estancia en un camping de 3 estrellas cerca de Ayguesvives y del Canal del Mediod\u00eda. Alquiler de alojamientos o parcelas, piscina, a 15 minutos de Toulouse (Alto Garona).\" \/>\n<meta name=\"robots\" content=\"index, follow, max-snippet:-1, max-image-preview:large, max-video-preview:-1\" \/>\n<link rel=\"canonical\" href=\"https:\/\/www.campinglesviolettes.com\/es\/camping-ayguesvives\/\" \/>\n<meta property=\"og:locale\" content=\"es_ES\" \/>\n<meta property=\"og:type\" content=\"article\" \/>\n<meta property=\"og:title\" content=\"Camping Ayguesvives: reserve una estancia de 3 estrellas cerca del Canal del Mediod\u00eda\" \/>\n<meta property=\"og:description\" content=\"Estancia en un camping de 3 estrellas cerca de Ayguesvives y del Canal del Mediod\u00eda. Alquiler de alojamientos o parcelas, piscina, a 15 minutos de Toulouse (Alto Garona).\" \/>\n<meta property=\"og:url\" content=\"https:\/\/www.campinglesviolettes.com\/es\/camping-ayguesvives\/\" \/>\n<meta property=\"og:site_name\" content=\"Les Violettes\" \/>\n<meta property=\"article:modified_time\" content=\"2025-12-12T16:16:44+00:00\" \/>\n<meta property=\"og:image\" content=\"https:\/\/www.campinglesviolettes.com\/wp-content\/uploads\/2023\/02\/piscine.png\" \/>\n\t<meta property=\"og:image:width\" content=\"989\" \/>\n\t<meta property=\"og:image:height\" content=\"612\" \/>\n\t<meta property=\"og:image:type\" content=\"image\/png\" \/>\n<meta name=\"twitter:card\" content=\"summary_large_image\" \/>\n<meta name=\"twitter:label1\" content=\"Tiempo de lectura\" \/>\n\t<meta name=\"twitter:data1\" content=\"8 minutos\" \/>\n<script type=\"application\/ld+json\" class=\"yoast-schema-graph\">{\"@context\":\"https:\/\/schema.org\",\"@graph\":[{\"@type\":\"WebPage\",\"@id\":\"https:\/\/www.campinglesviolettes.com\/es\/camping-ayguesvives\/\",\"url\":\"https:\/\/www.campinglesviolettes.com\/es\/camping-ayguesvives\/\",\"name\":\"Camping Ayguesvives: reserve una estancia de 3 estrellas cerca del Canal del Mediod\u00eda\",\"isPartOf\":{\"@id\":\"https:\/\/www.campinglesviolettes.com\/#website\"},\"primaryImageOfPage\":{\"@id\":\"https:\/\/www.campinglesviolettes.com\/es\/camping-ayguesvives\/#primaryimage\"},\"image\":{\"@id\":\"https:\/\/www.campinglesviolettes.com\/es\/camping-ayguesvives\/#primaryimage\"},\"thumbnailUrl\":\"https:\/\/www.campinglesviolettes.com\/wp-content\/uploads\/2023\/02\/piscine.png\",\"datePublished\":\"2025-12-12T16:16:41+00:00\",\"dateModified\":\"2025-12-12T16:16:44+00:00\",\"description\":\"Estancia en un camping de 3 estrellas cerca de Ayguesvives y del Canal del Mediod\u00eda. Alquiler de alojamientos o parcelas, piscina, a 15 minutos de Toulouse (Alto Garona).\",\"breadcrumb\":{\"@id\":\"https:\/\/www.campinglesviolettes.com\/es\/camping-ayguesvives\/#breadcrumb\"},\"inLanguage\":\"es\",\"potentialAction\":[{\"@type\":\"ReadAction\",\"target\":[\"https:\/\/www.campinglesviolettes.com\/es\/camping-ayguesvives\/\"]}]},{\"@type\":\"ImageObject\",\"inLanguage\":\"es\",\"@id\":\"https:\/\/www.campinglesviolettes.com\/es\/camping-ayguesvives\/#primaryimage\",\"url\":\"https:\/\/www.campinglesviolettes.com\/wp-content\/uploads\/2023\/02\/piscine.png\",\"contentUrl\":\"https:\/\/www.campinglesviolettes.com\/wp-content\/uploads\/2023\/02\/piscine.png\",\"width\":989,\"height\":612,\"caption\":\"piscina\"},{\"@type\":\"BreadcrumbList\",\"@id\":\"https:\/\/www.campinglesviolettes.com\/es\/camping-ayguesvives\/#breadcrumb\",\"itemListElement\":[{\"@type\":\"ListItem\",\"position\":1,\"name\":\"Camping Occitanie\",\"item\":\"https:\/\/www.campinglesviolettes.com\/es\/\"},{\"@type\":\"ListItem\",\"position\":2,\"name\":\"Vacaciones cerca de Ayguesvives\"}]},{\"@type\":\"WebSite\",\"@id\":\"https:\/\/www.campinglesviolettes.com\/#website\",\"url\":\"https:\/\/www.campinglesviolettes.com\/\",\"name\":\"Les Violettes\",\"description\":\"\",\"publisher\":{\"@id\":\"https:\/\/www.campinglesviolettes.com\/#organization\"},\"potentialAction\":[{\"@type\":\"SearchAction\",\"target\":{\"@type\":\"EntryPoint\",\"urlTemplate\":\"https:\/\/www.campinglesviolettes.com\/?s={search_term_string}\"},\"query-input\":{\"@type\":\"PropertyValueSpecification\",\"valueRequired\":true,\"valueName\":\"search_term_string\"}}],\"inLanguage\":\"es\"},{\"@type\":\"Organization\",\"@id\":\"https:\/\/www.campinglesviolettes.com\/#organization\",\"name\":\"Les Violettes\",\"url\":\"https:\/\/www.campinglesviolettes.com\/\",\"logo\":{\"@type\":\"ImageObject\",\"inLanguage\":\"es\",\"@id\":\"https:\/\/www.campinglesviolettes.com\/#\/schema\/logo\/image\/\",\"url\":\"https:\/\/www.campinglesviolettes.com\/wp-content\/uploads\/2023\/02\/logo-camping-les-violettes.png\",\"contentUrl\":\"https:\/\/www.campinglesviolettes.com\/wp-content\/uploads\/2023\/02\/logo-camping-les-violettes.png\",\"width\":250,\"height\":206,\"caption\":\"Les Violettes\"},\"image\":{\"@id\":\"https:\/\/www.campinglesviolettes.com\/#\/schema\/logo\/image\/\"}}]}<\/script>\n<!-- \/ Yoast SEO plugin. -->","yoast_head_json":{"title":"Camping Ayguesvives: reserve una estancia de 3 estrellas cerca del Canal del Mediod\u00eda","description":"Estancia en un camping de 3 estrellas cerca de Ayguesvives y del Canal del Mediod\u00eda. Alquiler de alojamientos o parcelas, piscina, a 15 minutos de Toulouse (Alto Garona).","robots":{"index":"index","follow":"follow","max-snippet":"max-snippet:-1","max-image-preview":"max-image-preview:large","max-video-preview":"max-video-preview:-1"},"canonical":"https:\/\/www.campinglesviolettes.com\/es\/camping-ayguesvives\/","og_locale":"es_ES","og_type":"article","og_title":"Camping Ayguesvives: reserve una estancia de 3 estrellas cerca del Canal del Mediod\u00eda","og_description":"Estancia en un camping de 3 estrellas cerca de Ayguesvives y del Canal del Mediod\u00eda. Alquiler de alojamientos o parcelas, piscina, a 15 minutos de Toulouse (Alto Garona).","og_url":"https:\/\/www.campinglesviolettes.com\/es\/camping-ayguesvives\/","og_site_name":"Les Violettes","article_modified_time":"2025-12-12T16:16:44+00:00","og_image":[{"width":989,"height":612,"url":"https:\/\/www.campinglesviolettes.com\/wp-content\/uploads\/2023\/02\/piscine.png","type":"image\/png"}],"twitter_card":"summary_large_image","twitter_misc":{"Tiempo de lectura":"8 minutos"},"schema":{"@context":"https:\/\/schema.org","@graph":[{"@type":"WebPage","@id":"https:\/\/www.campinglesviolettes.com\/es\/camping-ayguesvives\/","url":"https:\/\/www.campinglesviolettes.com\/es\/camping-ayguesvives\/","name":"Camping Ayguesvives: reserve una estancia de 3 estrellas cerca del Canal del Mediod\u00eda","isPartOf":{"@id":"https:\/\/www.campinglesviolettes.com\/#website"},"primaryImageOfPage":{"@id":"https:\/\/www.campinglesviolettes.com\/es\/camping-ayguesvives\/#primaryimage"},"image":{"@id":"https:\/\/www.campinglesviolettes.com\/es\/camping-ayguesvives\/#primaryimage"},"thumbnailUrl":"https:\/\/www.campinglesviolettes.com\/wp-content\/uploads\/2023\/02\/piscine.png","datePublished":"2025-12-12T16:16:41+00:00","dateModified":"2025-12-12T16:16:44+00:00","description":"Estancia en un camping de 3 estrellas cerca de Ayguesvives y del Canal del Mediod\u00eda. Alquiler de alojamientos o parcelas, piscina, a 15 minutos de Toulouse (Alto Garona).","breadcrumb":{"@id":"https:\/\/www.campinglesviolettes.com\/es\/camping-ayguesvives\/#breadcrumb"},"inLanguage":"es","potentialAction":[{"@type":"ReadAction","target":["https:\/\/www.campinglesviolettes.com\/es\/camping-ayguesvives\/"]}]},{"@type":"ImageObject","inLanguage":"es","@id":"https:\/\/www.campinglesviolettes.com\/es\/camping-ayguesvives\/#primaryimage","url":"https:\/\/www.campinglesviolettes.com\/wp-content\/uploads\/2023\/02\/piscine.png","contentUrl":"https:\/\/www.campinglesviolettes.com\/wp-content\/uploads\/2023\/02\/piscine.png","width":989,"height":612,"caption":"piscina"},{"@type":"BreadcrumbList","@id":"https:\/\/www.campinglesviolettes.com\/es\/camping-ayguesvives\/#breadcrumb","itemListElement":[{"@type":"ListItem","position":1,"name":"Camping Occitanie","item":"https:\/\/www.campinglesviolettes.com\/es\/"},{"@type":"ListItem","position":2,"name":"Vacaciones cerca de Ayguesvives"}]},{"@type":"WebSite","@id":"https:\/\/www.campinglesviolettes.com\/#website","url":"https:\/\/www.campinglesviolettes.com\/","name":"Les Violettes","description":"","publisher":{"@id":"https:\/\/www.campinglesviolettes.com\/#organization"},"potentialAction":[{"@type":"SearchAction","target":{"@type":"EntryPoint","urlTemplate":"https:\/\/www.campinglesviolettes.com\/?s={search_term_string}"},"query-input":{"@type":"PropertyValueSpecification","valueRequired":true,"valueName":"search_term_string"}}],"inLanguage":"es"},{"@type":"Organization","@id":"https:\/\/www.campinglesviolettes.com\/#organization","name":"Les Violettes","url":"https:\/\/www.campinglesviolettes.com\/","logo":{"@type":"ImageObject","inLanguage":"es","@id":"https:\/\/www.campinglesviolettes.com\/#\/schema\/logo\/image\/","url":"https:\/\/www.campinglesviolettes.com\/wp-content\/uploads\/2023\/02\/logo-camping-les-violettes.png","contentUrl":"https:\/\/www.campinglesviolettes.com\/wp-content\/uploads\/2023\/02\/logo-camping-les-violettes.png","width":250,"height":206,"caption":"Les Violettes"},"image":{"@id":"https:\/\/www.campinglesviolettes.com\/#\/schema\/logo\/image\/"}}]}},"_links":{"self":[{"href":"https:\/\/www.campinglesviolettes.com\/es\/wp-json\/wp\/v2\/pages\/5979","targetHints":{"allow":["GET"]}}],"collection":[{"href":"https:\/\/www.campinglesviolettes.com\/es\/wp-json\/wp\/v2\/pages"}],"about":[{"href":"https:\/\/www.campinglesviolettes.com\/es\/wp-json\/wp\/v2\/types\/page"}],"author":[{"embeddable":true,"href":"https:\/\/www.campinglesviolettes.com\/es\/wp-json\/wp\/v2\/users\/6"}],"replies":[{"embeddable":true,"href":"https:\/\/www.campinglesviolettes.com\/es\/wp-json\/wp\/v2\/comments?post=5979"}],"version-history":[{"count":1,"href":"https:\/\/www.campinglesviolettes.com\/es\/wp-json\/wp\/v2\/pages\/5979\/revisions"}],"predecessor-version":[{"id":5980,"href":"https:\/\/www.campinglesviolettes.com\/es\/wp-json\/wp\/v2\/pages\/5979\/revisions\/5980"}],"wp:featuredmedia":[{"embeddable":true,"href":"https:\/\/www.campinglesviolettes.com\/es\/wp-json\/wp\/v2\/media\/3455"}],"wp:attachment":[{"href":"https:\/\/www.campinglesviolettes.com\/es\/wp-json\/wp\/v2\/media?parent=5979"}],"wp:term":[{"taxonomy":"sujet","embeddable":true,"href":"https:\/\/www.campinglesviolettes.com\/es\/wp-json\/wp\/v2\/sujet?post=5979"}],"curies":[{"name":"wp","href":"https:\/\/api.w.org\/{rel}","templated":true}]}}