{"id":5489,"date":"2025-11-05T17:08:26","date_gmt":"2025-11-05T16:08:26","guid":{"rendered":"https:\/\/www.campinglesviolettes.com\/camping-carcassonne\/"},"modified":"2025-11-05T17:08:27","modified_gmt":"2025-11-05T16:08:27","slug":"camping-carcassonne","status":"publish","type":"page","link":"https:\/\/www.campinglesviolettes.com\/es\/camping-carcassonne\/","title":{"rendered":"Camping Carcasona"},"content":{"rendered":"<section id=\"ls-section-block_dcc3d097b87fc99f4bfc466bf1237aa4\" class=\"ls-section  block-heb has-m-b m-b-0 has-p-b p-b-0\" >\r\n        <div class=\"container container--wide\">\r\n        \n\n<h1 class=\"ls__heading wp-block-heading has-text-align-center h1-heb\">Camping de 3 estrellas cerca de Carcasona <\/h1>\n\n\n\n<blockquote class=\"wp-block-quote is-layout-flow wp-block-quote-is-layout-flow\">\n<p class=\"ls-paragraph has-text-align-left\">\u00bfLe apetece descubrir Carcasona y su famosa ciudad medieval, declarada Patrimonio de la Humanidad por la UNESCO? Opte por una estancia con todas las comodidades en un <strong>camping de 3 estrellas cerca de Carcasona<\/strong>, perfectamente situado para descubrir la riqueza hist\u00f3rica y natural de la regi\u00f3n. <\/p>\n\n\n\n<p class=\"ls-paragraph\">A solo 82 kil\u00f3metros de la ciudad fortificada, nuestro <a href=\"https:\/\/www.campinglesviolettes.com\/es\/\">camping cerca del Canal del Mediod\u00eda<\/a> es el punto <strong>de partida ideal <\/strong>para <strong>descubrir los tesoros de Languedoc:<\/strong> castillos c\u00e1taros, el Canal del Mediod\u00eda, vi\u00f1edos y paisajes grandiosos.<\/p>\n\n\n\n<p class=\"ls-paragraph has-text-align-left\">Disfrute de los servicios de 3 estrellas, la c\u00e1lida bienvenida y el ambiente acogedor para vivir una experiencia inolvidable en el coraz\u00f3n del departamento franc\u00e9s de Aude.<\/p>\n<\/blockquote>\n\n\r\n    <\/div>\r\n<\/section><section id=\"ls-section-block_bcecce169e19c4ca18fcbd40da84571b\" class=\"ls-section  has-m-b m-b-0 has-m-l m-l-0 has-m-r m-r-0 has-p-t p-t-0 has-p-b p-b-0 has-p-l p-l-0 has-p-r p-r-0\" >\r\n        <div class=\"container container--wide\">\r\n        \n\n<div class=\"wp-block-columns is-layout-flex wp-container-core-columns-is-layout-9d6595d7 wp-block-columns-is-layout-flex\">\n<div class=\"wp-block-column is-vertically-aligned-center is-layout-flow wp-block-column-is-layout-flow\" style=\"flex-basis:55%\">\n<h2 class=\"ls__heading wp-block-heading has-text-align-center\">Alojamiento confortable en un camping cerca de Carcasona<\/h2>\n\n\n\n<p class=\"ls-paragraph\">Alojarse en un<strong> camping de 3 estrellas cerca de Carcasona<\/strong> es disfrutar de un alojamiento pr\u00e1ctico, c\u00f3modo y adaptado a todos los gustos. En pareja, en familia, con amigos o en solitario, encontrar\u00e1 la <strong>soluci\u00f3n ideal para unas vacaciones perfectas<\/strong> a los pies de la ciudad medieval. <\/p>\n\n\n\n<p class=\"ls-paragraph\">Estos son los diferentes tipos de alojamiento que puede encontrar en un <strong>camping en Carcasona:<\/strong><\/p>\n\n\n\n<ul class=\"ls-list ls-list-undefined wp-block-list\">\n<li>Mobil-homes totalmente equipados: \u00a1d\u00e9jese seducir por el <a href=\"https:\/\/www.campinglesviolettes.com\/es\/ubicacion-movil-home-toulouse\/\">alquiler de mobil-homes en Haute-Garonne!<\/a> Perfectos para una estancia con total autonom\u00eda, los mobil-homes tienen <strong>capacidad para hasta 6 personas.<\/strong> En ellos encontrar\u00e1: una cocina completa, una terraza privada, una plancha y televisi\u00f3n. Estos modelos tambi\u00e9n est\u00e1n disponibles en un formato adaptado para personas con movilidad reducida. \u00a1Una <strong>opci\u00f3n perfecta<\/strong> para combinar comodidad y naturaleza!   <\/li>\n\n\n\n<li><strong>Tentes lodges :<\/strong> pour une exp\u00e9rience authentique sans renoncer au confort, les tentes lodges sont un excellent compromis. Avec ou sans sanitaires, elles d\u00e9livrent une alternative originale \u00e0 l\u2019h\u00f4tel, id\u00e9ale pour un s\u00e9jour nature \u00e0 c\u00f4t\u00e9 de Carcassonne. <\/li>\n\n\n\n<li><strong>Caba\u00f1as para ciclistas o excursionistas:<\/strong> pr\u00e1cticas y funcionales, estas caba\u00f1as est\u00e1n dise\u00f1adas para viajeros de paso. Acceso a una cocina com\u00fan y todo lo necesario para una parada relajante en las rutas alrededor de Carcasona y el Canal del Mediod\u00eda. <\/li>\n<\/ul>\n\n\n\n<p class=\"ls-paragraph has-text-align-center\"><strong>Parcelas para tiendas, caravanas y autocaravanas:<\/strong> elija una <a href=\"https:\/\/www.campinglesviolettes.com\/es\/ubicacion-colocacion-toulouse\/\">parcela de camping cerca de Toulouse<\/a>, ideal para los amantes del camping tradicional. Disponemos de parcelas amplias (de 80 a 120 m\u00b2), llanas, sombreadas y equipadas con conexiones el\u00e9ctricas (10 A). Perfectas para disfrutar plenamente del entorno natural sin alejarse de la ciudad. <\/p>\n<\/div>\n\n\n\n<div class=\"wp-block-column is-layout-flow wp-block-column-is-layout-flow\" style=\"flex-basis:45%\">\n<figure class=\"wp-block-gallery has-nested-images columns-default is-cropped wp-block-gallery-1 is-layout-flex wp-block-gallery-is-layout-flex\">\n<figure class=\"wp-block-image size-full\"><img decoding=\"async\" width=\"620\" height=\"466\" data-id=\"963\" src=\"https:\/\/www.campinglesviolettes.com\/wp-content\/uploads\/2023\/03\/mh-2-ch.jpg\" alt=\"Mobil-home en Haute-Garonne, cerca del Canal du Midi, 2 habitaciones\" class=\"wp-image-963\" srcset=\"https:\/\/www.campinglesviolettes.com\/wp-content\/uploads\/2023\/03\/mh-2-ch.jpg 620w, https:\/\/www.campinglesviolettes.com\/wp-content\/uploads\/2023\/03\/mh-2-ch-300x225.jpg 300w\" sizes=\"(max-width: 620px) 100vw, 620px\" \/><\/figure>\n\n\n\n<figure class=\"wp-block-image size-large\"><img decoding=\"async\" width=\"1024\" height=\"683\" data-id=\"3495\" src=\"https:\/\/www.campinglesviolettes.com\/wp-content\/uploads\/2025\/03\/emplacement2ctouvert-1024x683.jpg\" alt=\"\" class=\"wp-image-3495\" srcset=\"https:\/\/www.campinglesviolettes.com\/wp-content\/uploads\/2025\/03\/emplacement2ctouvert-1024x683.jpg 1024w, https:\/\/www.campinglesviolettes.com\/wp-content\/uploads\/2025\/03\/emplacement2ctouvert-300x200.jpg 300w, https:\/\/www.campinglesviolettes.com\/wp-content\/uploads\/2025\/03\/emplacement2ctouvert-768x512.jpg 768w, https:\/\/www.campinglesviolettes.com\/wp-content\/uploads\/2025\/03\/emplacement2ctouvert-1536x1024.jpg 1536w, https:\/\/www.campinglesviolettes.com\/wp-content\/uploads\/2025\/03\/emplacement2ctouvert.jpg 1773w\" sizes=\"(max-width: 1024px) 100vw, 1024px\" \/><\/figure>\n\n\n\n<figure class=\"wp-block-image size-full\"><img decoding=\"async\" width=\"1920\" height=\"2560\" data-id=\"3056\" src=\"https:\/\/www.campinglesviolettes.com\/wp-content\/uploads\/2024\/02\/IMG_3714-scaled.jpg\" alt=\"IMG 3714\" class=\"wp-image-3056\" srcset=\"https:\/\/www.campinglesviolettes.com\/wp-content\/uploads\/2024\/02\/IMG_3714-scaled.jpg 1920w, https:\/\/www.campinglesviolettes.com\/wp-content\/uploads\/2024\/02\/IMG_3714-225x300.jpg 225w, https:\/\/www.campinglesviolettes.com\/wp-content\/uploads\/2024\/02\/IMG_3714-768x1024.jpg 768w, https:\/\/www.campinglesviolettes.com\/wp-content\/uploads\/2024\/02\/IMG_3714-1152x1536.jpg 1152w, https:\/\/www.campinglesviolettes.com\/wp-content\/uploads\/2024\/02\/IMG_3714-1536x2048.jpg 1536w\" sizes=\"(max-width: 1920px) 100vw, 1920px\" \/><\/figure>\n<\/figure>\n<\/div>\n<\/div>\n\n\r\n    <\/div>\r\n<\/section><section id=\"ls-section-block_e32fa4487742c8c73788978e557ffa32\" class=\"ls-section \" >\r\n        <div class=\"container container--wide\">\r\n        \n\n<h2 class=\"ls__heading wp-block-heading\">Des h\u00e9bergements proches de Carcassonne pour un s\u00e9jour tout confort<\/h2>\n\n\n\n<div id=\"ls-hebergements-block_ca25b0ceaa7ee8aca59e65b4fcae0868\" class=\"ls-hebergements\">\n\n    <div class=\"ls-customizer\">\n\n    <div class=\"ls-customizer__filters\">\n        <div class=\"ls-customizer__filters__close\">\n            <i class=\"fas fa-times\"><\/i>\n        <\/div>\n\n        <div class=\"ls-customizer__filters__title\">\n            <b>Filtros<\/b>\n            <span class=\"ls-customizer__filters__clear\"><i class=\"fas fa-times\"><\/i> Borrar filtros<\/span>\n        <\/div>\n\n                \n        <!-- Filtres ACF fields -->\n        \n                                <!-- Filtre nombre_de_personnes -->\n                        <div class=\"filter\" id=\"filter-nombre_de_personnes\">\n                <div class=\"filter__title\">Capacidad m\u00e1xima<i class=\"fas fa-angle-down\"><\/i><\/div>\n                <fieldset data-filter=\"nombre_de_personnes\" data-operator=\"<=\" class=\"input\">\n                    \n                    <div><input type=\"radio\" name=\"nombre_de_personnes\" id=\"nombre_de_personnes-all\"  class=\"checkbox\" \/><label for='nombre_de_personnes-all'>Tous<\/label><\/div><div><input type=\"radio\" name=\"nombre_de_personnes\" id=\"nombre_de_personnes-1\" value=\"1\" class=\"checkbox\"  \/><label for='nombre_de_personnes-1'>Hasta 1 pers.<\/label><\/div><div><input type=\"radio\" name=\"nombre_de_personnes\" id=\"nombre_de_personnes-2\" value=\"2\" class=\"checkbox\"  \/><label for='nombre_de_personnes-2'>Hasta 2 pers.<\/label><\/div><div><input type=\"radio\" name=\"nombre_de_personnes\" id=\"nombre_de_personnes-4\" value=\"4\" class=\"checkbox\"  \/><label for='nombre_de_personnes-4'>Hasta 4 pers.<\/label><\/div><div><input type=\"radio\" name=\"nombre_de_personnes\" id=\"nombre_de_personnes-5\" value=\"5\" class=\"checkbox\"  \/><label for='nombre_de_personnes-5'>Hasta 5 pers.<\/label><\/div><div><input type=\"radio\" name=\"nombre_de_personnes\" id=\"nombre_de_personnes-6\" value=\"6\" class=\"checkbox\"  \/><label for='nombre_de_personnes-6'>Hasta 6 pers.<\/label><\/div>                <\/fieldset>\n            <\/div>\n                                <!-- Filtre nombre_de_chambres -->\n                        <div class=\"filter\" id=\"filter-nombre_de_chambres\">\n                <div class=\"filter__title\">N\u00famero de habitaciones<i class=\"fas fa-angle-down\"><\/i><\/div>\n                <fieldset data-filter=\"nombre_de_chambres\" data-operator=\"==\" class=\"input\">\n                    \n                    <div><input type=\"radio\" name=\"nombre_de_chambres\" id=\"nombre_de_chambres-all\"  class=\"checkbox\" \/><label for='nombre_de_chambres-all'>Tous<\/label><\/div><div><input type=\"radio\" name=\"nombre_de_chambres\" id=\"nombre_de_chambres-1\" value=\"1\" class=\"checkbox\"  \/><label for='nombre_de_chambres-1'>1<\/label><\/div><div><input type=\"radio\" name=\"nombre_de_chambres\" id=\"nombre_de_chambres-2\" value=\"2\" class=\"checkbox\"  \/><label for='nombre_de_chambres-2'>2<\/label><\/div><div><input type=\"radio\" name=\"nombre_de_chambres\" id=\"nombre_de_chambres-3\" value=\"3\" class=\"checkbox\"  \/><label for='nombre_de_chambres-3'>3<\/label><\/div>                <\/fieldset>\n            <\/div>\n                                <!-- Filtre options-hebergements -->\n                        <div class=\"filter\" id=\"filter-options-hebergements\">\n                <div class=\"filter__title\">Opciones<i class=\"fas fa-angle-down\"><\/i><\/div>\n                <fieldset data-filter=\"options-hebergements\" data-operator=\"*=\" class=\"input\">\n                    \n                    <div><input type=\"checkbox\" name=\"options-hebergements\" id=\"options-hebergements-all\"  class=\"checkbox\" \/><label for='options-hebergements-all'>Tous<\/label><\/div><div><input type=\"checkbox\" name=\"options-hebergements\" id=\"options-hebergements-climatisation\" value=\"climatisation\" class=\"checkbox\"  \/><label for='options-hebergements-climatisation'>Climatisation<\/label><\/div>                <\/fieldset>\n            <\/div>\n        \n    <\/div>\n<\/div><div class=\"ls-hebergements__results \" data-row=\"3\" data-campings=\"false\" data-types=\"false\"><div class=\"ls-hebergement\" data-postid='1979' data-id-reservation='121694' data-id-site='' data-id1='' data-nombre_de_personnes='6' data-nombre_de_chambres='3' data-type='location mobil-home' data-options-hebergements='climatisation'>\n\t<div class=\"ls-hebergement__thumb\">\n\t\t\t\t<img decoding=\"async\" src=\"https:\/\/www.campinglesviolettes.com\/wp-content\/uploads\/2023\/03\/IMG_3621-scaled.jpg\" alt=\"Casa m\u00f3vil de 3 dormitorios. Confort Plus\" \/>\n\t<\/div>\n\t \n\t<div class=\"ls-hebergement__content\">\n\t\t<div class=\"ls-hebergement__title\">\n\t\t\tCasa m\u00f3vil de 3 dormitorios. Confort Plus\t\t<\/div>\n\n\t\t<div class=\"ls-hebergement__details\">\n\n\t\t\t<div class=\"ls-hebergement__icons\">\n\n\t\t\t\t\t\t\t\t\t<span class=\"ls-hebergement__icon\">\n\t\t\t\t\t\t<i class=\"violettes-groupe\"><\/i>\n\t\t\t\t\t\t<span>6<\/span>\n\t\t\t\t\t<\/span>\n\t\t\t\t\n\t\t\t\t\t\t\t\t\t<span class=\"ls-hebergement__icon\">\n\t\t\t\t\t\t<i class=\"violettes-porte-ouverte\"><\/i>\n\t\t\t\t\t\t<span>3<\/span>\n\t\t\t\t\t<\/span>\n\t\t\t\t\n\t\t\t\t\n\t\t\t\t\n\n\n\t\t\t\t<span class=\"ls-hebergement__icon\"><i class=\"violettes-climatisation\"><\/i><\/span>\n\t\t\t<\/div>\n\t\t<\/div>\n\t<\/div>\n<\/div><div class=\"ls-hebergement\" data-postid='1980' data-id-reservation='79565' data-id-site='' data-id1='' data-nombre_de_personnes='4' data-nombre_de_chambres='2' data-type='location mobil-home' data-options-hebergements='climatisation'>\n\t<div class=\"ls-hebergement__thumb\">\n\t\t\t\t<img decoding=\"async\" src=\"https:\/\/www.campinglesviolettes.com\/wp-content\/uploads\/2023\/03\/mh-2-ch.jpg\" alt=\"Casa m\u00f3vil 2 dormitorios\" \/>\n\t<\/div>\n\t \n\t<div class=\"ls-hebergement__content\">\n\t\t<div class=\"ls-hebergement__title\">\n\t\t\tCasa m\u00f3vil 2 dormitorios\t\t<\/div>\n\n\t\t<div class=\"ls-hebergement__details\">\n\n\t\t\t<div class=\"ls-hebergement__icons\">\n\n\t\t\t\t\t\t\t\t\t<span class=\"ls-hebergement__icon\">\n\t\t\t\t\t\t<i class=\"violettes-groupe\"><\/i>\n\t\t\t\t\t\t<span>4<\/span>\n\t\t\t\t\t<\/span>\n\t\t\t\t\n\t\t\t\t\t\t\t\t\t<span class=\"ls-hebergement__icon\">\n\t\t\t\t\t\t<i class=\"violettes-porte-ouverte\"><\/i>\n\t\t\t\t\t\t<span>2<\/span>\n\t\t\t\t\t<\/span>\n\t\t\t\t\n\t\t\t\t\t\t\t\t\t<span class=\"ls-hebergement__icon\">\n\t\t\t\t\t\t<i class=\"violettes-sdb\"><\/i>\n\t\t\t\t\t\t<span>1<\/span>\n\t\t\t\t\t<\/span>\n\t\t\t\t\n\t\t\t\t\t\t\t\t\t<span class=\"ls-hebergement__icon\">\n\t\t\t\t\t\t<i class=\"violettes-surface\"><\/i>\n\t\t\t\t\t\t<span>28m\u00b2<\/span>\n\t\t\t\t\t<\/span>\n\t\t\t\t\n\n\n\t\t\t\t<span class=\"ls-hebergement__icon\"><i class=\"violettes-climatisation\"><\/i><\/span>\n\t\t\t<\/div>\n\t\t<\/div>\n\t<\/div>\n<\/div><div class=\"ls-hebergement\" data-postid='1977' data-id-reservation='121691' data-id-site='' data-id1='' data-nombre_de_personnes='6' data-nombre_de_chambres='' data-type='emplacement' data-options-hebergements=''>\n\t<div class=\"ls-hebergement__thumb\">\n\t\t\t\t<img decoding=\"async\" src=\"https:\/\/www.campinglesviolettes.com\/wp-content\/uploads\/2023\/03\/camping-les-violettes.png\" alt=\"Paquete ubicaci\u00f3n\" \/>\n\t<\/div>\n\t\t\t<div class=\"ls-hebergement__prix\">En  22 \u20ac por noche<\/div>\n\t \n\t<div class=\"ls-hebergement__content\">\n\t\t<div class=\"ls-hebergement__title\">\n\t\t\tPaquete ubicaci\u00f3n\t\t<\/div>\n\n\t\t<div class=\"ls-hebergement__details\">\n\n\t\t\t<div class=\"ls-hebergement__icons\">\n\n\t\t\t\t\t\t\t\t\t<span class=\"ls-hebergement__icon\">\n\t\t\t\t\t\t<i class=\"violettes-groupe\"><\/i>\n\t\t\t\t\t\t<span>6<\/span>\n\t\t\t\t\t<\/span>\n\t\t\t\t\n\t\t\t\t\n\t\t\t\t\n\t\t\t\t\n\n\n\t\t\t\t\n\t\t\t<\/div>\n\t\t<\/div>\n\t<\/div>\n<\/div><div class=\"ls-hebergement\" data-postid='1975' data-id-reservation='107353' data-id-site='' data-id1='' data-nombre_de_personnes='2' data-nombre_de_chambres='1' data-type='chalet location' data-options-hebergements=''>\n\t<div class=\"ls-hebergement__thumb\">\n\t\t\t\t<img decoding=\"async\" src=\"https:\/\/www.campinglesviolettes.com\/wp-content\/uploads\/2023\/02\/chalets-etapes-camping-les-violettes.jpg\" alt=\"Chalet Etape (Sin instalaciones sanitarias)\" \/>\n\t<\/div>\n\t \n\t<div class=\"ls-hebergement__content\">\n\t\t<div class=\"ls-hebergement__title\">\n\t\t\tChalet Etape (Sin instalaciones sanitarias)\t\t<\/div>\n\n\t\t<div class=\"ls-hebergement__details\">\n\n\t\t\t<div class=\"ls-hebergement__icons\">\n\n\t\t\t\t\t\t\t\t\t<span class=\"ls-hebergement__icon\">\n\t\t\t\t\t\t<i class=\"violettes-groupe\"><\/i>\n\t\t\t\t\t\t<span>2<\/span>\n\t\t\t\t\t<\/span>\n\t\t\t\t\n\t\t\t\t\t\t\t\t\t<span class=\"ls-hebergement__icon\">\n\t\t\t\t\t\t<i class=\"violettes-porte-ouverte\"><\/i>\n\t\t\t\t\t\t<span>1<\/span>\n\t\t\t\t\t<\/span>\n\t\t\t\t\n\t\t\t\t\n\t\t\t\t\t\t\t\t\t<span class=\"ls-hebergement__icon\">\n\t\t\t\t\t\t<i class=\"violettes-surface\"><\/i>\n\t\t\t\t\t\t<span>12m\u00b2<\/span>\n\t\t\t\t\t<\/span>\n\t\t\t\t\n\n\n\t\t\t\t\n\t\t\t<\/div>\n\t\t<\/div>\n\t<\/div>\n<\/div><div class=\"ls-hebergement\" data-postid='1976' data-id-reservation='84145' data-id-site='' data-id1='' data-nombre_de_personnes='4' data-nombre_de_chambres='2' data-type='location mobil-home' data-options-hebergements='climatisation'>\n\t<div class=\"ls-hebergement__thumb\">\n\t\t\t\t<img decoding=\"async\" src=\"https:\/\/www.campinglesviolettes.com\/wp-content\/uploads\/2023\/03\/pmr.jpg\" alt=\"Casa m\u00f3vil 2 dormitorios (Acceso PMR)\" \/>\n\t<\/div>\n\t \n\t<div class=\"ls-hebergement__content\">\n\t\t<div class=\"ls-hebergement__title\">\n\t\t\tCasa m\u00f3vil 2 dormitorios (Acceso PMR)\t\t<\/div>\n\n\t\t<div class=\"ls-hebergement__details\">\n\n\t\t\t<div class=\"ls-hebergement__icons\">\n\n\t\t\t\t\t\t\t\t\t<span class=\"ls-hebergement__icon\">\n\t\t\t\t\t\t<i class=\"violettes-groupe\"><\/i>\n\t\t\t\t\t\t<span>4<\/span>\n\t\t\t\t\t<\/span>\n\t\t\t\t\n\t\t\t\t\t\t\t\t\t<span class=\"ls-hebergement__icon\">\n\t\t\t\t\t\t<i class=\"violettes-porte-ouverte\"><\/i>\n\t\t\t\t\t\t<span>2<\/span>\n\t\t\t\t\t<\/span>\n\t\t\t\t\n\t\t\t\t\t\t\t\t\t<span class=\"ls-hebergement__icon\">\n\t\t\t\t\t\t<i class=\"violettes-sdb\"><\/i>\n\t\t\t\t\t\t<span>1<\/span>\n\t\t\t\t\t<\/span>\n\t\t\t\t\n\t\t\t\t\t\t\t\t\t<span class=\"ls-hebergement__icon\">\n\t\t\t\t\t\t<i class=\"violettes-surface\"><\/i>\n\t\t\t\t\t\t<span>28m\u00b2<\/span>\n\t\t\t\t\t<\/span>\n\t\t\t\t\n\n\n\t\t\t\t<span class=\"ls-hebergement__icon\"><i class=\"violettes-climatisation\"><\/i><\/span>\n\t\t\t<\/div>\n\t\t<\/div>\n\t<\/div>\n<\/div><div class=\"ls-hebergement\" data-postid='1969' data-id-reservation='90541' data-id-site='' data-id1='' data-nombre_de_personnes='6' data-nombre_de_chambres='3' data-type='location mobil-home' data-options-hebergements='climatisation'>\n\t<div class=\"ls-hebergement__thumb\">\n\t\t\t\t<img decoding=\"async\" src=\"https:\/\/www.campinglesviolettes.com\/wp-content\/uploads\/2023\/03\/IMG_3711-1.jpg\" alt=\"Casa m\u00f3vil de 3 dormitorios.\" \/>\n\t<\/div>\n\t \n\t<div class=\"ls-hebergement__content\">\n\t\t<div class=\"ls-hebergement__title\">\n\t\t\tCasa m\u00f3vil de 3 dormitorios.\t\t<\/div>\n\n\t\t<div class=\"ls-hebergement__details\">\n\n\t\t\t<div class=\"ls-hebergement__icons\">\n\n\t\t\t\t\t\t\t\t\t<span class=\"ls-hebergement__icon\">\n\t\t\t\t\t\t<i class=\"violettes-groupe\"><\/i>\n\t\t\t\t\t\t<span>6<\/span>\n\t\t\t\t\t<\/span>\n\t\t\t\t\n\t\t\t\t\t\t\t\t\t<span class=\"ls-hebergement__icon\">\n\t\t\t\t\t\t<i class=\"violettes-porte-ouverte\"><\/i>\n\t\t\t\t\t\t<span>3<\/span>\n\t\t\t\t\t<\/span>\n\t\t\t\t\n\t\t\t\t\t\t\t\t\t<span class=\"ls-hebergement__icon\">\n\t\t\t\t\t\t<i class=\"violettes-sdb\"><\/i>\n\t\t\t\t\t\t<span>1<\/span>\n\t\t\t\t\t<\/span>\n\t\t\t\t\n\t\t\t\t\t\t\t\t\t<span class=\"ls-hebergement__icon\">\n\t\t\t\t\t\t<i class=\"violettes-surface\"><\/i>\n\t\t\t\t\t\t<span>32m\u00b2<\/span>\n\t\t\t\t\t<\/span>\n\t\t\t\t\n\n\n\t\t\t\t<span class=\"ls-hebergement__icon\"><i class=\"violettes-climatisation\"><\/i><\/span>\n\t\t\t<\/div>\n\t\t<\/div>\n\t<\/div>\n<\/div><div class=\"ls-hebergement\" data-postid='1970' data-id-reservation='121692' data-id-site='' data-id1='' data-nombre_de_personnes='6' data-nombre_de_chambres='2' data-type='location lodge' data-options-hebergements=''>\n\t<div class=\"ls-hebergement__thumb\">\n\t\t\t\t<img decoding=\"async\" src=\"https:\/\/www.campinglesviolettes.com\/wp-content\/uploads\/2023\/02\/lodge-sanitaires-rotated-e1707495520548.jpg\" alt=\"Tienda de campa\u00f1a Premium Lodge (con instalaciones sanitarias)\" \/>\n\t<\/div>\n\t \n\t<div class=\"ls-hebergement__content\">\n\t\t<div class=\"ls-hebergement__title\">\n\t\t\tTienda de campa\u00f1a Premium Lodge (con instalaciones sanitarias)\t\t<\/div>\n\n\t\t<div class=\"ls-hebergement__details\">\n\n\t\t\t<div class=\"ls-hebergement__icons\">\n\n\t\t\t\t\t\t\t\t\t<span class=\"ls-hebergement__icon\">\n\t\t\t\t\t\t<i class=\"violettes-groupe\"><\/i>\n\t\t\t\t\t\t<span>6<\/span>\n\t\t\t\t\t<\/span>\n\t\t\t\t\n\t\t\t\t\t\t\t\t\t<span class=\"ls-hebergement__icon\">\n\t\t\t\t\t\t<i class=\"violettes-porte-ouverte\"><\/i>\n\t\t\t\t\t\t<span>2<\/span>\n\t\t\t\t\t<\/span>\n\t\t\t\t\n\t\t\t\t\t\t\t\t\t<span class=\"ls-hebergement__icon\">\n\t\t\t\t\t\t<i class=\"violettes-sdb\"><\/i>\n\t\t\t\t\t\t<span>1<\/span>\n\t\t\t\t\t<\/span>\n\t\t\t\t\n\t\t\t\t\n\n\n\t\t\t\t\n\t\t\t<\/div>\n\t\t<\/div>\n\t<\/div>\n<\/div><div class=\"ls-hebergement\" data-postid='1961' data-id-reservation='107442' data-id-site='' data-id1='' data-nombre_de_personnes='4' data-nombre_de_chambres='2' data-type='chalet location' data-options-hebergements=''>\n\t<div class=\"ls-hebergement__thumb\">\n\t\t\t\t<img decoding=\"async\" src=\"https:\/\/www.campinglesviolettes.com\/wp-content\/uploads\/2023\/02\/chalets-etapes-camping-les-violettes.jpg\" alt=\"Chalet Etape (Sin instalaciones sanitarias)\" \/>\n\t<\/div>\n\t \n\t<div class=\"ls-hebergement__content\">\n\t\t<div class=\"ls-hebergement__title\">\n\t\t\tChalet Etape (Sin instalaciones sanitarias)\t\t<\/div>\n\n\t\t<div class=\"ls-hebergement__details\">\n\n\t\t\t<div class=\"ls-hebergement__icons\">\n\n\t\t\t\t\t\t\t\t\t<span class=\"ls-hebergement__icon\">\n\t\t\t\t\t\t<i class=\"violettes-groupe\"><\/i>\n\t\t\t\t\t\t<span>4<\/span>\n\t\t\t\t\t<\/span>\n\t\t\t\t\n\t\t\t\t\t\t\t\t\t<span class=\"ls-hebergement__icon\">\n\t\t\t\t\t\t<i class=\"violettes-porte-ouverte\"><\/i>\n\t\t\t\t\t\t<span>2<\/span>\n\t\t\t\t\t<\/span>\n\t\t\t\t\n\t\t\t\t\n\t\t\t\t\t\t\t\t\t<span class=\"ls-hebergement__icon\">\n\t\t\t\t\t\t<i class=\"violettes-surface\"><\/i>\n\t\t\t\t\t\t<span>12m\u00b2<\/span>\n\t\t\t\t\t<\/span>\n\t\t\t\t\n\n\n\t\t\t\t\n\t\t\t<\/div>\n\t\t<\/div>\n\t<\/div>\n<\/div><div class=\"ls-hebergement\" data-postid='1962' data-id-reservation='121689' data-id-site='' data-id1='' data-nombre_de_personnes='1' data-nombre_de_chambres='' data-type='emplacement' data-options-hebergements=''>\n\t<div class=\"ls-hebergement__thumb\">\n\t\t\t\t<img decoding=\"async\" src=\"https:\/\/www.campinglesviolettes.com\/wp-content\/uploads\/2023\/03\/camping-velo-toulouse.webp\" alt=\"Paquete excursionista\/ciclista en solitario\" \/>\n\t<\/div>\n\t\t\t<div class=\"ls-hebergement__prix\">En  12 \u20ac por noche<\/div>\n\t \n\t<div class=\"ls-hebergement__content\">\n\t\t<div class=\"ls-hebergement__title\">\n\t\t\tPaquete excursionista\/ciclista en solitario\t\t<\/div>\n\n\t\t<div class=\"ls-hebergement__details\">\n\n\t\t\t<div class=\"ls-hebergement__icons\">\n\n\t\t\t\t\t\t\t\t\t<span class=\"ls-hebergement__icon\">\n\t\t\t\t\t\t<i class=\"violettes-groupe\"><\/i>\n\t\t\t\t\t\t<span>1<\/span>\n\t\t\t\t\t<\/span>\n\t\t\t\t\n\t\t\t\t\n\t\t\t\t\n\t\t\t\t\n\n\n\t\t\t\t\n\t\t\t<\/div>\n\t\t<\/div>\n\t<\/div>\n<\/div><div class=\"ls-hebergement\" data-postid='1964' data-id-reservation='90539' data-id-site='' data-id1='' data-nombre_de_personnes='5' data-nombre_de_chambres='2' data-type='location lodge' data-options-hebergements=''>\n\t<div class=\"ls-hebergement__thumb\">\n\t\t\t\t<img decoding=\"async\" src=\"https:\/\/www.campinglesviolettes.com\/wp-content\/uploads\/2023\/02\/lodges-terrasses-camping-les-violettes.jpg\" alt=\"Tienda de campa\u00f1a (sin instalaciones sanitarias)\" \/>\n\t<\/div>\n\t \n\t<div class=\"ls-hebergement__content\">\n\t\t<div class=\"ls-hebergement__title\">\n\t\t\tTienda de campa\u00f1a (sin instalaciones sanitarias)\t\t<\/div>\n\n\t\t<div class=\"ls-hebergement__details\">\n\n\t\t\t<div class=\"ls-hebergement__icons\">\n\n\t\t\t\t\t\t\t\t\t<span class=\"ls-hebergement__icon\">\n\t\t\t\t\t\t<i class=\"violettes-groupe\"><\/i>\n\t\t\t\t\t\t<span>5<\/span>\n\t\t\t\t\t<\/span>\n\t\t\t\t\n\t\t\t\t\t\t\t\t\t<span class=\"ls-hebergement__icon\">\n\t\t\t\t\t\t<i class=\"violettes-porte-ouverte\"><\/i>\n\t\t\t\t\t\t<span>2<\/span>\n\t\t\t\t\t<\/span>\n\t\t\t\t\n\t\t\t\t\n\t\t\t\t\n\n\n\t\t\t\t\n\t\t\t<\/div>\n\t\t<\/div>\n\t<\/div>\n<\/div><\/div><\/div>\n\r\n    <\/div>\r\n<\/section><section id=\"ls-section-block_6d65d13000563d4dd8d3b0947ebec77b\" class=\"ls-section  home-second\" >\r\n        <div class=\"container container--wide\">\r\n        \n\n<div class=\"wp-block-columns are-vertically-aligned-center atout-container animated fadeInLeft is-layout-flex wp-container-core-columns-is-layout-9d6595d7 wp-block-columns-is-layout-flex\">\n<div class=\"wp-block-column is-vertically-aligned-center bloc-atouts animated fadeInLeft is-layout-flow wp-block-column-is-layout-flow\" style=\"flex-basis:66.66%\">\n<div class=\"wp-block-columns atouts is-layout-flex wp-container-core-columns-is-layout-9d6595d7 wp-block-columns-is-layout-flex\">\n<div class=\"wp-block-column animated fadeIn delay-200ms slow is-layout-flow wp-block-column-is-layout-flow\"><\/div>\n<\/div>\n\n\n\n<figure class=\"wp-block-gallery has-nested-images columns-default is-cropped wp-block-gallery-2 is-layout-flex wp-block-gallery-is-layout-flex\">\n<figure class=\"wp-block-image size-full\"><img decoding=\"async\" width=\"600\" height=\"915\" data-id=\"4440\" src=\"https:\/\/www.campinglesviolettes.com\/wp-content\/uploads\/2025\/07\/IMG_1412-1.jpg\" alt=\"IMG 1412 (1)\" class=\"wp-image-4440\" srcset=\"https:\/\/www.campinglesviolettes.com\/wp-content\/uploads\/2025\/07\/IMG_1412-1.jpg 600w, https:\/\/www.campinglesviolettes.com\/wp-content\/uploads\/2025\/07\/IMG_1412-1-197x300.jpg 197w\" sizes=\"(max-width: 600px) 100vw, 600px\" \/><\/figure>\n<\/figure>\n<\/div>\n\n\n\n<div class=\"wp-block-column is-vertically-aligned-center is-layout-flow wp-block-column-is-layout-flow\" style=\"flex-basis:33.33%\">\n<h2 class=\"ls__heading wp-block-heading\">Un camping de 3 estrellas cerca de Carcasona con piscina para unas vacaciones inolvidables.<\/h2>\n\n\n\n<p class=\"ls-paragraph\">Alojarse en nuestro<a href=\"https:\/\/www.campinglesviolettes.com\/es\/camping-piscina-climatizada-toulouse\/\"> camping en Haute-Garonne con zona acu\u00e1tica <\/a>significa disfrutar de un alojamiento confortable&#8230; pero tambi\u00e9n de una <strong>zona acu\u00e1tica pensada para toda la familia.<\/strong> En cuanto sale el sol, la piscina se convierte en el centro del camping: \u00a1relajaci\u00f3n, risas y chapuzones garantizados! <\/p>\n\n\n\n<p class=\"ls-paragraph\">La piscina del camping est\u00e1 abierta desde mediados de mayo hasta mediados de septiembre, ofreciendo un <strong>momento refrescante y relajante para todas las edades<\/strong>. Mientras los padres se relajan en las tumbonas, los ni\u00f1os pueden disfrutar de la zona de juegos acu\u00e1ticos: chorros de agua, estructuras l\u00fadicas, risas y salpicaduras est\u00e1n siempre garantizados. En temporada alta, los <strong>toboganes <\/strong>completan el espacio para ofrecer a\u00fan<strong> m\u00e1s diversi\u00f3n y emociones<\/strong> fuertes.<strong> Nuestro camping de 3 estrellas cerca de Carcasona<\/strong> es la promesa de una estancia que combina patrimonio, naturaleza y momentos de puro placer, en el coraz\u00f3n de una de las regiones m\u00e1s bellas de Occitania.  <\/p>\n<\/div>\n<\/div>\n\n\r\n    <\/div>\r\n<\/section><section id=\"ls-section-block_e32fa4487742c8c73788978e557ffa32\" class=\"ls-section \" >\r\n        <div class=\"container container--wide\">\r\n        \n\n<div class=\"wp-block-columns is-layout-flex wp-container-core-columns-is-layout-9d6595d7 wp-block-columns-is-layout-flex\">\n<div class=\"wp-block-column is-layout-flow wp-block-column-is-layout-flow\">\n<div class=\"wp-block-columns are-vertically-aligned-center animated fadeInLeft slower is-layout-flex wp-container-core-columns-is-layout-9d6595d7 wp-block-columns-is-layout-flex\">\n<div class=\"wp-block-column is-vertically-aligned-center is-layout-flow wp-block-column-is-layout-flow\" style=\"flex-basis:40%\">\n<h2 class=\"ls__heading wp-block-heading\">Servicios y actividades en su camping de 3 estrellas en Carcasona<\/h2>\n\n\n\n<p class=\"ls-paragraph\">Elegir un <strong>camping de 3 estrellas cerca de Carcasona<\/strong> es disfrutar de un entorno tranquilo, acogedor y perfectamente equipado para garantizarle unas vacaciones sin preocupaciones, entre patrimonio, naturaleza y relajaci\u00f3n. En nuestro camping, todo est\u00e1 pensado para <strong>simplificarle la vida<\/strong> y hacer que su <strong>estancia sea tan agradable como pr\u00e1ctica.<\/strong> <\/p>\n\n\n\n<h3 class=\"ls__heading wp-block-heading\">Las actividades de nuestro camping de 3 estrellas cerca de Carcasona<\/h3>\n\n\n\n<p class=\"ls-paragraph\">En temporada alta, el buen humor est\u00e1 garantizado con <strong>actividades familiares<\/strong> por la noche que re\u00fanen a grandes y peque\u00f1os en un ambiente acogedor:<\/p>\n\n\n\n<ul class=\"ls-list ls-list-undefined wp-block-list\">\n<li>concursos musicales y noches de karaoke,<\/li>\n\n\n\n<li>minidisco con la mascota del camping,<\/li>\n\n\n\n<li>animaciones festivas para recuerdos inolvidables.<\/li>\n<\/ul>\n\n\n\n<p class=\"ls-paragraph\">Durante el d\u00eda, cada uno encuentra su actividad favorita entre una amplia gama de instalaciones de ocio:<\/p>\n\n\n\n<p class=\"ls-paragraph\">Espacio de fitness al aire libre para mantenerse en forma incluso durante las vacaciones.<\/p>\n\n\n\n<p class=\"ls-paragraph\">\u00c1rea de fitness al aire libre para mantenerse en forma incluso durante sus vacaciones.<\/p>\n\n\n\n<p class=\"ls-paragraph\">pistas de petanca para jugar con amigos o vecinos,<\/p>\n\n\n\n<p class=\"ls-paragraph\">mesas de ping-pong y camas el\u00e1sticas para divertirse sin l\u00edmites,<\/p>\n\n\n\n<p class=\"ls-paragraph\">Gran zona de juegos segura para los ni\u00f1os, con toboganes, columpios y tiovivos.<\/p>\n<\/div>\n\n\n\n<div class=\"wp-block-column is-vertically-aligned-center is-layout-flow wp-block-column-is-layout-flow\" style=\"flex-basis:60%\"><div class=\"wp-block-image violettes-piscine\">\n<figure class=\"alignright size-full\"><a href=\"https:\/\/www.campinglesviolettes.com\/wp-content\/uploads\/2023\/08\/IMG-1251-scaled.jpg\"><img decoding=\"async\" width=\"1920\" height=\"2560\" src=\"https:\/\/www.campinglesviolettes.com\/wp-content\/uploads\/2023\/08\/IMG-1251-scaled.jpg\" alt=\"IMG 1251\" class=\"wp-image-2763\" srcset=\"https:\/\/www.campinglesviolettes.com\/wp-content\/uploads\/2023\/08\/IMG-1251-scaled.jpg 1920w, https:\/\/www.campinglesviolettes.com\/wp-content\/uploads\/2023\/08\/IMG-1251-225x300.jpg 225w, https:\/\/www.campinglesviolettes.com\/wp-content\/uploads\/2023\/08\/IMG-1251-768x1024.jpg 768w, https:\/\/www.campinglesviolettes.com\/wp-content\/uploads\/2023\/08\/IMG-1251-1152x1536.jpg 1152w, https:\/\/www.campinglesviolettes.com\/wp-content\/uploads\/2023\/08\/IMG-1251-1536x2048.jpg 1536w\" sizes=\"(max-width: 1920px) 100vw, 1920px\" \/><\/a><\/figure>\n<\/div><\/div>\n<\/div>\n<\/div>\n<\/div>\n\n\n\n<div class=\"wp-block-columns is-layout-flex wp-container-core-columns-is-layout-9d6595d7 wp-block-columns-is-layout-flex\">\n<div class=\"wp-block-column is-layout-flow wp-block-column-is-layout-flow\">\n<div class=\"wp-block-columns are-vertically-aligned-center animated fadeInLeft slower is-layout-flex wp-container-core-columns-is-layout-9d6595d7 wp-block-columns-is-layout-flex\">\n<div class=\"wp-block-column is-vertically-aligned-center is-layout-flow wp-block-column-is-layout-flow\" style=\"flex-basis:60%\"><div class=\"wp-block-image violettes-piscine\">\n<figure class=\"alignright size-full\"><a href=\"https:\/\/www.campinglesviolettes.com\/wp-content\/uploads\/2025\/07\/scaled-1.jpg\"><img decoding=\"async\" width=\"1920\" height=\"1132\" src=\"https:\/\/www.campinglesviolettes.com\/wp-content\/uploads\/2025\/07\/scaled-1.jpg\" alt=\"scaled (1)\" class=\"wp-image-4422\" srcset=\"https:\/\/www.campinglesviolettes.com\/wp-content\/uploads\/2025\/07\/scaled-1.jpg 1920w, https:\/\/www.campinglesviolettes.com\/wp-content\/uploads\/2025\/07\/scaled-1-300x177.jpg 300w, https:\/\/www.campinglesviolettes.com\/wp-content\/uploads\/2025\/07\/scaled-1-1024x604.jpg 1024w, https:\/\/www.campinglesviolettes.com\/wp-content\/uploads\/2025\/07\/scaled-1-768x453.jpg 768w, https:\/\/www.campinglesviolettes.com\/wp-content\/uploads\/2025\/07\/scaled-1-1536x906.jpg 1536w\" sizes=\"(max-width: 1920px) 100vw, 1920px\" \/><\/a><\/figure>\n<\/div><\/div>\n\n\n\n<div class=\"wp-block-column is-vertically-aligned-center is-layout-flow wp-block-column-is-layout-flow\" style=\"flex-basis:40%\">\n<h3 class=\"ls__heading wp-block-heading\">Los servicios de nuestro camping de 3 estrellas cerca de Carcasona<\/h3>\n\n\n\n<p class=\"ls-paragraph\">Y para que todo sea m\u00e1s sencillo en el d\u00eda a d\u00eda, nuestro <a href=\"https:\/\/www.campinglesviolettes.com\/es\/camping-barato-toulouse\/\">camping econ\u00f3mico en Haute-Garonne<\/a> pone a su disposici\u00f3n numerosos<strong> servicios pr\u00e1cticos:<\/strong><\/p>\n\n\n\n<ul class=\"ls-list ls-list-undefined wp-block-list\">\n<li>una tienda de comestibles con productos de primera necesidad,<\/li>\n\n\n\n<li>Entrega de pan y boller\u00eda cada ma\u00f1ana.<\/li>\n\n\n\n<li>lavander\u00eda autoservicio,<\/li>\n\n\n\n<li>Rinc\u00f3n con televisi\u00f3n y biblioteca para momentos de relax.<\/li>\n\n\n\n<li>alquiler de kits para beb\u00e9s, ropa de cama o nevera,<\/li>\n\n\n\n<li>Wifi disponible en recepci\u00f3n con tarifas adaptadas.<\/li>\n<\/ul>\n\n\n\n<p class=\"ls-paragraph\">En nuestro <strong>camping de 3 estrellas cerca de Carcasona,<\/strong> cada detalle cuenta para que sus vacaciones est\u00e9n marcadas por la relajaci\u00f3n, el placer y el confort.<\/p>\n<\/div>\n<\/div>\n<\/div>\n<\/div>\n\n\n\n<div class=\"wp-block-columns is-layout-flex wp-container-core-columns-is-layout-9d6595d7 wp-block-columns-is-layout-flex\">\n<div class=\"wp-block-column is-layout-flow wp-block-column-is-layout-flow\">\n<div class=\"wp-block-columns are-vertically-aligned-center animated fadeInLeft slower is-layout-flex wp-container-core-columns-is-layout-9d6595d7 wp-block-columns-is-layout-flex\">\n<div class=\"wp-block-column is-vertically-aligned-center is-layout-flow wp-block-column-is-layout-flow\" style=\"flex-basis:40%\">\n<h2 class=\"ls__heading wp-block-heading\">\u00bfQu\u00e9 hacer en los alrededores de nuestro camping de 3 estrellas cerca de Carcasona?<\/h2>\n\n\n\n<p class=\"ls-paragraph\">Al alojarse en un <strong>camping cerca de Carcasona<\/strong>, se encontrar\u00e1 en el coraz\u00f3n de un territorio excepcional. La ciudad medieval, a 83 kil\u00f3metros, declarada Patrimonio de la Humanidad por la UNESCO, es una visita obligada que le transportar\u00e1 a la historia: las murallas, las callejuelas y el castillo Comtal le ofrecen una inmersi\u00f3n \u00fanica en la Edad Media. A 87 kil\u00f3metros,<strong> la bas\u00edlica de Saint-Nazaire<\/strong> seduce por sus vidrieras y su notable arquitectura.  <\/p>\n\n\n\n<p class=\"ls-paragraph\">Cruce el <strong>Pont Vieux<\/strong> a 82 kil\u00f3metros para llegar a la <strong>Bastide Saint-Louis,<\/strong> el coraz\u00f3n vivo de la ciudad baja, antes de salir a descubrir los alrededores: el l<strong>ago de la Cavay\u00e8re<\/strong> para una pausa en la naturaleza, o <strong>Montolieu<\/strong>, un encantador pueblo dedicado a los libros y al arte.<\/p>\n\n\n\n<p class=\"ls-paragraph\"> Reserve ahora su estancia en un <strong>camping de 3 estrellas cerca de Carcasona<\/strong> y sum\u00e9rjase en el coraz\u00f3n de una regi\u00f3n rica en historia, naturaleza y descubrimientos. Alojamientos confortables, piscina, animaciones, patrimonio excepcional&#8230; \u00a1Todo lo necesario para unas <strong>vacaciones inolvidables <\/strong>en Haute Garonne! <\/p>\n<\/div>\n\n\n\n<div class=\"wp-block-column is-vertically-aligned-center is-layout-flow wp-block-column-is-layout-flow\" style=\"flex-basis:60%\"><div class=\"wp-block-image violettes-piscine\">\n<figure class=\"alignright size-full\"><a href=\"https:\/\/www.campinglesviolettes.com\/wp-content\/uploads\/2025\/07\/473732876_2651562981897951_6190374740110782958_n-1.jpg\"><img decoding=\"async\" width=\"600\" height=\"624\" src=\"https:\/\/www.campinglesviolettes.com\/wp-content\/uploads\/2025\/07\/473732876_2651562981897951_6190374740110782958_n-1.jpg\" alt=\"473732876 2651562981897951 6190374740110782958 n (1)\" class=\"wp-image-4436\" srcset=\"https:\/\/www.campinglesviolettes.com\/wp-content\/uploads\/2025\/07\/473732876_2651562981897951_6190374740110782958_n-1.jpg 600w, https:\/\/www.campinglesviolettes.com\/wp-content\/uploads\/2025\/07\/473732876_2651562981897951_6190374740110782958_n-1-288x300.jpg 288w\" sizes=\"(max-width: 600px) 100vw, 600px\" \/><\/a><\/figure>\n<\/div><\/div>\n<\/div>\n<\/div>\n<\/div>\n\n\r\n    <\/div>\r\n<\/section>","protected":false},"excerpt":{"rendered":"","protected":false},"author":6,"featured_media":0,"parent":0,"menu_order":0,"comment_status":"closed","ping_status":"closed","template":"","meta":{"_acf_changed":false,"footnotes":""},"sujet":[],"class_list":["post-5489","page","type-page","status-publish","hentry"],"acf":[],"yoast_head":"<!-- This site is optimized with the Yoast SEO plugin v23.4 - https:\/\/yoast.com\/wordpress\/plugins\/seo\/ -->\n<title>Camping Carcasona: reserve su estancia cerca de la ciudad medieval<\/title>\n<meta name=\"description\" content=\"Descubra nuestro camping en Carcasona, ideal para una estancia inolvidable cerca de la ciudad medieval. Reserve sus vacaciones y explore la historia y los paisajes del Aude con total tranquilidad.\" \/>\n<meta name=\"robots\" content=\"index, follow, max-snippet:-1, max-image-preview:large, max-video-preview:-1\" \/>\n<link rel=\"canonical\" href=\"https:\/\/www.campinglesviolettes.com\/es\/camping-carcassonne\/\" \/>\n<meta property=\"og:locale\" content=\"es_ES\" \/>\n<meta property=\"og:type\" content=\"article\" \/>\n<meta property=\"og:title\" content=\"Camping Carcasona: reserve su estancia cerca de la ciudad medieval\" \/>\n<meta property=\"og:description\" content=\"Descubra nuestro camping en Carcasona, ideal para una estancia inolvidable cerca de la ciudad medieval. Reserve sus vacaciones y explore la historia y los paisajes del Aude con total tranquilidad.\" \/>\n<meta property=\"og:url\" content=\"https:\/\/www.campinglesviolettes.com\/es\/camping-carcassonne\/\" \/>\n<meta property=\"og:site_name\" content=\"Les Violettes\" \/>\n<meta property=\"article:modified_time\" content=\"2025-11-05T16:08:27+00:00\" \/>\n<meta property=\"og:image\" content=\"https:\/\/www.campinglesviolettes.com\/wp-content\/uploads\/2023\/03\/mh-2-ch.jpg\" \/>\n<meta name=\"twitter:card\" content=\"summary_large_image\" \/>\n<meta name=\"twitter:label1\" content=\"Tiempo de lectura\" \/>\n\t<meta name=\"twitter:data1\" content=\"5 minutos\" \/>\n<script type=\"application\/ld+json\" class=\"yoast-schema-graph\">{\"@context\":\"https:\/\/schema.org\",\"@graph\":[{\"@type\":\"WebPage\",\"@id\":\"https:\/\/www.campinglesviolettes.com\/es\/camping-carcassonne\/\",\"url\":\"https:\/\/www.campinglesviolettes.com\/es\/camping-carcassonne\/\",\"name\":\"Camping Carcasona: reserve su estancia cerca de la ciudad medieval\",\"isPartOf\":{\"@id\":\"https:\/\/www.campinglesviolettes.com\/#website\"},\"primaryImageOfPage\":{\"@id\":\"https:\/\/www.campinglesviolettes.com\/es\/camping-carcassonne\/#primaryimage\"},\"image\":{\"@id\":\"https:\/\/www.campinglesviolettes.com\/es\/camping-carcassonne\/#primaryimage\"},\"thumbnailUrl\":\"https:\/\/www.campinglesviolettes.com\/wp-content\/uploads\/2023\/03\/mh-2-ch.jpg\",\"datePublished\":\"2025-11-05T16:08:26+00:00\",\"dateModified\":\"2025-11-05T16:08:27+00:00\",\"description\":\"Descubra nuestro camping en Carcasona, ideal para una estancia inolvidable cerca de la ciudad medieval. Reserve sus vacaciones y explore la historia y los paisajes del Aude con total tranquilidad.\",\"breadcrumb\":{\"@id\":\"https:\/\/www.campinglesviolettes.com\/es\/camping-carcassonne\/#breadcrumb\"},\"inLanguage\":\"es\",\"potentialAction\":[{\"@type\":\"ReadAction\",\"target\":[\"https:\/\/www.campinglesviolettes.com\/es\/camping-carcassonne\/\"]}]},{\"@type\":\"ImageObject\",\"inLanguage\":\"es\",\"@id\":\"https:\/\/www.campinglesviolettes.com\/es\/camping-carcassonne\/#primaryimage\",\"url\":\"https:\/\/www.campinglesviolettes.com\/wp-content\/uploads\/2023\/03\/mh-2-ch.jpg\",\"contentUrl\":\"https:\/\/www.campinglesviolettes.com\/wp-content\/uploads\/2023\/03\/mh-2-ch.jpg\"},{\"@type\":\"BreadcrumbList\",\"@id\":\"https:\/\/www.campinglesviolettes.com\/es\/camping-carcassonne\/#breadcrumb\",\"itemListElement\":[{\"@type\":\"ListItem\",\"position\":1,\"name\":\"Camping Occitanie\",\"item\":\"https:\/\/www.campinglesviolettes.com\/es\/\"},{\"@type\":\"ListItem\",\"position\":2,\"name\":\"Camping Carcasona\"}]},{\"@type\":\"WebSite\",\"@id\":\"https:\/\/www.campinglesviolettes.com\/#website\",\"url\":\"https:\/\/www.campinglesviolettes.com\/\",\"name\":\"Les Violettes\",\"description\":\"\",\"publisher\":{\"@id\":\"https:\/\/www.campinglesviolettes.com\/#organization\"},\"potentialAction\":[{\"@type\":\"SearchAction\",\"target\":{\"@type\":\"EntryPoint\",\"urlTemplate\":\"https:\/\/www.campinglesviolettes.com\/?s={search_term_string}\"},\"query-input\":{\"@type\":\"PropertyValueSpecification\",\"valueRequired\":true,\"valueName\":\"search_term_string\"}}],\"inLanguage\":\"es\"},{\"@type\":\"Organization\",\"@id\":\"https:\/\/www.campinglesviolettes.com\/#organization\",\"name\":\"Les Violettes\",\"url\":\"https:\/\/www.campinglesviolettes.com\/\",\"logo\":{\"@type\":\"ImageObject\",\"inLanguage\":\"es\",\"@id\":\"https:\/\/www.campinglesviolettes.com\/#\/schema\/logo\/image\/\",\"url\":\"https:\/\/www.campinglesviolettes.com\/wp-content\/uploads\/2023\/02\/logo-camping-les-violettes.png\",\"contentUrl\":\"https:\/\/www.campinglesviolettes.com\/wp-content\/uploads\/2023\/02\/logo-camping-les-violettes.png\",\"width\":250,\"height\":206,\"caption\":\"Les Violettes\"},\"image\":{\"@id\":\"https:\/\/www.campinglesviolettes.com\/#\/schema\/logo\/image\/\"}}]}<\/script>\n<!-- \/ Yoast SEO plugin. -->","yoast_head_json":{"title":"Camping Carcasona: reserve su estancia cerca de la ciudad medieval","description":"Descubra nuestro camping en Carcasona, ideal para una estancia inolvidable cerca de la ciudad medieval. Reserve sus vacaciones y explore la historia y los paisajes del Aude con total tranquilidad.","robots":{"index":"index","follow":"follow","max-snippet":"max-snippet:-1","max-image-preview":"max-image-preview:large","max-video-preview":"max-video-preview:-1"},"canonical":"https:\/\/www.campinglesviolettes.com\/es\/camping-carcassonne\/","og_locale":"es_ES","og_type":"article","og_title":"Camping Carcasona: reserve su estancia cerca de la ciudad medieval","og_description":"Descubra nuestro camping en Carcasona, ideal para una estancia inolvidable cerca de la ciudad medieval. Reserve sus vacaciones y explore la historia y los paisajes del Aude con total tranquilidad.","og_url":"https:\/\/www.campinglesviolettes.com\/es\/camping-carcassonne\/","og_site_name":"Les Violettes","article_modified_time":"2025-11-05T16:08:27+00:00","og_image":[{"url":"https:\/\/www.campinglesviolettes.com\/wp-content\/uploads\/2023\/03\/mh-2-ch.jpg"}],"twitter_card":"summary_large_image","twitter_misc":{"Tiempo de lectura":"5 minutos"},"schema":{"@context":"https:\/\/schema.org","@graph":[{"@type":"WebPage","@id":"https:\/\/www.campinglesviolettes.com\/es\/camping-carcassonne\/","url":"https:\/\/www.campinglesviolettes.com\/es\/camping-carcassonne\/","name":"Camping Carcasona: reserve su estancia cerca de la ciudad medieval","isPartOf":{"@id":"https:\/\/www.campinglesviolettes.com\/#website"},"primaryImageOfPage":{"@id":"https:\/\/www.campinglesviolettes.com\/es\/camping-carcassonne\/#primaryimage"},"image":{"@id":"https:\/\/www.campinglesviolettes.com\/es\/camping-carcassonne\/#primaryimage"},"thumbnailUrl":"https:\/\/www.campinglesviolettes.com\/wp-content\/uploads\/2023\/03\/mh-2-ch.jpg","datePublished":"2025-11-05T16:08:26+00:00","dateModified":"2025-11-05T16:08:27+00:00","description":"Descubra nuestro camping en Carcasona, ideal para una estancia inolvidable cerca de la ciudad medieval. Reserve sus vacaciones y explore la historia y los paisajes del Aude con total tranquilidad.","breadcrumb":{"@id":"https:\/\/www.campinglesviolettes.com\/es\/camping-carcassonne\/#breadcrumb"},"inLanguage":"es","potentialAction":[{"@type":"ReadAction","target":["https:\/\/www.campinglesviolettes.com\/es\/camping-carcassonne\/"]}]},{"@type":"ImageObject","inLanguage":"es","@id":"https:\/\/www.campinglesviolettes.com\/es\/camping-carcassonne\/#primaryimage","url":"https:\/\/www.campinglesviolettes.com\/wp-content\/uploads\/2023\/03\/mh-2-ch.jpg","contentUrl":"https:\/\/www.campinglesviolettes.com\/wp-content\/uploads\/2023\/03\/mh-2-ch.jpg"},{"@type":"BreadcrumbList","@id":"https:\/\/www.campinglesviolettes.com\/es\/camping-carcassonne\/#breadcrumb","itemListElement":[{"@type":"ListItem","position":1,"name":"Camping Occitanie","item":"https:\/\/www.campinglesviolettes.com\/es\/"},{"@type":"ListItem","position":2,"name":"Camping Carcasona"}]},{"@type":"WebSite","@id":"https:\/\/www.campinglesviolettes.com\/#website","url":"https:\/\/www.campinglesviolettes.com\/","name":"Les Violettes","description":"","publisher":{"@id":"https:\/\/www.campinglesviolettes.com\/#organization"},"potentialAction":[{"@type":"SearchAction","target":{"@type":"EntryPoint","urlTemplate":"https:\/\/www.campinglesviolettes.com\/?s={search_term_string}"},"query-input":{"@type":"PropertyValueSpecification","valueRequired":true,"valueName":"search_term_string"}}],"inLanguage":"es"},{"@type":"Organization","@id":"https:\/\/www.campinglesviolettes.com\/#organization","name":"Les Violettes","url":"https:\/\/www.campinglesviolettes.com\/","logo":{"@type":"ImageObject","inLanguage":"es","@id":"https:\/\/www.campinglesviolettes.com\/#\/schema\/logo\/image\/","url":"https:\/\/www.campinglesviolettes.com\/wp-content\/uploads\/2023\/02\/logo-camping-les-violettes.png","contentUrl":"https:\/\/www.campinglesviolettes.com\/wp-content\/uploads\/2023\/02\/logo-camping-les-violettes.png","width":250,"height":206,"caption":"Les Violettes"},"image":{"@id":"https:\/\/www.campinglesviolettes.com\/#\/schema\/logo\/image\/"}}]}},"_links":{"self":[{"href":"https:\/\/www.campinglesviolettes.com\/es\/wp-json\/wp\/v2\/pages\/5489","targetHints":{"allow":["GET"]}}],"collection":[{"href":"https:\/\/www.campinglesviolettes.com\/es\/wp-json\/wp\/v2\/pages"}],"about":[{"href":"https:\/\/www.campinglesviolettes.com\/es\/wp-json\/wp\/v2\/types\/page"}],"author":[{"embeddable":true,"href":"https:\/\/www.campinglesviolettes.com\/es\/wp-json\/wp\/v2\/users\/6"}],"replies":[{"embeddable":true,"href":"https:\/\/www.campinglesviolettes.com\/es\/wp-json\/wp\/v2\/comments?post=5489"}],"version-history":[{"count":1,"href":"https:\/\/www.campinglesviolettes.com\/es\/wp-json\/wp\/v2\/pages\/5489\/revisions"}],"predecessor-version":[{"id":5490,"href":"https:\/\/www.campinglesviolettes.com\/es\/wp-json\/wp\/v2\/pages\/5489\/revisions\/5490"}],"wp:attachment":[{"href":"https:\/\/www.campinglesviolettes.com\/es\/wp-json\/wp\/v2\/media?parent=5489"}],"wp:term":[{"taxonomy":"sujet","embeddable":true,"href":"https:\/\/www.campinglesviolettes.com\/es\/wp-json\/wp\/v2\/sujet?post=5489"}],"curies":[{"name":"wp","href":"https:\/\/api.w.org\/{rel}","templated":true}]}}