{"id":1937,"date":"2023-04-06T15:28:40","date_gmt":"2023-04-06T13:28:40","guid":{"rendered":"https:\/\/www.campinglesviolettes.com\/inicio\/"},"modified":"2023-07-20T17:58:25","modified_gmt":"2023-07-20T15:58:25","slug":"inicio","status":"publish","type":"page","link":"https:\/\/www.campinglesviolettes.com\/es\/inicio\/","title":{"rendered":"Inicio"},"content":{"rendered":"<section id=\"ls-section-block_a422be3cb4fde754eaabd219a8e8c92a\" class=\"ls-section  home-first\" >\r\n        <div class=\"container container--wide\">\r\n        \n\n<h1 class=\"ls__heading wp-block-heading animated fadeIn slow\">Les Violettes, un camping en el Alto Garona <\/h1>\n\n\n\n<figure class=\"wp-block-image size-full image-mascotte animated fadeIn delay-100ms slow\"><a href=\"https:\/\/www.campinglesviolettes.com\/wp-content\/uploads\/2023\/02\/mascotte-camping-les-violettes.jpg\"><img decoding=\"async\" width=\"1000\" height=\"666\" src=\"https:\/\/www.campinglesviolettes.com\/wp-content\/uploads\/2023\/02\/mascotte-camping-les-violettes.jpg\" alt=\"Mascota Camping les Violettes\" class=\"wp-image-373\" srcset=\"https:\/\/www.campinglesviolettes.com\/wp-content\/uploads\/2023\/02\/mascotte-camping-les-violettes.jpg 1000w, https:\/\/www.campinglesviolettes.com\/wp-content\/uploads\/2023\/02\/mascotte-camping-les-violettes-300x200.jpg 300w, https:\/\/www.campinglesviolettes.com\/wp-content\/uploads\/2023\/02\/mascotte-camping-les-violettes-768x511.jpg 768w\" sizes=\"(max-width: 1000px) 100vw, 1000px\" \/><\/a><\/figure>\n\n\n\n<figure class=\"wp-block-image size-full image-velo animated fadeIn delay-200ms slow\"><a href=\"https:\/\/www.campinglesviolettes.com\/wp-content\/uploads\/2023\/02\/velos-camping-les-violettes.jpg\"><img decoding=\"async\" width=\"700\" height=\"550\" src=\"https:\/\/www.campinglesviolettes.com\/wp-content\/uploads\/2023\/02\/velos-camping-les-violettes.jpg\" alt=\"Bicicletas Camping les Violettes\" class=\"wp-image-400\" srcset=\"https:\/\/www.campinglesviolettes.com\/wp-content\/uploads\/2023\/02\/velos-camping-les-violettes.jpg 700w, https:\/\/www.campinglesviolettes.com\/wp-content\/uploads\/2023\/02\/velos-camping-les-violettes-300x236.jpg 300w\" sizes=\"(max-width: 700px) 100vw, 700px\" \/><\/a><\/figure>\n\n\n\n<figure class=\"wp-block-image size-full image-panneau animated fadeIn slow\"><a href=\"https:\/\/www.campinglesviolettes.com\/wp-content\/uploads\/2023\/02\/cyclistes-camping-les-violettes.jpg\"><img decoding=\"async\" width=\"930\" height=\"620\" src=\"https:\/\/www.campinglesviolettes.com\/wp-content\/uploads\/2023\/02\/cyclistes-camping-les-violettes.jpg\" alt=\"Ciclista Camping les Violettes\" class=\"wp-image-352\" srcset=\"https:\/\/www.campinglesviolettes.com\/wp-content\/uploads\/2023\/02\/cyclistes-camping-les-violettes.jpg 930w, https:\/\/www.campinglesviolettes.com\/wp-content\/uploads\/2023\/02\/cyclistes-camping-les-violettes-300x200.jpg 300w, https:\/\/www.campinglesviolettes.com\/wp-content\/uploads\/2023\/02\/cyclistes-camping-les-violettes-768x512.jpg 768w\" sizes=\"(max-width: 930px) 100vw, 930px\" \/><\/a><\/figure>\n\n\n\n<figure class=\"wp-block-image size-full image-toboggan animated fadeIn delay-100ms slow\"><a href=\"https:\/\/www.campinglesviolettes.com\/wp-content\/uploads\/2023\/02\/toboggans-camping-les-violettes.jpg\"><img decoding=\"async\" width=\"1000\" height=\"666\" src=\"https:\/\/www.campinglesviolettes.com\/wp-content\/uploads\/2023\/02\/toboggans-camping-les-violettes.jpg\" alt=\"Toboganes Camping les Violettes\" class=\"wp-image-391\" srcset=\"https:\/\/www.campinglesviolettes.com\/wp-content\/uploads\/2023\/02\/toboggans-camping-les-violettes.jpg 1000w, https:\/\/www.campinglesviolettes.com\/wp-content\/uploads\/2023\/02\/toboggans-camping-les-violettes-300x200.jpg 300w, https:\/\/www.campinglesviolettes.com\/wp-content\/uploads\/2023\/02\/toboggans-camping-les-violettes-768x511.jpg 768w\" sizes=\"(max-width: 1000px) 100vw, 1000px\" \/><\/a><\/figure>\n\n\n\n<div class=\"wp-block-columns column-camping animated fadeInRight delay-200ms slow is-layout-flex wp-container-core-columns-is-layout-9d6595d7 wp-block-columns-is-layout-flex\">\n<div class=\"wp-block-column is-layout-flow wp-block-column-is-layout-flow\">\n<h2 class=\"ls__heading wp-block-heading\"><strong>Un camping en el Alto Garona: Les Violettes, camping 3 estrellas cerca de Toulouse<\/strong><\/h2>\n\n\n\n<p class=\"ls-paragraph\"><strong>Isabelle y Bruno le dan la bienvenida a su camping 3 estrellas Les Violettes<\/strong>, situado al sureste de Toulouse, en un entorno verde a 800 m del Canal du Midi. Rejuvenezca en este camping familiar donde reinan la paz y la tranquilidad. <\/p>\n\n\n\n<p class=\"ls-paragraph\">T\u00f3mese un descanso y <strong>rel\u00e1jese<\/strong> en nuestro camping junto a la piscina.  <\/p>\n\n\n\n<p class=\"ls-paragraph\">Nuestro camping es el punto<strong> de partida de numerosos descubrimientos tur\u00edsticos<\/strong> de la regi\u00f3n, sin olvidar su renombrada gastronom\u00eda.<\/p>\n<\/div>\n<\/div>\n\n\n\n<figure class=\"wp-block-image size-full image-equipe animated fadeIn slow\"><a href=\"https:\/\/www.campinglesviolettes.com\/wp-content\/uploads\/2023\/07\/Photo-site-internet-2023.jpg\"><img decoding=\"async\" width=\"2000\" height=\"1333\" src=\"https:\/\/www.campinglesviolettes.com\/wp-content\/uploads\/2023\/07\/Photo-site-internet-2023.jpg\" alt=\"\u00e9quipe camping\" class=\"wp-image-2719\" srcset=\"https:\/\/www.campinglesviolettes.com\/wp-content\/uploads\/2023\/07\/Photo-site-internet-2023.jpg 2000w, https:\/\/www.campinglesviolettes.com\/wp-content\/uploads\/2023\/07\/Photo-site-internet-2023-300x200.jpg 300w, https:\/\/www.campinglesviolettes.com\/wp-content\/uploads\/2023\/07\/Photo-site-internet-2023-1024x682.jpg 1024w, https:\/\/www.campinglesviolettes.com\/wp-content\/uploads\/2023\/07\/Photo-site-internet-2023-768x512.jpg 768w, https:\/\/www.campinglesviolettes.com\/wp-content\/uploads\/2023\/07\/Photo-site-internet-2023-1536x1024.jpg 1536w\" sizes=\"(max-width: 2000px) 100vw, 2000px\" \/><\/a><\/figure>\n\n\n\n<figure class=\"wp-block-image size-full image-espace-aqua animated fadeIn delay-200ms slow\"><a href=\"https:\/\/www.campinglesviolettes.com\/wp-content\/uploads\/2023\/02\/espace-aquatique-camping-les-violettes.jpg\"><img decoding=\"async\" width=\"900\" height=\"600\" src=\"https:\/\/www.campinglesviolettes.com\/wp-content\/uploads\/2023\/02\/espace-aquatique-camping-les-violettes.jpg\" alt=\"Zona acu\u00e1tica Camping les Violettes\" class=\"wp-image-361\" srcset=\"https:\/\/www.campinglesviolettes.com\/wp-content\/uploads\/2023\/02\/espace-aquatique-camping-les-violettes.jpg 900w, https:\/\/www.campinglesviolettes.com\/wp-content\/uploads\/2023\/02\/espace-aquatique-camping-les-violettes-300x200.jpg 300w, https:\/\/www.campinglesviolettes.com\/wp-content\/uploads\/2023\/02\/espace-aquatique-camping-les-violettes-768x512.jpg 768w\" sizes=\"(max-width: 900px) 100vw, 900px\" \/><\/a><\/figure>\n\n\n\n<div class=\"wp-block-columns column-valeurs animated fadeInLeft slow is-layout-flex wp-container-core-columns-is-layout-9d6595d7 wp-block-columns-is-layout-flex\">\n<div class=\"wp-block-column is-layout-flow wp-block-column-is-layout-flow\">\n<p class=\"ls-paragraph\">Durante todo el a\u00f1o, Isabelle, Bruno y su equipo le invitan a compartir su <strong>buen humor<\/strong> y el<strong>arte de vivir bien<\/strong> al aire libre.<\/p>\n\n\n\n<h3 class=\"ls__heading wp-block-heading\">Nuestros valores<\/h3>\n\n\n\n<p class=\"ls-paragraph\">Veraneantes, trabajadores o estudiantes conviven en nuestro camping, donde todos son bienvenidos. Compartimos nuestro buen humor diario, as\u00ed como nuestros buenos planes y lugares que ver en la zona.<strong>  Venir al camping Violettes significa divertirse, relajarse y conocer gente nueva.<\/strong><\/p>\n<\/div>\n<\/div>\n\n\n\n<figure class=\"wp-block-image size-full image-table animated fadeIn slow is-style-rounded\"><a href=\"https:\/\/www.campinglesviolettes.com\/wp-content\/uploads\/2023\/07\/isa-et-bruno-site-1-scaled.jpg\"><img decoding=\"async\" width=\"2560\" height=\"1707\" src=\"https:\/\/www.campinglesviolettes.com\/wp-content\/uploads\/2023\/07\/isa-et-bruno-site-1-scaled.jpg\" alt=\"\" class=\"wp-image-2741\" srcset=\"https:\/\/www.campinglesviolettes.com\/wp-content\/uploads\/2023\/07\/isa-et-bruno-site-1-scaled.jpg 2560w, https:\/\/www.campinglesviolettes.com\/wp-content\/uploads\/2023\/07\/isa-et-bruno-site-1-300x200.jpg 300w, https:\/\/www.campinglesviolettes.com\/wp-content\/uploads\/2023\/07\/isa-et-bruno-site-1-1024x683.jpg 1024w, https:\/\/www.campinglesviolettes.com\/wp-content\/uploads\/2023\/07\/isa-et-bruno-site-1-768x512.jpg 768w, https:\/\/www.campinglesviolettes.com\/wp-content\/uploads\/2023\/07\/isa-et-bruno-site-1-1536x1024.jpg 1536w, https:\/\/www.campinglesviolettes.com\/wp-content\/uploads\/2023\/07\/isa-et-bruno-site-1-2048x1365.jpg 2048w\" sizes=\"(max-width: 2560px) 100vw, 2560px\" \/><\/a><\/figure>\n\n\n\n<div id=\"ls-heading ls-titre-div-block_b618765dc7caa5f409ebe240c52db768\" class=\"ls-titre-div titre-fleur animated fadeInUp delay-200ms slow h2-like\" >\n    \u00a1Bienvenidos a <span> Isabelle &amp; Bruno! <\/span> <\/div>\n\n\r\n    <\/div>\r\n<\/section>\n\n<section id=\"ls-section-block_2b8e7e45babc6ec08a0ae1eea4828c06\" class=\"ls-section  home-second\" >\r\n        <div class=\"container container--wide\">\r\n        \n\n<div class=\"wp-block-columns are-vertically-aligned-center atout-container is-layout-flex wp-container-core-columns-is-layout-9d6595d7 wp-block-columns-is-layout-flex\">\n<div class=\"wp-block-column is-vertically-aligned-center bloc-atouts is-layout-flow wp-block-column-is-layout-flow\" style=\"flex-basis:66.66%\">\n<div class=\"wp-block-columns atouts is-layout-flex wp-container-core-columns-is-layout-9d6595d7 wp-block-columns-is-layout-flex\">\n<div class=\"wp-block-column animated fadeIn slow is-layout-flow wp-block-column-is-layout-flow\">\n<span class=\"violettes-open\"><\/span>\n\n\n\n<p class=\"ls-paragraph\">Abrir todo  <br>el a\u00f1o<\/p>\n<\/div>\n\n\n\n<div class=\"wp-block-column animated fadeIn delay-200ms slow is-layout-flow wp-block-column-is-layout-flow\">\n<span class=\"violettes-slider\"><\/span>\n\n\n\n<p class=\"ls-paragraph\">Zona acu\u00e1tica  <br>y parque infantil<\/p>\n<\/div>\n<\/div>\n\n\n\n<div class=\"wp-block-columns atouts is-layout-flex wp-container-core-columns-is-layout-9d6595d7 wp-block-columns-is-layout-flex\">\n<div class=\"wp-block-column animated fadeIn slow is-layout-flow wp-block-column-is-layout-flow\">\n<span class=\"violettes-famille\"><\/span>\n\n\n\n<p class=\"ls-paragraph\">Camping familiar  <br>a escala humana<\/p>\n<\/div>\n\n\n\n<div class=\"wp-block-column animated fadeIn delay-200ms slow is-layout-flow wp-block-column-is-layout-flow\">\n<span class=\"violettes-mobilhome\"><\/span>\n\n\n\n<p class=\"ls-paragraph\">Diversidad de  <br>alojamiento<\/p>\n<\/div>\n<\/div>\n\n\n\n<div class=\"wp-block-columns atouts is-layout-flex wp-container-core-columns-is-layout-9d6595d7 wp-block-columns-is-layout-flex\">\n<div class=\"wp-block-column animated fadeIn slow is-layout-flow wp-block-column-is-layout-flow\">\n<span class=\"violettes-feuille\"><\/span>\n\n\n\n<p class=\"ls-paragraph\">800M del Canal du  <br>Midi, ajuste verde<\/p>\n<\/div>\n\n\n\n<div class=\"wp-block-column animated fadeIn delay-200ms slow is-layout-flow wp-block-column-is-layout-flow\">\n<span class=\"violettes-microphone\"><\/span>\n\n\n\n<p class=\"ls-paragraph\">En temporada, Animaciones  <br>veladas familiares<\/p>\n<\/div>\n<\/div>\n\n\n\n<div class=\"wp-block-columns atouts is-layout-flex wp-container-core-columns-is-layout-9d6595d7 wp-block-columns-is-layout-flex\">\n<div class=\"wp-block-column animated fadeIn slow is-layout-flow wp-block-column-is-layout-flow\">\n<span class=\"violettes-binoculaire\"><\/span>\n\n\n\n<p class=\"ls-paragraph\">Salida de actividades  <br>turista<\/p>\n<\/div>\n\n\n\n<div class=\"wp-block-column animated fadeIn delay-200ms slow is-layout-flow wp-block-column-is-layout-flow\">\n<span class=\"violettes-climatisation\"><\/span>\n\n\n\n<p class=\"ls-paragraph\">C\u00f3modas casas m\u00f3viles  <br>y aire acondicionado<\/p>\n<\/div>\n<\/div>\n<\/div>\n\n\n\n<div class=\"wp-block-column is-vertically-aligned-center animated fadeInRight slow delay-500ms is-layout-flow wp-block-column-is-layout-flow\" style=\"flex-basis:33.33%\">\n<div id=\"ls-heading ls-titre-div-block_f30e8fbe233d76b16661518a876b8ca3\" class=\"ls-titre-div h2-like\" >\n    <span>\u00bfPor qu\u00e9 acudir a nosotros?<\/span><\/div>\n\n\n\n<h2 class=\"ls__heading wp-block-heading\"><strong>Las ventajas del camping<\/strong> <br>Las Violetas en  <br>Toulouse<\/h2>\n\n\n\n<p class=\"ls-paragraph\">Al\u00f3jese a s\u00f3lo <strong>800 metros del Canal du Midi<\/strong>, en un entorno verde, en el sureste de Toulouse en todas las estaciones. Su zona acu\u00e1tica y sus actividades est\u00e1n perfectamente <strong>adaptadas a las familias<\/strong>, con un tama\u00f1o humano para un ambiente acogedor y c\u00e1lido. Vivir\u00e1 unas <strong>vacaciones relajantes y divertidas<\/strong> con su familia.<\/p>\n<\/div>\n<\/div>\n\n\r\n    <\/div>\r\n<\/section>\n\n<section id=\"ls-section-block_abfec66b888ee9dc27acff8249d74228\" class=\"ls-section  home-third\" >\r\n        <div class=\"container container--wide\">\r\n        \n\n<h2 class=\"ls__heading wp-block-heading has-text-align-center\"><strong>Actividades y entretenimiento<\/strong> en el camping<br>en Toulouse<\/h2>\n\n\n\n<p class=\"ls-paragraph has-text-align-center animated fadeIn slow\">\u00a1Viva <strong>momentos inolvidables<\/strong> en el Camping Les Violettes! Durante el d\u00eda, sus hijos podr\u00e1n disfrutar <strong>del parque infantil<\/strong> mientras usted juega una partida de ping-pong o petanca en nuestros campos deportivos. Nuestro equipo tambi\u00e9n espera con impaciencia <a href=\"https:\/\/www.campinglesviolettes.com\/es\/camping-animaciones-toulouse\/\">las animadas noches de verano en el<\/a> camping.<\/p>\n\n\n\n<div class=\"wp-block-columns grid-vacances is-layout-flex wp-container-core-columns-is-layout-9d6595d7 wp-block-columns-is-layout-flex\">\n<div class=\"wp-block-column is-layout-flow wp-block-column-is-layout-flow\">\n<div id=\"ls-heading ls-titre-div-block_9527dee53619398677cb6006e0d7860d\" class=\"ls-titre-div titre-vacances animated fadeInLeft slow h2-like\" >\n    Vacations in <span class=\"uppercase\">camping <strong>at 5mn from the<\/strong><\/span> <span>canal du midi<\/span><\/div>\n\n\n\n<figure class=\"wp-block-image size-full image-palette animated fadeIn delay-100ms slow\"><a href=\"https:\/\/www.campinglesviolettes.com\/wp-content\/uploads\/2023\/02\/cyclistes-camping-les-violettes.jpg\"><img decoding=\"async\" width=\"930\" height=\"620\" src=\"https:\/\/www.campinglesviolettes.com\/wp-content\/uploads\/2023\/02\/cyclistes-camping-les-violettes.jpg\" alt=\"Ciclista Camping les Violettes\" class=\"wp-image-352\" srcset=\"https:\/\/www.campinglesviolettes.com\/wp-content\/uploads\/2023\/02\/cyclistes-camping-les-violettes.jpg 930w, https:\/\/www.campinglesviolettes.com\/wp-content\/uploads\/2023\/02\/cyclistes-camping-les-violettes-300x200.jpg 300w, https:\/\/www.campinglesviolettes.com\/wp-content\/uploads\/2023\/02\/cyclistes-camping-les-violettes-768x512.jpg 768w\" sizes=\"(max-width: 930px) 100vw, 930px\" \/><\/a><\/figure>\n\n\n\n<figure class=\"wp-block-image size-full image-canal animated fadeIn slow\"><a href=\"https:\/\/www.campinglesviolettes.com\/wp-content\/uploads\/2023\/02\/canal-du-midi-camping-les-violettes.jpg\"><img decoding=\"async\" width=\"800\" height=\"533\" src=\"https:\/\/www.campinglesviolettes.com\/wp-content\/uploads\/2023\/02\/canal-du-midi-camping-les-violettes.jpg\" alt=\"Canal du midi Camping les Violettes\" class=\"wp-image-340\" srcset=\"https:\/\/www.campinglesviolettes.com\/wp-content\/uploads\/2023\/02\/canal-du-midi-camping-les-violettes.jpg 800w, https:\/\/www.campinglesviolettes.com\/wp-content\/uploads\/2023\/02\/canal-du-midi-camping-les-violettes-300x200.jpg 300w, https:\/\/www.campinglesviolettes.com\/wp-content\/uploads\/2023\/02\/canal-du-midi-camping-les-violettes-768x512.jpg 768w\" sizes=\"(max-width: 800px) 100vw, 800px\" \/><\/a><\/figure>\n\n\n\n<figure class=\"wp-block-image size-full image-animation animated fadeIn delay-100ms slow\"><a href=\"https:\/\/www.campinglesviolettes.com\/wp-content\/uploads\/2023\/02\/animations-enfants-toulouse-camping-les-violettes.jpg\"><img decoding=\"async\" width=\"1000\" height=\"666\" src=\"https:\/\/www.campinglesviolettes.com\/wp-content\/uploads\/2023\/02\/animations-enfants-toulouse-camping-les-violettes.jpg\" alt=\"Animaci\u00f3n infantil Toulouse Camping les Violettes\" class=\"wp-image-334\" srcset=\"https:\/\/www.campinglesviolettes.com\/wp-content\/uploads\/2023\/02\/animations-enfants-toulouse-camping-les-violettes.jpg 1000w, https:\/\/www.campinglesviolettes.com\/wp-content\/uploads\/2023\/02\/animations-enfants-toulouse-camping-les-violettes-300x200.jpg 300w, https:\/\/www.campinglesviolettes.com\/wp-content\/uploads\/2023\/02\/animations-enfants-toulouse-camping-les-violettes-768x511.jpg 768w\" sizes=\"(max-width: 1000px) 100vw, 1000px\" \/><\/a><\/figure>\n\n\n\n<figure class=\"wp-block-image size-full image-velo-tente animated fadeIn delay-200ms slow\"><a href=\"https:\/\/www.campinglesviolettes.com\/wp-content\/uploads\/2023\/02\/velos-camping-les-violettes.jpg\"><img decoding=\"async\" width=\"700\" height=\"550\" src=\"https:\/\/www.campinglesviolettes.com\/wp-content\/uploads\/2023\/02\/velos-camping-les-violettes.jpg\" alt=\"Bicicletas Camping les Violettes\" class=\"wp-image-400\" srcset=\"https:\/\/www.campinglesviolettes.com\/wp-content\/uploads\/2023\/02\/velos-camping-les-violettes.jpg 700w, https:\/\/www.campinglesviolettes.com\/wp-content\/uploads\/2023\/02\/velos-camping-les-violettes-300x236.jpg 300w\" sizes=\"(max-width: 700px) 100vw, 700px\" \/><\/a><\/figure>\n\n\n\n<figure class=\"wp-block-image size-large image-loisirs animated fadeIn delay-500ms slow\"><a href=\"https:\/\/www.campinglesviolettes.com\/wp-content\/uploads\/2023\/03\/animations-enfants-camping-les-violettes-scaled-2-1024x683.webp\"><img decoding=\"async\" width=\"1024\" height=\"683\" src=\"https:\/\/www.campinglesviolettes.com\/wp-content\/uploads\/2023\/03\/animations-enfants-camping-les-violettes-scaled-2-1024x683.webp\" alt=\"animaci\u00f3n infantil camping les violettes escalada 2\" class=\"wp-image-1686\" srcset=\"https:\/\/www.campinglesviolettes.com\/wp-content\/uploads\/2023\/03\/animations-enfants-camping-les-violettes-scaled-2-1024x683.webp 1024w, https:\/\/www.campinglesviolettes.com\/wp-content\/uploads\/2023\/03\/animations-enfants-camping-les-violettes-scaled-2-300x200.webp 300w, https:\/\/www.campinglesviolettes.com\/wp-content\/uploads\/2023\/03\/animations-enfants-camping-les-violettes-scaled-2-768x512.webp 768w, https:\/\/www.campinglesviolettes.com\/wp-content\/uploads\/2023\/03\/animations-enfants-camping-les-violettes-scaled-2-1536x1024.webp 1536w, https:\/\/www.campinglesviolettes.com\/wp-content\/uploads\/2023\/03\/animations-enfants-camping-les-violettes-scaled-2-2048x1366.webp 2048w\" sizes=\"(max-width: 1024px) 100vw, 1024px\" \/><\/a><\/figure>\n\n\n\n<figure class=\"wp-block-image size-full image-tennis animated fadeIn delay-500ms slower\"><a href=\"https:\/\/www.campinglesviolettes.com\/wp-content\/uploads\/2023\/02\/terrain-tennis-camping-les-violettes.jpg\"><img decoding=\"async\" width=\"900\" height=\"506\" src=\"https:\/\/www.campinglesviolettes.com\/wp-content\/uploads\/2023\/02\/terrain-tennis-camping-les-violettes.jpg\" alt=\"Pista de tenis Camping les Violettes\" class=\"wp-image-385\" srcset=\"https:\/\/www.campinglesviolettes.com\/wp-content\/uploads\/2023\/02\/terrain-tennis-camping-les-violettes.jpg 900w, https:\/\/www.campinglesviolettes.com\/wp-content\/uploads\/2023\/02\/terrain-tennis-camping-les-violettes-300x169.jpg 300w, https:\/\/www.campinglesviolettes.com\/wp-content\/uploads\/2023\/02\/terrain-tennis-camping-les-violettes-768x432.jpg 768w\" sizes=\"(max-width: 900px) 100vw, 900px\" \/><\/a><\/figure>\n<\/div>\n<\/div>\n\n\n\r\n<a href=\"https:\/\/www.campinglesviolettes.com\/es\/actividades-haute-garonne\/\" id=\"ls-button-block_b63178706402b22a239547d430003c6c\" target=\"\" rel=\"\" class=\"ls-button aligncenter\">Actividades y entretenimiento <i class='violettes-fleche'><\/i><\/a>\n\r\n    <\/div>\r\n<\/section>\n\n<section id=\"ls-section-block_b57b75a66322ffcbdcaf77dbdee32af3\" class=\"ls-section  home-fourth has-background-image\" >\r\n    <div class=\"ls-section__background-image opacity-100\"><img decoding=\"async\" src=\"https:\/\/www.campinglesviolettes.com\/wp-content\/uploads\/2023\/02\/toboggans-camping-les-violettes-1-e1744992810542.jpg\" alt=\"Toboggans Camping les Violettes\"><\/div>    <div class=\"container \">\r\n        \n\n<h2 class=\"ls__heading wp-block-heading has-text-align-center\">Piscina con <strong>grandes toboganes<\/strong><\/h2>\n\n\n\n<p class=\"ls-paragraph has-text-align-center animated fadeIn slow\">Le espera un ba\u00f1o en <a href=\"https:\/\/www.campinglesviolettes.com\/es\/camping-piscina-climatizada-toulouse\/\">el parque acu\u00e1tico<\/a> del camping. Con sus toboganes acu\u00e1ticos, nuestra piscina <strong>har\u00e1 las delicias de peque\u00f1os y mayores<\/strong>. Al borde de la piscina, si\u00e9ntese en nuestras tumbonas y disfrute del sol para perfeccionar su bronceado.<\/p>\n\n\n\r\n<a href=\"https:\/\/www.campinglesviolettes.com\/camping-piscine-chauffee-toulouse\/\" id=\"ls-button-block_9c13150d7e0a779096084caf9fe56203\" target=\"\" rel=\"\" class=\"ls-button aligncenter\">Descubra <i class='violettes-fleche'><\/i><\/a>\n\r\n    <\/div>\r\n<\/section>\n\n<section id=\"ls-section-block_c948cfce94901ddc8588a10f2ae73be6\" class=\"ls-section  home-fifth\" >\r\n        <div class=\"container \">\r\n        \n\n<h2 class=\"ls__heading wp-block-heading has-text-align-center\"><strong>Todos nuestros servicios en el camping<\/strong> <\/h2>\n\n\n\n<div class=\"wp-block-columns is-layout-flex wp-container-core-columns-is-layout-9d6595d7 wp-block-columns-is-layout-flex\">\n<div class=\"wp-block-column is-layout-flow wp-block-column-is-layout-flow\">\r\n<div id=\"ls-cta-block_39805ab4410aa7badae48eccc11a92bc\" class=\"ls-cta animated fadeInLeft slow\">  \r\n    \n\n<a href=\"https:\/\/www.campinglesviolettes.com\/es\/camping-familiar-toulouse\/\" target=\"\" rel=\"noopener\" class=\"ls-cta__link\">\n\n\t<div class=\"ls-cta__image\"><img decoding=\"async\" src=\"https:\/\/www.campinglesviolettes.com\/wp-content\/uploads\/2023\/02\/animations-enfants-haute-garonne-camping-les-violettes-768x511.jpg\" alt=\"Animations enfants Haute-Garonne Camping les Violettes\"><\/div>\n\t<div class=\"ls-cta__title\">\n\t\tLos servicios <i class='prigny-right-arrow'><\/i>\n\t<\/div>\n\n\t\t\n<\/a><\/div><\/div>\n\n\n\n<div class=\"wp-block-column is-layout-flow wp-block-column-is-layout-flow\">\r\n<div id=\"ls-cta-block_f582aeae7451f03e16604cf2364c4873\" class=\"ls-cta animated fadeInDown delay-100ms slow\">  \r\n    \n\n<a href=\"https:\/\/www.campinglesviolettes.com\/es\/camping-bicicleta-toulouse\/\" target=\"\" rel=\"noopener\" class=\"ls-cta__link\">\n\n\t<div class=\"ls-cta__image\"><img decoding=\"async\" src=\"https:\/\/www.campinglesviolettes.com\/wp-content\/uploads\/2023\/02\/cyclistes-camping-les-violettes-768x512.jpg\" alt=\"Ciclista Camping les Violettes\"><\/div>\n\t<div class=\"ls-cta__title\">\n\t\tBicicletas <i class='prigny-right-arrow'><\/i>\n\t<\/div>\n\n\t\t\n<\/a><\/div><\/div>\n<\/div>\n\n\n\n<div class=\"wp-block-columns is-layout-flex wp-container-core-columns-is-layout-9d6595d7 wp-block-columns-is-layout-flex\">\n<div class=\"wp-block-column is-layout-flow wp-block-column-is-layout-flow\" style=\"flex-basis:60%\">\r\n<div id=\"ls-cta-block_e2ab295879c4b76f9de9d512df404fbe\" class=\"ls-cta animated fadeInUp delay-100ms slow\">  \r\n    \n\n<a href=\"https:\/\/www.campinglesviolettes.com\/es\/camping-grupo-toulouse\/\" target=\"\" rel=\"noopener\" class=\"ls-cta__link\">\n\n\t<div class=\"ls-cta__image\"><img decoding=\"async\" src=\"https:\/\/www.campinglesviolettes.com\/wp-content\/uploads\/2023\/02\/soiree-animee-camping-les-violettes-768x1152.jpg\" alt=\"Soir\u00e9e anim\u00e9e Camping les Violettes\"><\/div>\n\t<div class=\"ls-cta__title\">\n\t\tGrupos <i class='prigny-right-arrow'><\/i>\n\t<\/div>\n\n\t\t\n<\/a><\/div><\/div>\n\n\n\n<div class=\"wp-block-column paragraphe-service animated fadeInRight delay-200ms slow is-layout-flow wp-block-column-is-layout-flow\" style=\"flex-basis:40%\">\n<p class=\"ls-paragraph\">Veraneantes, trabajadores o estudiantes conviven en nuestro camping, donde todas las personas y <a href=\"https:\/\/www.campinglesviolettes.com\/es\/camping-grupo-toulouse\/\">grupos<\/a> son bienvenidos.<\/p>\n\n\n\n<p class=\"ls-paragraph\">Venir al <a href=\"https:\/\/www.campinglesviolettes.com\/es\/camping-familiar-toulouse\/\">camping familiar Violettes<\/a> significa divertirse, relajarse y conocer gente nueva. Nuestro establecimiento est\u00e1 certificado ACSI, <a href=\"https:\/\/www.campinglesviolettes.com\/es\/camping-bicicleta-toulouse\/\">Accueil V\u00e9lo<\/a> y Label Qualit\u00e9 Tourisme.<\/p>\n\n\n\n<div id=\"ls-heading ls-titre-div-block_f8fa9784ed8876559b915cea559d981d\" class=\"ls-titre-div h2-like\" >\n    <span>Vacaciones f\u00e1ciles y agradables<\/span><\/div>\n<\/div>\n<\/div>\n\n\r\n    <\/div>\r\n<\/section>\n\n<section id=\"ls-section-block_4b09d52f5f1c4627835a7114f663d07d\" class=\"ls-section  home-sixth has-background has-color-4-background-color\" >\r\n        <div class=\"container container--wide\">\r\n        \n\n<h2 class=\"ls__heading wp-block-heading has-text-align-center\"><strong>Nuestros alquileres at\u00edpicos de calidad<\/strong> en Alto Garona<\/h2>\n\n\n\n<div class=\"wp-block-columns is-layout-flex wp-container-core-columns-is-layout-9d6595d7 wp-block-columns-is-layout-flex\">\n<div class=\"wp-block-column is-layout-flow wp-block-column-is-layout-flow\">\r\n<div id=\"ls-cta-block_093757ccc8f443303443430004696e82\" class=\"ls-cta animated fadeInUp slow\">  \r\n    \n\n<a href=\"https:\/\/www.campinglesviolettes.com\/es\/ubicacion-movil-home-toulouse\/\" target=\"\" rel=\"noopener\" class=\"ls-cta__link\">\n\n\t<div class=\"ls-cta__image\"><img decoding=\"async\" src=\"https:\/\/www.campinglesviolettes.com\/wp-content\/uploads\/2023\/02\/chalets-camping-les-violettes-768x512.jpg\" alt=\"Chalets Camping les Violettes\"><\/div>\n\t<div class=\"ls-cta__title\">\n\t\tAlojamiento <i class='prigny-right-arrow'><\/i>\n\t<\/div>\n\n\t\t\n<\/a><\/div><\/div>\n\n\n\n<div class=\"wp-block-column is-layout-flow wp-block-column-is-layout-flow\">\r\n<div id=\"ls-cta-block_a02846ade0547ce1f4838746c18ffa82\" class=\"ls-cta animated fadeInUp delay-100ms slow\">  \r\n    \n\n<a href=\"https:\/\/www.campinglesviolettes.com\/es\/ubicacion-colocacion-toulouse\/\" target=\"\" rel=\"noopener\" class=\"ls-cta__link\">\n\n\t<div class=\"ls-cta__image\"><img decoding=\"async\" src=\"\" alt=\"\"><\/div>\n\t<div class=\"ls-cta__title\">\n\t\tUbicaciones <i class='prigny-right-arrow'><\/i>\n\t<\/div>\n\n\t\t\n<\/a><\/div><\/div>\n\n\n\n<div class=\"wp-block-column is-layout-flow wp-block-column-is-layout-flow\">\r\n<div id=\"ls-cta-block_180bfee798a380317eab4ee6f0df1c13\" class=\"ls-cta animated fadeInUp slow delay-200ms\">  \r\n    \n\n<a href=\"https:\/\/www.campinglesviolettes.com\/es\/camping-barato-toulouse\/\" target=\"\" rel=\"noopener\" class=\"ls-cta__link\">\n\n\t<div class=\"ls-cta__image\"><img decoding=\"async\" src=\"\" alt=\"\"><\/div>\n\t<div class=\"ls-cta__title\">\n\t\tLas tarifas <i class='prigny-right-arrow'><\/i>\n\t<\/div>\n\n\t\t\n<\/a><\/div><\/div>\n<\/div>\n\n\r\n    <\/div>\r\n<\/section>\n\n<section id=\"ls-section-block_086e02d0c0432da4bac28bd9f94f139f\" class=\"ls-section  home-seventh\" >\r\n        <div class=\"container container--wide\">\r\n        \n\n<div class=\"wp-block-columns are-vertically-aligned-center is-layout-flex wp-container-core-columns-is-layout-9d6595d7 wp-block-columns-is-layout-flex\">\n<div class=\"wp-block-column is-vertically-aligned-center is-layout-flow wp-block-column-is-layout-flow\" style=\"flex-basis:66.66%\">\n<div id=\"ls-heading ls-titre-div-block_2aa68c6eaa20fe06ddadd3a1cc443046\" class=\"ls-titre-div h2-like\" >\n    <span>Descubra la ciudad rosa&#8230;<\/span><\/div>\n\n\n<div class=\"wp-block-image image-toulouse animated fadeIn slow\">\n<figure class=\"aligncenter size-full\"><a href=\"https:\/\/www.campinglesviolettes.com\/wp-content\/uploads\/2023\/03\/camping-proche-toulouse.webp\"><img decoding=\"async\" width=\"700\" height=\"844\" src=\"https:\/\/www.campinglesviolettes.com\/wp-content\/uploads\/2023\/03\/camping-proche-toulouse.webp\" alt=\"camping cerca de toulouse\" class=\"wp-image-676\" srcset=\"https:\/\/www.campinglesviolettes.com\/wp-content\/uploads\/2023\/03\/camping-proche-toulouse.webp 700w, https:\/\/www.campinglesviolettes.com\/wp-content\/uploads\/2023\/03\/camping-proche-toulouse-249x300.webp 249w\" sizes=\"(max-width: 700px) 100vw, 700px\" \/><\/a><\/figure>\n<\/div><\/div>\n\n\n\n<div class=\"wp-block-column is-vertically-aligned-center animated fadeInRight delay-100ms slow is-layout-flow wp-block-column-is-layout-flow\" style=\"flex-basis:33.33%\">\n<h2 class=\"ls__heading wp-block-heading\">Vacaciones <strong>cerca de la ciudad<\/strong> rosa<\/h2>\n\n\n\n<p class=\"ls-paragraph\">Situado en Deyme, al sureste de Toulouse, en la <a href=\"https:\/\/www.campinglesviolettes.com\/es\/turismo-occitania\/\">regi\u00f3n de Occitanie<\/a>, nuestro camping Les Violettes es la escala ideal a lo largo del <a href=\"https:\/\/www.campinglesviolettes.com\/es\/turismo-canal-midi\/\">Canal du Midi<\/a>.<\/p>\n\n\n\n<p class=\"ls-paragraph\">Aproveche para descubrir <a href=\"https:\/\/www.campinglesviolettes.com\/es\/turismo-toulouse\/\">Toulouse<\/a> y sus alrededores, como <a href=\"https:\/\/www.campinglesviolettes.com\/es\/tourisme-revel\/\">Revel<\/a>, la ciudad de <a href=\"https:\/\/www.campinglesviolettes.com\/es\/tourisme-carcassonne\/\">Carcasona<\/a>, la <a href=\"https:\/\/www.campinglesviolettes.com\/es\/turismo-ciudad-espacio\/\">ciudad del Espacio<\/a> o <a href=\"https:\/\/www.campinglesviolettes.com\/es\/tourisme-albi\/\">Albi<\/a>. Estaremos encantados de facilitarle informaci\u00f3n sobre visitas tur\u00edsticas y <a href=\"https:\/\/www.campinglesviolettes.com\/es\/actividades-haute-garonne\/\">actividades<\/a>. Compartimos nuestro buen humor diario, as\u00ed como nuestros <strong>buenos planes<\/strong> y lugares que ver en la zona.  <\/p>\n\n\n\n<p class=\"ls-paragraph\">Nuestra ambici\u00f3n es ofrecerle una <strong>acogida aut\u00e9ntica, de calidad y personalizada<\/strong>.<\/p>\n<\/div>\n<\/div>\n\n\n\n<div class=\"wp-block-columns decouvrir-region is-layout-flex wp-container-core-columns-is-layout-9d6595d7 wp-block-columns-is-layout-flex\">\n<div class=\"wp-block-column bloc-tourisme is-layout-flow wp-block-column-is-layout-flow\" style=\"flex-basis:66.66%\">\r\n<div id=\"ls-cta-block_1fb12e4247605c6e2347be1682958228\" class=\"ls-cta animated fadeIn slow alentour-1\">  \r\n    \n\n<a href=\"https:\/\/www.campinglesviolettes.com\/es\/turismo-toulouse\/\" target=\"\" rel=\"noopener\" class=\"ls-cta__link\">\n\n\t<div class=\"ls-cta__image\"><img decoding=\"async\" src=\"https:\/\/www.campinglesviolettes.com\/wp-content\/uploads\/2023\/02\/toulouse-camping-les-violettes-768x768.jpg\" alt=\"Toulouse Camping les Violettes\"><\/div>\n\t<div class=\"ls-cta__title\">\n\t\t1 <i class='prigny-right-arrow'><\/i>\n\t<\/div>\n\n\t\t\t<div class=\"ls-cta__description\">\n\t\t\tToulouse\t\t\n\t\t<\/div>\n\t\t\n<\/a><\/div>\n\n\r\n<div id=\"ls-cta-block_c3ebaee888670a594860e40c93af4987\" class=\"ls-cta animated fadeIn delay-100ms slow alentour-2\">  \r\n    \n\n<a href=\"https:\/\/www.campinglesviolettes.com\/es\/turismo-albi\/\" target=\"\" rel=\"noopener\" class=\"ls-cta__link\">\n\n\t<div class=\"ls-cta__image\"><img decoding=\"async\" src=\"https:\/\/www.campinglesviolettes.com\/wp-content\/uploads\/2023\/02\/maeva-vigier-0M5wU-g1uik-unsplash-1.jpg\" alt=\"Albi Camping les Violettes\"><\/div>\n\t<div class=\"ls-cta__title\">\n\t\t2 <i class='prigny-right-arrow'><\/i>\n\t<\/div>\n\n\t\t\t<div class=\"ls-cta__description\">\n\t\t\tAlbi\t\t\n\t\t<\/div>\n\t\t\n<\/a><\/div>\n\n\r\n<div id=\"ls-cta-block_719c4b897f28920ec1e8dcf52329adec\" class=\"ls-cta animated fadeIn delay-200ms slow alentour-3\">  \r\n    \n\n<a href=\"https:\/\/www.campinglesviolettes.com\/tourisme-cite-espace\/\" target=\"\" rel=\"noopener\" class=\"ls-cta__link\">\n\n\t<div class=\"ls-cta__image\"><img decoding=\"async\" src=\"https:\/\/www.campinglesviolettes.com\/wp-content\/uploads\/2023\/02\/cite-espace-toulouse-camping-les-violettes-768x489.jpg\" alt=\"Cit\u00e9 de l'Espace Toulouse Camping les Violettes\"><\/div>\n\t<div class=\"ls-cta__title\">\n\t\t3 <i class='prigny-right-arrow'><\/i>\n\t<\/div>\n\n\t\t\t<div class=\"ls-cta__description\">\n\t\t\tCit\u00e9 de l&#8217;espace\t\t\n\t\t<\/div>\n\t\t\n<\/a><\/div>\n\n\r\n<div id=\"ls-cta-block_92537a2499be6485fa1cc07ad8f148f2\" class=\"ls-cta animated fadeIn slow alentour-4\">  \r\n    \n\n<a href=\"https:\/\/www.campinglesviolettes.com\/tourisme-canal-midi\/\" target=\"\" rel=\"noopener\" class=\"ls-cta__link\">\n\n\t<div class=\"ls-cta__image\"><img decoding=\"async\" src=\"https:\/\/www.campinglesviolettes.com\/wp-content\/uploads\/2023\/02\/camping-canal-du-midi-camping-les-violettes.jpg\" alt=\"Camping Canal du Midi Camping les Violettes\"><\/div>\n\t<div class=\"ls-cta__title\">\n\t\t4 <i class='prigny-right-arrow'><\/i>\n\t<\/div>\n\n\t\t\t<div class=\"ls-cta__description\">\n\t\t\tCanal du Midi\t\t\n\t\t<\/div>\n\t\t\n<\/a><\/div>\n\n\r\n<div id=\"ls-cta-block_48c60e66d6b6ef2d04f99b0601d84c1e\" class=\"ls-cta animated fadeIn delay-100ms slow alentour-5\">  \r\n    \n\n<a href=\"https:\/\/www.campinglesviolettes.com\/es\/turismo-carcassonne\/\" target=\"\" rel=\"noopener\" class=\"ls-cta__link\">\n\n\t<div class=\"ls-cta__image\"><img decoding=\"async\" src=\"https:\/\/www.campinglesviolettes.com\/wp-content\/uploads\/2023\/02\/carcassonne-camping-les-violettes-768x597.jpg\" alt=\"Carcassonne Camping les Violettes\"><\/div>\n\t<div class=\"ls-cta__title\">\n\t\t5 <i class='prigny-right-arrow'><\/i>\n\t<\/div>\n\n\t\t\t<div class=\"ls-cta__description\">\n\t\t\tCarcasona\t\t\n\t\t<\/div>\n\t\t\n<\/a><\/div>\n\n\r\n<div id=\"ls-cta-block_066482ca3484b2c56b51ee1b40a469e5\" class=\"ls-cta animated fadeIn delay-200ms slow alentour-6\">  \r\n    \n\n<a href=\"https:\/\/www.campinglesviolettes.com\/es\/turismo-revel\/\" target=\"\" rel=\"noopener\" class=\"ls-cta__link\">\n\n\t<div class=\"ls-cta__image\"><img decoding=\"async\" src=\"https:\/\/www.campinglesviolettes.com\/wp-content\/uploads\/2023\/02\/revel-camping-les-violettes-768x553.jpg\" alt=\"Revel Camping les Violettes\"><\/div>\n\t<div class=\"ls-cta__title\">\n\t\t6 <i class='prigny-right-arrow'><\/i>\n\t<\/div>\n\n\t\t\t<div class=\"ls-cta__description\">\n\t\t\tRevel\t\t\n\t\t<\/div>\n\t\t\n<\/a><\/div><\/div>\n\n\n\n<div class=\"wp-block-column is-vertically-aligned-center animated fadeInRight delay-200ms slow has-color-3-background-color has-background is-layout-flow wp-block-column-is-layout-flow\" style=\"flex-basis:33.33%\">\n<h2 class=\"ls__heading wp-block-heading la-region\">Descubra la regi\u00f3n&#8230;<\/h2>\n\n\n\n<figure class=\"wp-block-image size-full image-alentours-toulouse\"><img decoding=\"async\" width=\"702\" height=\"590\" src=\"https:\/\/www.campinglesviolettes.com\/wp-content\/uploads\/2023\/02\/carte-alentour-toulouse-camping-les-violettes.png\" alt=\"mapa de los alrededores\" class=\"wp-image-477\" srcset=\"https:\/\/www.campinglesviolettes.com\/wp-content\/uploads\/2023\/02\/carte-alentour-toulouse-camping-les-violettes.png 702w, https:\/\/www.campinglesviolettes.com\/wp-content\/uploads\/2023\/02\/carte-alentour-toulouse-camping-les-violettes-300x252.png 300w\" sizes=\"(max-width: 702px) 100vw, 702px\" \/><\/figure>\n<\/div>\n<\/div>\n\n\n\r\n<a href=\"https:\/\/www.campinglesviolettes.com\/es\/camping-animaciones-toulouse\/\" id=\"ls-button-block_e099b6ecd45a4e295a2c980d64cfebff\" target=\"\" rel=\"\" class=\"ls-button aligncenter\">Actividades en los alrededores <i class='violettes-fleche'><\/i><\/a>\n\r\n    <\/div>\r\n<\/section>\n\n<section id=\"ls-section-block_cfed1d13daed8fe369659546fa08a2b2\" class=\"ls-section  home-eighth animated fadeIn slow\" >\r\n        <div class=\"container container--wide\">\r\n        \n\n<h2 class=\"ls__heading wp-block-heading has-text-align-center\">Descubra <strong>nuestras noticias<\/strong><\/h2>\n\n\n<ul class=\"post-list\"><a href=\"https:\/\/www.campinglesviolettes.com\/es\/sin-categorizar\/nuestras-novedades\/\" class=\"post-item \"><div class=\"post-img\"><img decoding=\"async\" src=\"https:\/\/www.campinglesviolettes.com\/wp-content\/uploads\/2025\/11\/IMG_1481-1024x768.jpg\" class=\"attachment-post-thumbnail size-post-thumbnail wp-post-image\" alt=\"IMG 1481\"><\/div><div class=\"post-detail\">\u00a1Nuestras novedades!<div class=\"post-readmore\">Seguir leyendo +<\/div><\/div><\/a><a href=\"https:\/\/www.campinglesviolettes.com\/es\/sin-categorizar\/basilica-de-san-sernin\/\" class=\"post-item \"><div class=\"post-img\"><img decoding=\"async\" src=\"https:\/\/www.campinglesviolettes.com\/wp-content\/uploads\/2025\/11\/Cloitre_\u00a9Couvent-des-Jacobins-1.jpg\" class=\"attachment-post-thumbnail size-post-thumbnail wp-post-image\" alt=\"\"><\/div><div class=\"post-detail\">Bas\u00edlica de San Sern\u00edn en Toulouse: visita...<div class=\"post-readmore\">Seguir leyendo +<\/div><\/div><\/a><a href=\"https:\/\/www.campinglesviolettes.com\/es\/sin-categorizar\/nuestras-actividades\/\" class=\"post-item \"><div class=\"post-img\"><img decoding=\"async\" src=\"https:\/\/www.campinglesviolettes.com\/wp-content\/uploads\/2023\/11\/violettes-9.jpg\" class=\"attachment-post-thumbnail size-post-thumbnail wp-post-image\" alt=\"violettes 9\"><\/div><div class=\"post-detail\">La temporada 2025<div class=\"post-readmore\">Seguir leyendo +<\/div><\/div><\/a><\/ul>\n\n\r\n    <\/div>\r\n<\/section>\n\n<section id=\"ls-section-block_430be3ed2ffd4781bcf9dab15b50f3ae\" class=\"ls-section  home-ninth\" >\r\n        <div class=\"container container--small\">\r\n        \n\n<h2 class=\"ls__heading wp-block-heading\">Descubra <strong>nuestras FAQ<\/strong><\/h2>\n\n\n<div id=\"faq\" class=\"faq-container animated fadeIn\"><div itemscope=\"\" itemtype=\"https:\/\/schema.org\/FAQPage\"><div class=\"faq__box\"><div class=\"faq__container\"><div class=\"faq__block\" itemscope=\"\" itemprop=\"mainEntity\" itemtype=\"https:\/\/schema.org\/Question\"><details class=\"faq\"><summary class=\"faq-question\" itemprop=\"name\">\u00bfCu\u00e1les son las fechas de apertura del camping?<span class=\"faq-opener\"><\/span><\/summary><div class=\"content\" itemscope=\"\" itemprop=\"acceptedAnswer\" itemtype=\"https:\/\/schema.org\/Answer\"><div itemprop=\"text\"><p><em>El camping est\u00e1 abierto todo el a\u00f1o.<\/em><\/p><\/div><\/div><\/details><\/div><\/div><\/div><div class=\"faq__box\"><div class=\"faq__container\"><div class=\"faq__block\" itemscope=\"\" itemprop=\"mainEntity\" itemtype=\"https:\/\/schema.org\/Question\"><details class=\"faq\"><summary class=\"faq-question\" itemprop=\"name\">\u00bfHay animaciones?  <span class=\"faq-opener\"><\/span><\/summary><div class=\"content\" itemscope=\"\" itemprop=\"acceptedAnswer\" itemtype=\"https:\/\/schema.org\/Answer\"><div itemprop=\"text\"><p><em>S\u00ed en Julio y Agosto<\/em><\/p><\/div><\/div><\/details><\/div><\/div><\/div><div class=\"faq__box\"><div class=\"faq__container\"><div class=\"faq__block\" itemscope=\"\" itemprop=\"mainEntity\" itemtype=\"https:\/\/schema.org\/Question\"><details class=\"faq\"><summary class=\"faq-question\" itemprop=\"name\">\u00bfPodemos comprar in situ?<span class=\"faq-opener\"><\/span><\/summary><div class=\"content\" itemscope=\"\" itemprop=\"acceptedAnswer\" itemtype=\"https:\/\/schema.org\/Answer\"><div itemprop=\"text\"><p><em>Disponemos de una tienda de comestibles para sus compras.<\/em><\/p><\/div><\/div><\/details><\/div><\/div><\/div><\/div><\/div>\n\n\r\n<a href=\"https:\/\/www.campinglesviolettes.com\/es\/preguntas-mas-frecuentes\/\" id=\"ls-button-block_7a61710da533556b07ee10e2e195f089\" target=\"\" rel=\"\" class=\"ls-button aligncenter\">Consulte las FAQ <i class='violettes-fleche'><\/i><\/a>\n\r\n    <\/div>\r\n<\/section>\n\n<section id=\"ls-section-block_a05f8084ee125278acd83ac89b46f854\" class=\"ls-section  home-tenth has-background-image has-background has-color-black-background-color\" >\r\n    <div class=\"ls-section__background-image opacity-80\"><img decoding=\"async\" src=\"https:\/\/www.campinglesviolettes.com\/wp-content\/uploads\/2023\/02\/fleurs-camping-les-violettes.jpg\" alt=\"Fleurs Camping les Violettes\"><\/div>    <div class=\"container container--wide\">\r\n        \n\n<div class=\"wp-block-columns are-vertically-aligned-center container-avis is-layout-flex wp-container-core-columns-is-layout-9d6595d7 wp-block-columns-is-layout-flex\">\n<div class=\"wp-block-column is-vertically-aligned-center is-layout-flow wp-block-column-is-layout-flow\" style=\"flex-basis:80%\"><div class=\"avis-container\"><div class=\"avis\"><div class=\"avis-content\"><span class=\"violettes-citation\"><\/span> Situado cerca del Canal du Midi, el camping dispone de una zona muy adecuada para ciclistas, con sillas y mesas en pr\u00e9stamo, sombra e instalaciones de secado. Sanitarios muy limpios. Buena recepci\u00f3n y tienda de comestibles. Muy buena pizzer\u00eda y ensaladas donde puedes pedir y que te lo lleven.[&#8230;]..<\/div><div class=\"avis-footer\"><div class=\"avis-etoile-wrapper\"> <span class=\"violettes-etoile\"><\/span> <span class=\"violettes-etoile\"><\/span> <span class=\"violettes-etoile\"><\/span> <span class=\"violettes-etoile\"><\/span> <span class=\"violettes-etoile\"><\/span><div class=\"avis-etoile\" style=\"width : calc(100% * 1)\"> <span class=\"violettes-etoile\"><\/span> <span class=\"violettes-etoile\"><\/span> <span class=\"violettes-etoile\"><\/span> <span class=\"violettes-etoile\"><\/span> <span class=\"violettes-etoile\"><\/span> <\/div><\/div><div class=\"avis-auteur-wrap\"><div class=\"avis-auteur\">Manon<a  href=\"https:\/\/www.google.com\/search?gs_ssp=eJzj4tZP1zcsScspM8wpM2C0UjWoMDRKTLU0NTFJTTE2MDBMNbcyqDA1TklMSrU0NDMBihiZmHhJJyfmFmTmpSvkpBYrlGXm56SWlABZKamVuakAvZIY6w&#038;q=camping+les+violettes+deyme&#038;rlz=1C1ONGR_frFR992FR992&#038;oq=camping+les+violettes+dey&#038;aqs=chrome.1.0i355i512j46i175i199i512j69i57j0i512j0i22i30i625j0i22i30j69i60l2.15279j0j7&#038;sourceid=chrome&#038;ie=UTF-8#lrd=0x12ae9544ed3001e7:0x53dabe9164001244,1,,,,\" target=\"_blank\" class=\"avis-auteur\" rel=\"noindex, nofollow\">Ver los comentarios de Google<\/a><\/div><img decoding=\"async\" class=\"avis-image\" src=\"https:\/\/www.campinglesviolettes.com\/wp-content\/uploads\/2023\/02\/velos-camping-les-violettes.jpg\" alt=\"camping cycliste toulouse\" \/><\/div><\/div><\/div><div class=\"avis\"><div class=\"avis-content\"><span class=\"violettes-citation\"><\/span> Un camping muy agradable, con mucho encanto. Peque\u00f1a piscina, muchos juegos para los ni\u00f1os&#8230; \u00a1pero muy tranquilo al mismo tiempo!\r\nLos sanitarios est\u00e1n muy limpios. Las parcelas son bastante grandes, con enchufes, agua&#8230; En resumen, pasamos una buena noche y nos divertimos mucho.<\/div><div class=\"avis-footer\"><div class=\"avis-etoile-wrapper\"> <span class=\"violettes-etoile\"><\/span> <span class=\"violettes-etoile\"><\/span> <span class=\"violettes-etoile\"><\/span> <span class=\"violettes-etoile\"><\/span> <span class=\"violettes-etoile\"><\/span><div class=\"avis-etoile\" style=\"width : calc(100% * 0.9)\"> <span class=\"violettes-etoile\"><\/span> <span class=\"violettes-etoile\"><\/span> <span class=\"violettes-etoile\"><\/span> <span class=\"violettes-etoile\"><\/span> <span class=\"violettes-etoile\"><\/span> <\/div><\/div><div class=\"avis-auteur-wrap\"><div class=\"avis-auteur\">Emmy<a  href=\"https:\/\/www.google.com\/search?gs_ssp=eJzj4tZP1zcsScspM8wpM2C0UjWoMDRKTLU0NTFJTTE2MDBMNbcyqDA1TklMSrU0NDMBihiZmHhJJyfmFmTmpSvkpBYrlGXm56SWlABZKamVuakAvZIY6w&#038;q=camping+les+violettes+deyme&#038;rlz=1C1ONGR_frFR992FR992&#038;oq=camping+les+violettes+dey&#038;aqs=chrome.1.0i355i512j46i175i199i512j69i57j0i512j0i22i30i625j0i22i30j69i60l2.15279j0j7&#038;sourceid=chrome&#038;ie=UTF-8#lrd=0x12ae9544ed3001e7:0x53dabe9164001244,1,,,,\" target=\"_blank\" class=\"avis-auteur\" rel=\"noindex, nofollow\">Ver los comentarios de Google<\/a><\/div><img decoding=\"async\" class=\"avis-image\" src=\"https:\/\/www.campinglesviolettes.com\/wp-content\/uploads\/2023\/02\/toulouse-camping-les-violettes.jpg\" alt=\"Toulouse Camping les Violettes\" \/><\/div><\/div><\/div><div class=\"avis\"><div class=\"avis-content\"><span class=\"violettes-citation\"><\/span> <\/div><div class=\"avis-footer\"><div class=\"avis-etoile-wrapper\"> <span class=\"violettes-etoile\"><\/span> <span class=\"violettes-etoile\"><\/span> <span class=\"violettes-etoile\"><\/span> <span class=\"violettes-etoile\"><\/span> <span class=\"violettes-etoile\"><\/span><div class=\"avis-etoile\" style=\"width : calc(100% * 1)\"> <span class=\"violettes-etoile\"><\/span> <span class=\"violettes-etoile\"><\/span> <span class=\"violettes-etoile\"><\/span> <span class=\"violettes-etoile\"><\/span> <span class=\"violettes-etoile\"><\/span> <\/div><\/div><div class=\"avis-auteur-wrap\"><div class=\"avis-auteur\"><a  href=\"https:\/\/www.google.com\/search?gs_ssp=eJzj4tZP1zcsScspM8wpM2C0UjWoMDRKTLU0NTFJTTE2MDBMNbcyqDA1TklMSrU0NDMBihiZmHhJJyfmFmTmpSvkpBYrlGXm56SWlABZKamVuakAvZIY6w&#038;q=camping+les+violettes+deyme&#038;rlz=1C1ONGR_frFR992FR992&#038;oq=camping+les+violettes+dey&#038;aqs=chrome.1.0i355i512j46i175i199i512j69i57j0i512j0i22i30i625j0i22i30j69i60l2.15279j0j7&#038;sourceid=chrome&#038;ie=UTF-8#lrd=0x12ae9544ed3001e7:0x53dabe9164001244,1,,,,\" target=\"_blank\" class=\"avis-auteur\" rel=\"noindex, nofollow\">Ver los comentarios de Google<\/a><\/div><img decoding=\"async\" class=\"avis-image\" src=\"\/wp-content\/uploads\/2023\/02\/client-camping-les-violettes.jpg\" alt=\"Avis client Camping Les Violettes Toulouse\" \/><\/div><\/div><\/div><\/div><\/div>\n\n\n\n<div class=\"wp-block-column is-vertically-aligned-center is-layout-flow wp-block-column-is-layout-flow\" style=\"flex-basis:20%\"><div class=\"wp-block-image camping2be\">\n<figure class=\"aligncenter size-full\"><a href=\"https:\/\/www.camping2be.com\/france\/deyme\/avis-clients-camping-les-violettes\" target=\"_blank\" rel=\"noreferrer noopener nofollow\"><img decoding=\"async\" width=\"250\" height=\"355\" src=\"https:\/\/www.campinglesviolettes.com\/wp-content\/uploads\/2023\/03\/logo-camping2b.jpg\" alt=\"logotipo camping2b\" class=\"wp-image-1850\" srcset=\"https:\/\/www.campinglesviolettes.com\/wp-content\/uploads\/2023\/03\/logo-camping2b.jpg 250w, https:\/\/www.campinglesviolettes.com\/wp-content\/uploads\/2023\/03\/logo-camping2b-211x300.jpg 211w\" sizes=\"(max-width: 250px) 100vw, 250px\" \/><\/a><\/figure>\n<\/div><\/div>\n<\/div>\n\n\r\n    <\/div>\r\n<\/section>\n\n<section id=\"ls-section-block_0c23fac33e3a234194011c3145522434\" class=\"ls-section  home-eleventh\" >\r\n        <div class=\"container \">\r\n        \n\n<div id=\"ls-pdf-block_c12be592b278c2066d09b0e6de8316f5\" class=\"ls-pdf animated fadeInUp slow\" >\n    <div class=\"ls-pdf__list\">\n                            <a href=\"https:\/\/www.campinglesviolettes.com\/wp-content\/uploads\/2023\/02\/Livret-daccueil-ES.pdf-1-1.pdf\" title=\"Folleto de Bienvenida\" class=\"ls-pdf__list__item\" target=\"_blank\" rel=\"noopener\">\n\n                                    <i class=\"violettes-reglement\"><\/i>\n                \n                <div class=\"ls-pdf__list__name\">Folleto de Bienvenida<\/div>\n            <\/a>\n                    <a href=\"https:\/\/www.campinglesviolettes.com\/wp-content\/uploads\/2023\/02\/VIOLETTES-2022-Plan-2022.pdf\" title=\"Mapa del camping\" class=\"ls-pdf__list__item\" target=\"_blank\" rel=\"noopener\">\n\n                                    <i class=\"violettes-map\"><\/i>\n                \n                <div class=\"ls-pdf__list__name\">Mapa del camping<\/div>\n            <\/a>\n                    <a href=\"https:\/\/www.campinglesviolettes.com\/wp-content\/uploads\/2023\/02\/brochurefr.pdf\" title=\"C\u00f3mo llegar\" class=\"ls-pdf__list__item\" target=\"_blank\" rel=\"noopener\">\n\n                                    <i class=\"violettes-carte\"><\/i>\n                \n                <div class=\"ls-pdf__list__name\">C\u00f3mo llegar<\/div>\n            <\/a>\n                    <a href=\"https:\/\/www.campinglesviolettes.com\/wp-content\/uploads\/2023\/04\/CGV-LOCATION-ESPAGNOL2026.pdf\" title=\"CGV Alquiler\" class=\"ls-pdf__list__item\" target=\"_blank\" rel=\"noopener\">\n\n                                    <i class=\"violettes-contract\"><\/i>\n                \n                <div class=\"ls-pdf__list__name\">CGV Alquiler<\/div>\n            <\/a>\n                    <a href=\"https:\/\/www.campinglesviolettes.com\/wp-content\/uploads\/2023\/04\/CGV-CAMPING-ESPAGNOL2026.pdf\" title=\"CGV Ubicaci\u00f3n\" class=\"ls-pdf__list__item\" target=\"_blank\" rel=\"noopener\">\n\n                                    <i class=\"violettes-contract\"><\/i>\n                \n                <div class=\"ls-pdf__list__name\">CGV Ubicaci\u00f3n<\/div>\n            <\/a>\n                    <a href=\"https:\/\/www.campinglesviolettes.com\/wp-content\/uploads\/2023\/04\/IR-VIOLETTES-EN.pdf\" title=\"Reglamento interno\" class=\"ls-pdf__list__item\" target=\"_blank\" rel=\"noopener\">\n\n                                    <i class=\"violettes-document\"><\/i>\n                \n                <div class=\"ls-pdf__list__name\">Reglamento interno<\/div>\n            <\/a>\n                    <\/div>\n<\/div>\n\r\n    <\/div>\r\n<\/section>","protected":false},"excerpt":{"rendered":"","protected":false},"author":1,"featured_media":0,"parent":0,"menu_order":0,"comment_status":"closed","ping_status":"closed","template":"","meta":{"_acf_changed":false,"footnotes":""},"sujet":[],"class_list":["post-1937","page","type-page","status-publish","hentry"],"acf":[],"yoast_head":"<!-- This site is optimized with the Yoast SEO plugin v23.4 - https:\/\/yoast.com\/wordpress\/plugins\/seo\/ -->\n<title>Camping Les Violettes en Deyme | Camping Toulouse - Occitanie<\/title>\n<meta name=\"description\" content=\"El camping Les Violettes al sureste de Toulouse, en Deyme, le da la bienvenida todo el a\u00f1o. \u00a1Bienvenido a un entorno verde cerca del Canal du Midi!\" \/>\n<meta name=\"robots\" content=\"index, follow, max-snippet:-1, max-image-preview:large, max-video-preview:-1\" \/>\n<link rel=\"canonical\" href=\"https:\/\/www.campinglesviolettes.com\/es\/\" \/>\n<meta property=\"og:locale\" content=\"es_ES\" \/>\n<meta property=\"og:type\" content=\"article\" \/>\n<meta property=\"og:title\" content=\"Camping Les Violettes en Deyme | Camping Toulouse - Occitanie\" \/>\n<meta property=\"og:description\" content=\"El camping Les Violettes al sureste de Toulouse, en Deyme, le da la bienvenida todo el a\u00f1o. \u00a1Bienvenido a un entorno verde cerca del Canal du Midi!\" \/>\n<meta property=\"og:url\" content=\"https:\/\/www.campinglesviolettes.com\/es\/\" \/>\n<meta property=\"og:site_name\" content=\"Les Violettes\" \/>\n<meta property=\"article:modified_time\" content=\"2023-07-20T15:58:25+00:00\" \/>\n<meta property=\"og:image\" content=\"https:\/\/www.campinglesviolettes.com\/wp-content\/uploads\/2023\/02\/mascotte-camping-les-violettes.jpg\" \/>\n<meta name=\"twitter:card\" content=\"summary_large_image\" \/>\n<meta name=\"twitter:label1\" content=\"Tiempo de lectura\" \/>\n\t<meta name=\"twitter:data1\" content=\"6 minutos\" \/>\n<script type=\"application\/ld+json\" class=\"yoast-schema-graph\">{\"@context\":\"https:\/\/schema.org\",\"@graph\":[{\"@type\":\"WebPage\",\"@id\":\"https:\/\/www.campinglesviolettes.com\/es\/\",\"url\":\"https:\/\/www.campinglesviolettes.com\/es\/\",\"name\":\"Camping Les Violettes en Deyme | Camping Toulouse - Occitanie\",\"isPartOf\":{\"@id\":\"https:\/\/www.campinglesviolettes.com\/#website\"},\"primaryImageOfPage\":{\"@id\":\"https:\/\/www.campinglesviolettes.com\/es\/#primaryimage\"},\"image\":{\"@id\":\"https:\/\/www.campinglesviolettes.com\/es\/#primaryimage\"},\"thumbnailUrl\":\"https:\/\/www.campinglesviolettes.com\/wp-content\/uploads\/2023\/02\/mascotte-camping-les-violettes.jpg\",\"datePublished\":\"2023-04-06T13:28:40+00:00\",\"dateModified\":\"2023-07-20T15:58:25+00:00\",\"description\":\"El camping Les Violettes al sureste de Toulouse, en Deyme, le da la bienvenida todo el a\u00f1o. \u00a1Bienvenido a un entorno verde cerca del Canal du Midi!\",\"breadcrumb\":{\"@id\":\"https:\/\/www.campinglesviolettes.com\/es\/#breadcrumb\"},\"inLanguage\":\"es\",\"potentialAction\":[{\"@type\":\"ReadAction\",\"target\":[\"https:\/\/www.campinglesviolettes.com\/es\/\"]}]},{\"@type\":\"ImageObject\",\"inLanguage\":\"es\",\"@id\":\"https:\/\/www.campinglesviolettes.com\/es\/#primaryimage\",\"url\":\"https:\/\/www.campinglesviolettes.com\/wp-content\/uploads\/2023\/02\/mascotte-camping-les-violettes.jpg\",\"contentUrl\":\"https:\/\/www.campinglesviolettes.com\/wp-content\/uploads\/2023\/02\/mascotte-camping-les-violettes.jpg\"},{\"@type\":\"BreadcrumbList\",\"@id\":\"https:\/\/www.campinglesviolettes.com\/es\/#breadcrumb\",\"itemListElement\":[{\"@type\":\"ListItem\",\"position\":1,\"name\":\"Camping Occitanie\",\"item\":\"https:\/\/www.campinglesviolettes.com\/es\/\"},{\"@type\":\"ListItem\",\"position\":2,\"name\":\"Inicio\"}]},{\"@type\":\"WebSite\",\"@id\":\"https:\/\/www.campinglesviolettes.com\/#website\",\"url\":\"https:\/\/www.campinglesviolettes.com\/\",\"name\":\"Les Violettes\",\"description\":\"\",\"publisher\":{\"@id\":\"https:\/\/www.campinglesviolettes.com\/#organization\"},\"potentialAction\":[{\"@type\":\"SearchAction\",\"target\":{\"@type\":\"EntryPoint\",\"urlTemplate\":\"https:\/\/www.campinglesviolettes.com\/?s={search_term_string}\"},\"query-input\":{\"@type\":\"PropertyValueSpecification\",\"valueRequired\":true,\"valueName\":\"search_term_string\"}}],\"inLanguage\":\"es\"},{\"@type\":\"Organization\",\"@id\":\"https:\/\/www.campinglesviolettes.com\/#organization\",\"name\":\"Les Violettes\",\"url\":\"https:\/\/www.campinglesviolettes.com\/\",\"logo\":{\"@type\":\"ImageObject\",\"inLanguage\":\"es\",\"@id\":\"https:\/\/www.campinglesviolettes.com\/#\/schema\/logo\/image\/\",\"url\":\"https:\/\/www.campinglesviolettes.com\/wp-content\/uploads\/2023\/02\/logo-camping-les-violettes.png\",\"contentUrl\":\"https:\/\/www.campinglesviolettes.com\/wp-content\/uploads\/2023\/02\/logo-camping-les-violettes.png\",\"width\":250,\"height\":206,\"caption\":\"Les Violettes\"},\"image\":{\"@id\":\"https:\/\/www.campinglesviolettes.com\/#\/schema\/logo\/image\/\"}}]}<\/script>\n<!-- \/ Yoast SEO plugin. -->","yoast_head_json":{"title":"Camping Les Violettes en Deyme | Camping Toulouse - Occitanie","description":"El camping Les Violettes al sureste de Toulouse, en Deyme, le da la bienvenida todo el a\u00f1o. \u00a1Bienvenido a un entorno verde cerca del Canal du Midi!","robots":{"index":"index","follow":"follow","max-snippet":"max-snippet:-1","max-image-preview":"max-image-preview:large","max-video-preview":"max-video-preview:-1"},"canonical":"https:\/\/www.campinglesviolettes.com\/es\/","og_locale":"es_ES","og_type":"article","og_title":"Camping Les Violettes en Deyme | Camping Toulouse - Occitanie","og_description":"El camping Les Violettes al sureste de Toulouse, en Deyme, le da la bienvenida todo el a\u00f1o. \u00a1Bienvenido a un entorno verde cerca del Canal du Midi!","og_url":"https:\/\/www.campinglesviolettes.com\/es\/","og_site_name":"Les Violettes","article_modified_time":"2023-07-20T15:58:25+00:00","og_image":[{"url":"https:\/\/www.campinglesviolettes.com\/wp-content\/uploads\/2023\/02\/mascotte-camping-les-violettes.jpg"}],"twitter_card":"summary_large_image","twitter_misc":{"Tiempo de lectura":"6 minutos"},"schema":{"@context":"https:\/\/schema.org","@graph":[{"@type":"WebPage","@id":"https:\/\/www.campinglesviolettes.com\/es\/","url":"https:\/\/www.campinglesviolettes.com\/es\/","name":"Camping Les Violettes en Deyme | Camping Toulouse - Occitanie","isPartOf":{"@id":"https:\/\/www.campinglesviolettes.com\/#website"},"primaryImageOfPage":{"@id":"https:\/\/www.campinglesviolettes.com\/es\/#primaryimage"},"image":{"@id":"https:\/\/www.campinglesviolettes.com\/es\/#primaryimage"},"thumbnailUrl":"https:\/\/www.campinglesviolettes.com\/wp-content\/uploads\/2023\/02\/mascotte-camping-les-violettes.jpg","datePublished":"2023-04-06T13:28:40+00:00","dateModified":"2023-07-20T15:58:25+00:00","description":"El camping Les Violettes al sureste de Toulouse, en Deyme, le da la bienvenida todo el a\u00f1o. \u00a1Bienvenido a un entorno verde cerca del Canal du Midi!","breadcrumb":{"@id":"https:\/\/www.campinglesviolettes.com\/es\/#breadcrumb"},"inLanguage":"es","potentialAction":[{"@type":"ReadAction","target":["https:\/\/www.campinglesviolettes.com\/es\/"]}]},{"@type":"ImageObject","inLanguage":"es","@id":"https:\/\/www.campinglesviolettes.com\/es\/#primaryimage","url":"https:\/\/www.campinglesviolettes.com\/wp-content\/uploads\/2023\/02\/mascotte-camping-les-violettes.jpg","contentUrl":"https:\/\/www.campinglesviolettes.com\/wp-content\/uploads\/2023\/02\/mascotte-camping-les-violettes.jpg"},{"@type":"BreadcrumbList","@id":"https:\/\/www.campinglesviolettes.com\/es\/#breadcrumb","itemListElement":[{"@type":"ListItem","position":1,"name":"Camping Occitanie","item":"https:\/\/www.campinglesviolettes.com\/es\/"},{"@type":"ListItem","position":2,"name":"Inicio"}]},{"@type":"WebSite","@id":"https:\/\/www.campinglesviolettes.com\/#website","url":"https:\/\/www.campinglesviolettes.com\/","name":"Les Violettes","description":"","publisher":{"@id":"https:\/\/www.campinglesviolettes.com\/#organization"},"potentialAction":[{"@type":"SearchAction","target":{"@type":"EntryPoint","urlTemplate":"https:\/\/www.campinglesviolettes.com\/?s={search_term_string}"},"query-input":{"@type":"PropertyValueSpecification","valueRequired":true,"valueName":"search_term_string"}}],"inLanguage":"es"},{"@type":"Organization","@id":"https:\/\/www.campinglesviolettes.com\/#organization","name":"Les Violettes","url":"https:\/\/www.campinglesviolettes.com\/","logo":{"@type":"ImageObject","inLanguage":"es","@id":"https:\/\/www.campinglesviolettes.com\/#\/schema\/logo\/image\/","url":"https:\/\/www.campinglesviolettes.com\/wp-content\/uploads\/2023\/02\/logo-camping-les-violettes.png","contentUrl":"https:\/\/www.campinglesviolettes.com\/wp-content\/uploads\/2023\/02\/logo-camping-les-violettes.png","width":250,"height":206,"caption":"Les Violettes"},"image":{"@id":"https:\/\/www.campinglesviolettes.com\/#\/schema\/logo\/image\/"}}]}},"_links":{"self":[{"href":"https:\/\/www.campinglesviolettes.com\/es\/wp-json\/wp\/v2\/pages\/1937","targetHints":{"allow":["GET"]}}],"collection":[{"href":"https:\/\/www.campinglesviolettes.com\/es\/wp-json\/wp\/v2\/pages"}],"about":[{"href":"https:\/\/www.campinglesviolettes.com\/es\/wp-json\/wp\/v2\/types\/page"}],"author":[{"embeddable":true,"href":"https:\/\/www.campinglesviolettes.com\/es\/wp-json\/wp\/v2\/users\/1"}],"replies":[{"embeddable":true,"href":"https:\/\/www.campinglesviolettes.com\/es\/wp-json\/wp\/v2\/comments?post=1937"}],"version-history":[{"count":54,"href":"https:\/\/www.campinglesviolettes.com\/es\/wp-json\/wp\/v2\/pages\/1937\/revisions"}],"predecessor-version":[{"id":2744,"href":"https:\/\/www.campinglesviolettes.com\/es\/wp-json\/wp\/v2\/pages\/1937\/revisions\/2744"}],"wp:attachment":[{"href":"https:\/\/www.campinglesviolettes.com\/es\/wp-json\/wp\/v2\/media?parent=1937"}],"wp:term":[{"taxonomy":"sujet","embeddable":true,"href":"https:\/\/www.campinglesviolettes.com\/es\/wp-json\/wp\/v2\/sujet?post=1937"}],"curies":[{"name":"wp","href":"https:\/\/api.w.org\/{rel}","templated":true}]}}