{"id":1889,"date":"2023-04-06T15:28:19","date_gmt":"2023-04-06T13:28:19","guid":{"rendered":"https:\/\/www.campinglesviolettes.com\/faq\/"},"modified":"2026-08-14T15:54:17","modified_gmt":"2026-08-14T13:54:17","slug":"preguntas-mas-frecuentes","status":"publish","type":"page","link":"https:\/\/www.campinglesviolettes.com\/es\/preguntas-mas-frecuentes\/","title":{"rendered":"PREGUNTAS FRECUENTES"},"content":{"rendered":"\n<div class=\"wp-block-columns is-layout-flex wp-container-core-columns-is-layout-8f761849 wp-block-columns-is-layout-flex\">\n<div class=\"wp-block-column is-layout-flow wp-block-column-is-layout-flow\" style=\"flex-basis:100%\"><section id=\"ls-section-block_d748700b623dfbc124759a7b2b503e3e\" class=\"ls-section \" >\r\n        <div class=\"container \">\r\n        \n\n<h1 class=\"ls__heading wp-block-heading has-text-align-center\">Bienvenidos al camping Les Violettes en Haute-Garonne<\/h1>\n\n\n\n<p class=\"ls-paragraph has-text-align-center wp-block-paragraph\"><strong>El equipo del Camping des Violettes permanece a su entera disposici\u00f3n para responder a todas sus preguntas<\/strong>.<br\/>No dude en contactarnos por tel\u00e9fono o correo electr\u00f3nico: estaremos encantados de ayudarle a preparar su estancia.<\/p>\n\n\n<div id=\"faq\" class=\"faq-container\"><div itemscope=\"\" itemtype=\"https:\/\/schema.org\/FAQPage\"><div class=\"faq__box\"><div class=\"faq__container\"><div class=\"faq__block\" itemscope=\"\" itemprop=\"mainEntity\" itemtype=\"https:\/\/schema.org\/Question\"><details class=\"faq\"><summary class=\"faq-question\" itemprop=\"name\">\u00bfCu\u00e1les son las fechas de apertura del camping?<span class=\"faq-opener\"><\/span><\/summary><div class=\"content\" itemscope=\"\" itemprop=\"acceptedAnswer\" itemtype=\"https:\/\/schema.org\/Answer\"><div itemprop=\"text\"><p><em>El camping est\u00e1 abierto todo el a\u00f1o.<\/em><\/p><\/div><\/div><\/details><\/div><\/div><\/div><div class=\"faq__box\"><div class=\"faq__container\"><div class=\"faq__block\" itemscope=\"\" itemprop=\"mainEntity\" itemtype=\"https:\/\/schema.org\/Question\"><details class=\"faq\"><summary class=\"faq-question\" itemprop=\"name\">\u00bfCu\u00e1les son las modalidades de acogida a los visitantes en el camping?<span class=\"faq-opener\"><\/span><\/summary><div class=\"content\" itemscope=\"\" itemprop=\"acceptedAnswer\" itemtype=\"https:\/\/schema.org\/Answer\"><div itemprop=\"text\"><p><em>Los visitantes est\u00e1n autorizados dentro del camping, siempre que se presenten obligatoriamente en la recepci\u00f3n a su llegada para pagar la entrada de 3 \u20ac por persona y d\u00eda.\n\nLa tarifa visitante es v\u00e1lida solo para una visita de un d\u00eda y no permite pasar la noche en el camping. Toda persona que desee quedarse a dormir deber\u00e1 ser declarada como ocupante y pagar la tarifa correspondiente. \n\nLos visitantes no tienen acceso a la zona acu\u00e1tica reservada para campistas. Su veh\u00edculo debe dejarse en el aparcamiento exterior del camping y no se puede estacionar dentro del mismo. <\/em><\/p><\/div><\/div><\/details><\/div><\/div><\/div><div class=\"faq__box\"><div class=\"faq__container\"><div class=\"faq__block\" itemscope=\"\" itemprop=\"mainEntity\" itemtype=\"https:\/\/schema.org\/Question\"><details class=\"faq\"><summary class=\"faq-question\" itemprop=\"name\">No he recibido la confirmaci\u00f3n de la reserva \u00bfqu\u00e9 debo hacer?<span class=\"faq-opener\"><\/span><\/summary><div class=\"content\" itemscope=\"\" itemprop=\"acceptedAnswer\" itemtype=\"https:\/\/schema.org\/Answer\"><div itemprop=\"text\"><p><em>No dude en ponerse en contacto con nosotros para verificar su estancia y que podamos enviarle los documentos.<\/em><\/p><\/div><\/div><\/details><\/div><\/div><\/div><div class=\"faq__box\"><div class=\"faq__container\"><div class=\"faq__block\" itemscope=\"\" itemprop=\"mainEntity\" itemtype=\"https:\/\/schema.org\/Question\"><details class=\"faq\"><summary class=\"faq-question\" itemprop=\"name\">\u00bfEs posible llegar fuera del horario de recepci\u00f3n?<span class=\"faq-opener\"><\/span><\/summary><div class=\"content\" itemscope=\"\" itemprop=\"acceptedAnswer\" itemtype=\"https:\/\/schema.org\/Answer\"><div itemprop=\"text\"><p><em>S\u00ed, pero debe organizar su llegada con el personal de recepci\u00f3n<\/em><\/p><\/div><\/div><\/details><\/div><\/div><\/div><div class=\"faq__box\"><div class=\"faq__container\"><div class=\"faq__block\" itemscope=\"\" itemprop=\"mainEntity\" itemtype=\"https:\/\/schema.org\/Question\"><details class=\"faq\"><summary class=\"faq-question\" itemprop=\"name\">\u00bfSe admiten mascotas en todas las zonas del camping?<span class=\"faq-opener\"><\/span><\/summary><div class=\"content\" itemscope=\"\" itemprop=\"acceptedAnswer\" itemtype=\"https:\/\/schema.org\/Answer\"><div itemprop=\"text\"><p><em>Se aceptan animales en el camping y en algunos alquileres con cargo adicional, excepto en las casas m\u00f3viles.<\/em><\/p><\/div><\/div><\/details><\/div><\/div><\/div><div class=\"faq__box\"><div class=\"faq__container\"><div class=\"faq__block\" itemscope=\"\" itemprop=\"mainEntity\" itemtype=\"https:\/\/schema.org\/Question\"><details class=\"faq\"><summary class=\"faq-question\" itemprop=\"name\">\u00bfPuedo pagar con bono de vacaciones la reserva?<span class=\"faq-opener\"><\/span><\/summary><div class=\"content\" itemscope=\"\" itemprop=\"acceptedAnswer\" itemtype=\"https:\/\/schema.org\/Answer\"><div itemprop=\"text\"><p><em>Solo se aceptan cheques de vacaciones en papel para el pago de las estancias, por favor p\u00f3ngase en contacto con nosotros para acordar los t\u00e9rminos durante su reserva.\n<\/em><\/p><\/div><\/div><\/details><\/div><\/div><\/div><div class=\"faq__box\"><div class=\"faq__container\"><div class=\"faq__block\" itemscope=\"\" itemprop=\"mainEntity\" itemtype=\"https:\/\/schema.org\/Question\"><details class=\"faq\"><summary class=\"faq-question\" itemprop=\"name\">\u00bfCu\u00e1les son las condiciones de reembolso en caso de cancelaci\u00f3n?<span class=\"faq-opener\"><\/span><\/summary><div class=\"content\" itemscope=\"\" itemprop=\"acceptedAnswer\" itemtype=\"https:\/\/schema.org\/Answer\"><div itemprop=\"text\"><p><em>Las condiciones de reembolso dependen del tipo de estancia, la fecha de cancelaci\u00f3n, el motivo de la cancelaci\u00f3n y la posible suscripci\u00f3n al seguro de cancelaci\u00f3n, los t\u00e9rminos se especifican en su contrato, nuestros GTC y con la aseguradora.<\/em><\/p><\/div><\/div><\/details><\/div><\/div><\/div><div class=\"faq__box\"><div class=\"faq__container\"><div class=\"faq__block\" itemscope=\"\" itemprop=\"mainEntity\" itemtype=\"https:\/\/schema.org\/Question\"><details class=\"faq\"><summary class=\"faq-question\" itemprop=\"name\">\u00bfNecesito un dep\u00f3sito?<span class=\"faq-opener\"><\/span><\/summary><div class=\"content\" itemscope=\"\" itemprop=\"acceptedAnswer\" itemtype=\"https:\/\/schema.org\/Answer\"><div itemprop=\"text\"><p><em>S\u00ed, todas las estancias en alojamientos requieren una fianza en forma de huella bancaria o en efectivo.<\/em><\/p><\/div><\/div><\/details><\/div><\/div><\/div><div class=\"faq__box\"><div class=\"faq__container\"><div class=\"faq__block\" itemscope=\"\" itemprop=\"mainEntity\" itemtype=\"https:\/\/schema.org\/Question\"><details class=\"faq\"><summary class=\"faq-question\" itemprop=\"name\">\u00bfCu\u00e1l es el horario de recepci\u00f3n?<span class=\"faq-opener\"><\/span><\/summary><div class=\"content\" itemscope=\"\" itemprop=\"acceptedAnswer\" itemtype=\"https:\/\/schema.org\/Answer\"><div itemprop=\"text\"><p><em>Temporada baja: lunes &#8211; domingo\n9h00-12h00 | 15h00-18h00\nTemporada media: lunes &#8211; domingo\n9h00-12h00 \/ 14h00-19h00\nJulio &#8211; agosto: lunes &#8211; domingo\n8h30-21h00<\/em><\/p><\/div><\/div><\/details><\/div><\/div><\/div><h2 class=\"ls__heading wp-block-heading has-text-align-center\">Alojamiento<\/h2><div class=\"faq__box\"><div class=\"faq__container\"><div class=\"faq__block\" itemscope=\"\" itemprop=\"mainEntity\" itemtype=\"https:\/\/schema.org\/Question\"><details class=\"faq\"><summary class=\"faq-question\" itemprop=\"name\">\u00bfLa ropa de cama y las toallas est\u00e1n incluidas en el alojamiento?<span class=\"faq-opener\"><\/span><\/summary><div class=\"content\" itemscope=\"\" itemprop=\"acceptedAnswer\" itemtype=\"https:\/\/schema.org\/Answer\"><div itemprop=\"text\"><p><em>Las s\u00e1banas y toallas est\u00e1n disponibles para alquilar.<\/em><\/p><\/div><\/div><\/details><\/div><\/div><\/div><div class=\"faq__box\"><div class=\"faq__container\"><div class=\"faq__block\" itemscope=\"\" itemprop=\"mainEntity\" itemtype=\"https:\/\/schema.org\/Question\"><details class=\"faq\"><summary class=\"faq-question\" itemprop=\"name\">\u00bfSe contabilizan los beb\u00e9s en la capacidad del alojamiento?<span class=\"faq-opener\"><\/span><\/summary><div class=\"content\" itemscope=\"\" itemprop=\"acceptedAnswer\" itemtype=\"https:\/\/schema.org\/Answer\"><div itemprop=\"text\"><p><em>S\u00ed, los beb\u00e9s se cuentan en la capacidad de alojamiento, el n\u00famero m\u00e1ximo de personas en las casas m\u00f3viles no debe superarse.<\/em><\/p><\/div><\/div><\/details><\/div><\/div><\/div><div class=\"faq__box\"><div class=\"faq__container\"><div class=\"faq__block\" itemscope=\"\" itemprop=\"mainEntity\" itemtype=\"https:\/\/schema.org\/Question\"><details class=\"faq\"><summary class=\"faq-question\" itemprop=\"name\">\u00bfEl wifi es gratuito y est\u00e1 disponible en todo el dominio?<span class=\"faq-opener\"><\/span><\/summary><div class=\"content\" itemscope=\"\" itemprop=\"acceptedAnswer\" itemtype=\"https:\/\/schema.org\/Answer\"><div itemprop=\"text\"><p><em>Wifi es de pago y est\u00e1 disponible en todo el camping<\/em><\/p><\/div><\/div><\/details><\/div><\/div><\/div><div class=\"faq__box\"><div class=\"faq__container\"><div class=\"faq__block\" itemscope=\"\" itemprop=\"mainEntity\" itemtype=\"https:\/\/schema.org\/Question\"><details class=\"faq\"><summary class=\"faq-question\" itemprop=\"name\">\u00bfEs posible elegir su ubicaci\u00f3n?<span class=\"faq-opener\"><\/span><\/summary><div class=\"content\" itemscope=\"\" itemprop=\"acceptedAnswer\" itemtype=\"https:\/\/schema.org\/Answer\"><div itemprop=\"text\"><p><em>S\u00ed, sujeto a disponibilidad.<\/em><\/p><\/div><\/div><\/details><\/div><\/div><\/div><div class=\"faq__box\"><div class=\"faq__container\"><div class=\"faq__block\" itemscope=\"\" itemprop=\"mainEntity\" itemtype=\"https:\/\/schema.org\/Question\"><details class=\"faq\"><summary class=\"faq-question\" itemprop=\"name\">\u00bfTodas las casas m\u00f3viles tienen aire acondicionado?<span class=\"faq-opener\"><\/span><\/summary><div class=\"content\" itemscope=\"\" itemprop=\"acceptedAnswer\" itemtype=\"https:\/\/schema.org\/Answer\"><div itemprop=\"text\"><p><em>Las casas m\u00f3viles reservadas a la clientela tur\u00edstica est\u00e1n todas climatizadas.<\/em><\/p><\/div><\/div><\/details><\/div><\/div><\/div><div class=\"faq__box\"><div class=\"faq__container\"><div class=\"faq__block\" itemscope=\"\" itemprop=\"mainEntity\" itemtype=\"https:\/\/schema.org\/Question\"><details class=\"faq\"><summary class=\"faq-question\" itemprop=\"name\">\u00bfLa casa m\u00f3vil est\u00e1 equipada con una sombrilla?<span class=\"faq-opener\"><\/span><\/summary><div class=\"content\" itemscope=\"\" itemprop=\"acceptedAnswer\" itemtype=\"https:\/\/schema.org\/Answer\"><div itemprop=\"text\"><p><em>Todas las casas m\u00f3viles tienen una p\u00e9rgola<\/em><\/p><\/div><\/div><\/details><\/div><\/div><\/div><div class=\"faq__box\"><div class=\"faq__container\"><div class=\"faq__block\" itemscope=\"\" itemprop=\"mainEntity\" itemtype=\"https:\/\/schema.org\/Question\"><details class=\"faq\"><summary class=\"faq-question\" itemprop=\"name\">\u00bfLas casas m\u00f3viles est\u00e1n equipadas con lavavajillas?<span class=\"faq-opener\"><\/span><\/summary><div class=\"content\" itemscope=\"\" itemprop=\"acceptedAnswer\" itemtype=\"https:\/\/schema.org\/Answer\"><div itemprop=\"text\"><p><em>Las casas m\u00f3viles no est\u00e1n equipadas con lavavajillas, algunas est\u00e1n equipadas con hornos de gas (casa m\u00f3vil 3 dormitorios 3 violetas CONFORT +)<\/em><\/p><\/div><\/div><\/details><\/div><\/div><\/div><div class=\"faq__box\"><div class=\"faq__container\"><div class=\"faq__block\" itemscope=\"\" itemprop=\"mainEntity\" itemtype=\"https:\/\/schema.org\/Question\"><details class=\"faq\"><summary class=\"faq-question\" itemprop=\"name\">\u00bfDisponen de alojamiento adaptado para personas con movilidad reducida?<span class=\"faq-opener\"><\/span><\/summary><div class=\"content\" itemscope=\"\" itemprop=\"acceptedAnswer\" itemtype=\"https:\/\/schema.org\/Answer\"><div itemprop=\"text\"><p><em>Disponemos de una casa m\u00f3vil accesible para personas con movilidad reducida (mobil-home PMR)<\/em><\/p><\/div><\/div><\/details><\/div><\/div><\/div><div class=\"faq__box\"><div class=\"faq__container\"><div class=\"faq__block\" itemscope=\"\" itemprop=\"mainEntity\" itemtype=\"https:\/\/schema.org\/Question\"><details class=\"faq\"><summary class=\"faq-question\" itemprop=\"name\">Mi hijo es menor de edad y quiere irse unos d\u00edas con sus amigos, \u00bfes posible?<span class=\"faq-opener\"><\/span><\/summary><div class=\"content\" itemscope=\"\" itemprop=\"acceptedAnswer\" itemtype=\"https:\/\/schema.org\/Answer\"><div itemprop=\"text\"><p><em>No, \u00a1por desgracia, hay que ser mayor de edad!\nDe conformidad con el reglamento interno, las personas menores de edad deben estar obligatoriamente acompa\u00f1adas de un adulto.<\/em><\/p><\/div><\/div><\/details><\/div><\/div><\/div><h2 class=\"ls__heading wp-block-heading has-text-align-center\">Parque acu\u00e1tico<\/h2><div class=\"faq__box\"><div class=\"faq__container\"><div class=\"faq__block\" itemscope=\"\" itemprop=\"mainEntity\" itemtype=\"https:\/\/schema.org\/Question\"><details class=\"faq\"><summary class=\"faq-question\" itemprop=\"name\">\u00bfLa zona acu\u00e1tica est\u00e1 abierta en temporada baja?<span class=\"faq-opener\"><\/span><\/summary><div class=\"content\" itemscope=\"\" itemprop=\"acceptedAnswer\" itemtype=\"https:\/\/schema.org\/Answer\"><div itemprop=\"text\"><p><em>El espacio acu\u00e1tico est\u00e1 abierto desde junio hasta finales de agosto.<\/em><\/p><\/div><\/div><\/details><\/div><\/div><\/div><div class=\"faq__box\"><div class=\"faq__container\"><div class=\"faq__block\" itemscope=\"\" itemprop=\"mainEntity\" itemtype=\"https:\/\/schema.org\/Question\"><details class=\"faq\"><summary class=\"faq-question\" itemprop=\"name\">\u00bfSe permiten alimentos y bebidas en la zona acu\u00e1tica?<span class=\"faq-opener\"><\/span><\/summary><div class=\"content\" itemscope=\"\" itemprop=\"acceptedAnswer\" itemtype=\"https:\/\/schema.org\/Answer\"><div itemprop=\"text\"><p><em>Por razones de higiene, no se aceptan alimentos dentro del \u00e1rea acu\u00e1tica<\/em><\/p><\/div><\/div><\/details><\/div><\/div><\/div><div class=\"faq__box\"><div class=\"faq__container\"><div class=\"faq__block\" itemscope=\"\" itemprop=\"mainEntity\" itemtype=\"https:\/\/schema.org\/Question\"><details class=\"faq\"><summary class=\"faq-question\" itemprop=\"name\">\u00bfHay socorristas calificados alrededor de las piscinas?<span class=\"faq-opener\"><\/span><\/summary><div class=\"content\" itemscope=\"\" itemprop=\"acceptedAnswer\" itemtype=\"https:\/\/schema.org\/Answer\"><div itemprop=\"text\"><p><em>El \u00e1rea acu\u00e1tica no est\u00e1 supervisada y los ni\u00f1os est\u00e1n bajo la responsabilidad de sus padres<\/em><\/p><\/div><\/div><\/details><\/div><\/div><\/div><div class=\"faq__box\"><div class=\"faq__container\"><div class=\"faq__block\" itemscope=\"\" itemprop=\"mainEntity\" itemtype=\"https:\/\/schema.org\/Question\"><details class=\"faq\"><summary class=\"faq-question\" itemprop=\"name\">\u00bfCu\u00e1l es el horario de apertura del \u00e1rea acu\u00e1tica?<span class=\"faq-opener\"><\/span><\/summary><div class=\"content\" itemscope=\"\" itemprop=\"acceptedAnswer\" itemtype=\"https:\/\/schema.org\/Answer\"><div itemprop=\"text\"><p><em>El espacio acu\u00e1tico est\u00e1 abierto de 10 a 12 y de 14 a 19, en temporada se organizan con frecuencia noches<\/em><\/p><\/div><\/div><\/details><\/div><\/div><\/div><div class=\"faq__box\"><div class=\"faq__container\"><div class=\"faq__block\" itemscope=\"\" itemprop=\"mainEntity\" itemtype=\"https:\/\/schema.org\/Question\"><details class=\"faq\"><summary class=\"faq-question\" itemprop=\"name\">\u00bfLa piscina est\u00e1 climatizada?<span class=\"faq-opener\"><\/span><\/summary><div class=\"content\" itemscope=\"\" itemprop=\"acceptedAnswer\" itemtype=\"https:\/\/schema.org\/Answer\"><div itemprop=\"text\"><p><em>El \u00e1rea acu\u00e1tica no est\u00e1 climatizada<\/em><\/p><\/div><\/div><\/details><\/div><\/div><\/div><div class=\"faq__box\"><div class=\"faq__container\"><div class=\"faq__block\" itemscope=\"\" itemprop=\"mainEntity\" itemtype=\"https:\/\/schema.org\/Question\"><details class=\"faq\"><summary class=\"faq-question\" itemprop=\"name\">\u00bfSe admiten mascotas en el \u00e1rea acu\u00e1tica?  <span class=\"faq-opener\"><\/span><\/summary><div class=\"content\" itemscope=\"\" itemprop=\"acceptedAnswer\" itemtype=\"https:\/\/schema.org\/Answer\"><div itemprop=\"text\"><p><em>No se permiten animales en el \u00e1rea acu\u00e1tica<\/em><\/p><\/div><\/div><\/details><\/div><\/div><\/div><h2 class=\"ls__heading wp-block-heading has-text-align-center\">Animaciones<\/h2><div class=\"faq__box\"><div class=\"faq__container\"><div class=\"faq__block\" itemscope=\"\" itemprop=\"mainEntity\" itemtype=\"https:\/\/schema.org\/Question\"><details class=\"faq\"><summary class=\"faq-question\" itemprop=\"name\">\u00bfCu\u00e1les son las horas de inicio y finalizaci\u00f3n de las animaciones?<span class=\"faq-opener\"><\/span><\/summary><div class=\"content\" itemscope=\"\" itemprop=\"acceptedAnswer\" itemtype=\"https:\/\/schema.org\/Answer\"><div itemprop=\"text\"><p><em>Las animaciones familiares se organizan por la noche a las 21 horas y comienzan alrededor de las 19 horas con la minidisco muy apreciada por los ni\u00f1os y sus padres.<\/em><\/p><\/div><\/div><\/details><\/div><\/div><\/div><div class=\"faq__box\"><div class=\"faq__container\"><div class=\"faq__block\" itemscope=\"\" itemprop=\"mainEntity\" itemtype=\"https:\/\/schema.org\/Question\"><details class=\"faq\"><summary class=\"faq-question\" itemprop=\"name\">\u00bfCu\u00e1ndo comienzan las animaciones en la temporada?<span class=\"faq-opener\"><\/span><\/summary><div class=\"content\" itemscope=\"\" itemprop=\"acceptedAnswer\" itemtype=\"https:\/\/schema.org\/Answer\"><div itemprop=\"text\"><p><em>Las animaciones suelen organizarse entre mediados de julio y mediados de agosto<\/em><\/p><\/div><\/div><\/details><\/div><\/div><\/div><div class=\"faq__box\"><div class=\"faq__container\"><div class=\"faq__block\" itemscope=\"\" itemprop=\"mainEntity\" itemtype=\"https:\/\/schema.org\/Question\"><details class=\"faq\"><summary class=\"faq-question\" itemprop=\"name\">\u00bfC\u00f3mo puedo obtener el calendario o el calendario de animaciones?<span class=\"faq-opener\"><\/span><\/summary><div class=\"content\" itemscope=\"\" itemprop=\"acceptedAnswer\" itemtype=\"https:\/\/schema.org\/Answer\"><div itemprop=\"text\"><p><em>El horario de animaci\u00f3n est\u00e1 disponible en recepci\u00f3n y se muestra en diferentes \u00e1reas del camping<\/em><\/p><\/div><\/div><\/details><\/div><\/div><\/div><h2 class=\"ls__heading wp-block-heading has-text-align-center\">Entorno<\/h2><div class=\"faq__box\"><div class=\"faq__container\"><div class=\"faq__block\" itemscope=\"\" itemprop=\"mainEntity\" itemtype=\"https:\/\/schema.org\/Question\"><details class=\"faq\"><summary class=\"faq-question\" itemprop=\"name\">\u00bfHay exurcions disponibles con salida en el camping?<span class=\"faq-opener\"><\/span><\/summary><div class=\"content\" itemscope=\"\" itemprop=\"acceptedAnswer\" itemtype=\"https:\/\/schema.org\/Answer\"><div itemprop=\"text\"><p><em>Se ofrecen numerosas visitas y actividades, ya sea alrededor de Toulouse, en el Lauragais o sitios regionales famosos.<\/em><\/p><\/div><\/div><\/details><\/div><\/div><\/div><div class=\"faq__box\"><div class=\"faq__container\"><div class=\"faq__block\" itemscope=\"\" itemprop=\"mainEntity\" itemtype=\"https:\/\/schema.org\/Question\"><details class=\"faq\"><summary class=\"faq-question\" itemprop=\"name\">\u00bfEl camping est\u00e1 situado cerca del centro de la ciudad?<span class=\"faq-opener\"><\/span><\/summary><div class=\"content\" itemscope=\"\" itemprop=\"acceptedAnswer\" itemtype=\"https:\/\/schema.org\/Answer\"><div itemprop=\"text\"><p><em>El pueblo de Castanet Tolosan est\u00e1 a 4,5Km de distancia con todos estos comercios y servicios. Hay un centro comercial a 1 km <\/em><\/p><\/div><\/div><\/details><\/div><\/div><\/div><div class=\"faq__box\"><div class=\"faq__container\"><div class=\"faq__block\" itemscope=\"\" itemprop=\"mainEntity\" itemtype=\"https:\/\/schema.org\/Question\"><details class=\"faq\"><summary class=\"faq-question\" itemprop=\"name\">\u00bfD\u00f3nde est\u00e1n los carriles bici?  <span class=\"faq-opener\"><\/span><\/summary><div class=\"content\" itemscope=\"\" itemprop=\"acceptedAnswer\" itemtype=\"https:\/\/schema.org\/Answer\"><div itemprop=\"text\"><p><em>El Canal du Midi se encuentra a 800 metros del camping<\/em><\/p><\/div><\/div><\/details><\/div><\/div><\/div><div class=\"faq__box\"><div class=\"faq__container\"><div class=\"faq__block\" itemscope=\"\" itemprop=\"mainEntity\" itemtype=\"https:\/\/schema.org\/Question\"><details class=\"faq\"><summary class=\"faq-question\" itemprop=\"name\">\u00bfPodemos llegar a un supermercado a pie?<span class=\"faq-opener\"><\/span><\/summary><div class=\"content\" itemscope=\"\" itemprop=\"acceptedAnswer\" itemtype=\"https:\/\/schema.org\/Answer\"><div itemprop=\"text\"><p><em>Hay un centro comercial a 1 km del camping.<\/em><\/p><\/div><\/div><\/details><\/div><\/div><\/div><div class=\"faq__box\"><div class=\"faq__container\"><div class=\"faq__block\" itemscope=\"\" itemprop=\"mainEntity\" itemtype=\"https:\/\/schema.org\/Question\"><details class=\"faq\"><summary class=\"faq-question\" itemprop=\"name\">\u00bfEl camping est\u00e1 conectado por transporte p\u00fablico?<span class=\"faq-opener\"><\/span><\/summary><div class=\"content\" itemscope=\"\" itemprop=\"acceptedAnswer\" itemtype=\"https:\/\/schema.org\/Answer\"><div itemprop=\"text\"><p><em>Varias l\u00edneas de autob\u00fas est\u00e1n disponibles desde el camping<\/em><\/p><\/div><\/div><\/details><\/div><\/div><\/div><h2 class=\"ls__heading wp-block-heading has-text-align-center\">Servicios<\/h2><div class=\"faq__box\"><div class=\"faq__container\"><div class=\"faq__block\" itemscope=\"\" itemprop=\"mainEntity\" itemtype=\"https:\/\/schema.org\/Question\"><details class=\"faq\"><summary class=\"faq-question\" itemprop=\"name\">\u00bfPodemos alquilar bicicletas en el camping?<span class=\"faq-opener\"><\/span><\/summary><div class=\"content\" itemscope=\"\" itemprop=\"acceptedAnswer\" itemtype=\"https:\/\/schema.org\/Answer\"><div itemprop=\"text\"><p><em>Los proveedores ofrecen alquiler de bicicletas con entrega en el camping. Se recomienda reservar con antelaci\u00f3n <\/em><\/p><\/div><\/div><\/details><\/div><\/div><\/div><div class=\"faq__box\"><div class=\"faq__container\"><div class=\"faq__block\" itemscope=\"\" itemprop=\"mainEntity\" itemtype=\"https:\/\/schema.org\/Question\"><details class=\"faq\"><summary class=\"faq-question\" itemprop=\"name\">\u00bfPuedo alquilar una cuna o trona?<span class=\"faq-opener\"><\/span><\/summary><div class=\"content\" itemscope=\"\" itemprop=\"acceptedAnswer\" itemtype=\"https:\/\/schema.org\/Answer\"><div itemprop=\"text\"><p><em>Se ofrece un servicio de alquiler de cunas o tronas<\/em><\/p><\/div><\/div><\/details><\/div><\/div><\/div><div class=\"faq__box\"><div class=\"faq__container\"><div class=\"faq__block\" itemscope=\"\" itemprop=\"mainEntity\" itemtype=\"https:\/\/schema.org\/Question\"><details class=\"faq\"><summary class=\"faq-question\" itemprop=\"name\">\u00bfHay una enfermera presente en el camping con una habitaci\u00f3n y equipo de primeros auxilios?<span class=\"faq-opener\"><\/span><\/summary><div class=\"content\" itemscope=\"\" itemprop=\"acceptedAnswer\" itemtype=\"https:\/\/schema.org\/Answer\"><div itemprop=\"text\"><p><em>Podemos darle la informaci\u00f3n de contacto de una oficina de enfermer\u00eda que viaja al campamento si es necesario.  <\/em><\/p><\/div><\/div><\/details><\/div><\/div><\/div><div class=\"faq__box\"><div class=\"faq__container\"><div class=\"faq__block\" itemscope=\"\" itemprop=\"mainEntity\" itemtype=\"https:\/\/schema.org\/Question\"><details class=\"faq\"><summary class=\"faq-question\" itemprop=\"name\">\u00bfHay barbacoas disponibles para alquilar?<span class=\"faq-opener\"><\/span><\/summary><div class=\"content\" itemscope=\"\" itemprop=\"acceptedAnswer\" itemtype=\"https:\/\/schema.org\/Answer\"><div itemprop=\"text\"><p><em>Las barbacoas colectivas est\u00e1n a disposici\u00f3n de los clientes, el uso de barbacoa de carb\u00f3n en las parcelas est\u00e1 estrictamente prohibido<\/em><\/p><\/div><\/div><\/details><\/div><\/div><\/div><div class=\"faq__box\"><div class=\"faq__container\"><div class=\"faq__block\" itemscope=\"\" itemprop=\"mainEntity\" itemtype=\"https:\/\/schema.org\/Question\"><details class=\"faq\"><summary class=\"faq-question\" itemprop=\"name\">\u00bfHay una permanencia en caso de problemas en el alojamiento?<span class=\"faq-opener\"><\/span><\/summary><div class=\"content\" itemscope=\"\" itemprop=\"acceptedAnswer\" itemtype=\"https:\/\/schema.org\/Answer\"><div itemprop=\"text\"><p><em>En caso de emergencia o necesidad estricta, un intercomunicador situado frente a la recepci\u00f3n le permite ponerse en contacto con el personal del camping<\/em><\/p><\/div><\/div><\/details><\/div><\/div><\/div><div class=\"faq__box\"><div class=\"faq__container\"><div class=\"faq__block\" itemscope=\"\" itemprop=\"mainEntity\" itemtype=\"https:\/\/schema.org\/Question\"><details class=\"faq\"><summary class=\"faq-question\" itemprop=\"name\">\u00bfTengo que hacer una cita para el inventario cuando me vaya?  <span class=\"faq-opener\"><\/span><\/summary><div class=\"content\" itemscope=\"\" itemprop=\"acceptedAnswer\" itemtype=\"https:\/\/schema.org\/Answer\"><div itemprop=\"text\"><p><em>Una cita para llevar a cabo el inventario debe fijarse a m\u00e1s tardar el d\u00eda antes de su salida.<\/em><\/p><\/div><\/div><\/details><\/div><\/div><\/div><div class=\"faq__box\"><div class=\"faq__container\"><div class=\"faq__block\" itemscope=\"\" itemprop=\"mainEntity\" itemtype=\"https:\/\/schema.org\/Question\"><details class=\"faq\"><summary class=\"faq-question\" itemprop=\"name\">\u00bfHay un supermercado peque\u00f1o en el camping?<span class=\"faq-opener\"><\/span><\/summary><div class=\"content\" itemscope=\"\" itemprop=\"acceptedAnswer\" itemtype=\"https:\/\/schema.org\/Answer\"><div itemprop=\"text\"><p><em>Una tienda de conveniencia est\u00e1 disponible en la recepci\u00f3n<\/em><\/p><\/div><\/div><\/details><\/div><\/div><\/div><div class=\"faq__box\"><div class=\"faq__container\"><div class=\"faq__block\" itemscope=\"\" itemprop=\"mainEntity\" itemtype=\"https:\/\/schema.org\/Question\"><details class=\"faq\"><summary class=\"faq-question\" itemprop=\"name\">\u00bfHay un dep\u00f3sito de pan?<span class=\"faq-opener\"><\/span><\/summary><div class=\"content\" itemscope=\"\" itemprop=\"acceptedAnswer\" itemtype=\"https:\/\/schema.org\/Answer\"><div itemprop=\"text\"><p><em>Pan y pasteles horneados en el lugar se ofrecen previa reserva la v\u00edspera desde mayo hasta mediados de septiembre<\/em><\/p><\/div><\/div><\/details><\/div><\/div><\/div><h2 class=\"ls__heading wp-block-heading has-text-align-center\">Limpieza<\/h2><div class=\"faq__box\"><div class=\"faq__container\"><div class=\"faq__block\" itemscope=\"\" itemprop=\"mainEntity\" itemtype=\"https:\/\/schema.org\/Question\"><details class=\"faq\"><summary class=\"faq-question\" itemprop=\"name\">\u00bfSe han renovado recientemente las instalaciones sanitarias?<span class=\"faq-opener\"><\/span><\/summary><div class=\"content\" itemscope=\"\" itemprop=\"acceptedAnswer\" itemtype=\"https:\/\/schema.org\/Answer\"><div itemprop=\"text\"><p><em>Las instalaciones sanitarias han sido recientemente renovadas por completo y adaptadas a los requisitos y necesidades de los clientes<\/em><\/p><\/div><\/div><\/details><\/div><\/div><\/div><div class=\"faq__box\"><div class=\"faq__container\"><div class=\"faq__block\" itemscope=\"\" itemprop=\"mainEntity\" itemtype=\"https:\/\/schema.org\/Question\"><details class=\"faq\"><summary class=\"faq-question\" itemprop=\"name\">\u00bfSe ofrece servicio de limpieza para casas m\u00f3viles?<span class=\"faq-opener\"><\/span><\/summary><div class=\"content\" itemscope=\"\" itemprop=\"acceptedAnswer\" itemtype=\"https:\/\/schema.org\/Answer\"><div itemprop=\"text\"><p><em>No hay servicio de limpieza para alquileres, debe ser realizado por los clientes antes de su salida<\/em><\/p><\/div><\/div><\/details><\/div><\/div><\/div><div class=\"faq__box\"><div class=\"faq__container\"><div class=\"faq__block\" itemscope=\"\" itemprop=\"mainEntity\" itemtype=\"https:\/\/schema.org\/Question\"><details class=\"faq\"><summary class=\"faq-question\" itemprop=\"name\">\u00bfEl camping dispone de servicio de lavander\u00eda?<span class=\"faq-opener\"><\/span><\/summary><div class=\"content\" itemscope=\"\" itemprop=\"acceptedAnswer\" itemtype=\"https:\/\/schema.org\/Answer\"><div itemprop=\"text\"><p><em>A nivel de la lavander\u00eda del camping, encontrar\u00e1 varias lavadoras y secadoras<\/em><\/p><\/div><\/div><\/details><\/div><\/div><\/div><h2 class=\"ls__heading wp-block-heading has-text-align-center\">Medidas sanitarias COVID-19<\/h2><div class=\"faq__box\"><div class=\"faq__container\"><div class=\"faq__block\" itemscope=\"\" itemprop=\"mainEntity\" itemtype=\"https:\/\/schema.org\/Question\"><details class=\"faq\"><summary class=\"faq-question\" itemprop=\"name\">\u00bfCu\u00e1les son las medidas relacionadas con COVID 19?<span class=\"faq-opener\"><\/span><\/summary><div class=\"content\" itemscope=\"\" itemprop=\"acceptedAnswer\" itemtype=\"https:\/\/schema.org\/Answer\"><div itemprop=\"text\"><p><em>Aplicamos las medidas sanitarias y de higiene recomendadas a nivel de la profesi\u00f3n, as\u00ed como las restricciones impuestas por las autoridades<\/em><\/p><\/div><\/div><\/details><\/div><\/div><\/div><h2 class=\"ls__heading wp-block-heading has-text-align-center\">Enfoques ecol\u00f3gicos<\/h2><div class=\"faq__box\"><div class=\"faq__container\"><div class=\"faq__block\" itemscope=\"\" itemprop=\"mainEntity\" itemtype=\"https:\/\/schema.org\/Question\"><details class=\"faq\"><summary class=\"faq-question\" itemprop=\"name\">\u00bfQu\u00e9 se est\u00e1 haciendo para preservar la naturaleza?<span class=\"faq-opener\"><\/span><\/summary><div class=\"content\" itemscope=\"\" itemprop=\"acceptedAnswer\" itemtype=\"https:\/\/schema.org\/Answer\"><div itemprop=\"text\"><p><em>Estamos comprometidos con la biodiversidad local. El sitio se sit\u00faa en un entorno natural rico, con una flora compuesta en gran parte por especies locales. El mantenimiento del terreno se realiza con productos dom\u00e9sticos y de jardiner\u00eda respetuosos del medio ambiente  <\/em><\/p><\/div><\/div><\/details><\/div><\/div><\/div><div class=\"faq__box\"><div class=\"faq__container\"><div class=\"faq__block\" itemscope=\"\" itemprop=\"mainEntity\" itemtype=\"https:\/\/schema.org\/Question\"><details class=\"faq\"><summary class=\"faq-question\" itemprop=\"name\">\u00bfC\u00f3mo reduce el camping su consumo de energ\u00eda?<span class=\"faq-opener\"><\/span><\/summary><div class=\"content\" itemscope=\"\" itemprop=\"acceptedAnswer\" itemtype=\"https:\/\/schema.org\/Answer\"><div itemprop=\"text\"><p><em>Nuestras climatizaciones reversibles se controlan de forma remota para evitar un consumo excesivo, la piscina cubierta y los equipos acu\u00e1ticos solo se activan en caso de necesidad, Toda la iluminaci\u00f3n del sitio utiliza bombillas led y crep\u00fasculo de bajo consumo y se instalan esmoladores en todos los lavabos y duchas para limitar el flujo de agua sin reducir la comodidad.<\/em><\/p><\/div><\/div><\/details><\/div><\/div><\/div><div class=\"faq__box\"><div class=\"faq__container\"><div class=\"faq__block\" itemscope=\"\" itemprop=\"mainEntity\" itemtype=\"https:\/\/schema.org\/Question\"><details class=\"faq\"><summary class=\"faq-question\" itemprop=\"name\">Existen soluciones para limitar el uso de veh\u00edculos contaminantes?<span class=\"faq-opener\"><\/span><\/summary><div class=\"content\" itemscope=\"\" itemprop=\"acceptedAnswer\" itemtype=\"https:\/\/schema.org\/Answer\"><div itemprop=\"text\"><p><em>S\u00ed, todos los desplazamientos internos del camping se realizan a pie o en golfetas el\u00e9ctricas, silenciosas y no contaminantes. Adem\u00e1s, el camping est\u00e1 etiquetado como Accueil V\u00e9lo, lo que favorece la movilidad suave. <\/em><\/p><\/div><\/div><\/details><\/div><\/div><\/div><div class=\"faq__box\"><div class=\"faq__container\"><div class=\"faq__block\" itemscope=\"\" itemprop=\"mainEntity\" itemtype=\"https:\/\/schema.org\/Question\"><details class=\"faq\"><summary class=\"faq-question\" itemprop=\"name\">\u00bfSe ha implementado la clasificaci\u00f3n selectiva?<span class=\"faq-opener\"><\/span><\/summary><div class=\"content\" itemscope=\"\" itemprop=\"acceptedAnswer\" itemtype=\"https:\/\/schema.org\/Answer\"><div itemprop=\"text\"><p><em>Por supuesto. Las zonas de recogida son accesibles a los veraneantes para facilitar la separaci\u00f3n de los residuos y sensibilizar a todos sobre la reducci\u00f3n del impacto ambiental, incluso durante las vacaciones. <\/em><\/p><\/div><\/div><\/details><\/div><\/div><\/div><\/div><\/div>\n\r\n    <\/div>\r\n<\/section><\/div>\n<\/div>\n","protected":false},"excerpt":{"rendered":"","protected":false},"author":1,"featured_media":3796,"parent":0,"menu_order":0,"comment_status":"closed","ping_status":"closed","template":"","meta":{"_acf_changed":false,"footnotes":""},"sujet":[],"class_list":["post-1889","page","type-page","status-publish","has-post-thumbnail","hentry"],"acf":[],"yoast_head":"<!-- This site is optimized with the Yoast SEO plugin v23.4 - https:\/\/yoast.com\/wordpress\/plugins\/seo\/ -->\n<title>Todo sobre el camping les Violettes en Haute-garonne cerca de Toulouse<\/title>\n<meta name=\"description\" content=\"Descubra todo sobre el camping Les Violettes en Haute-Garonne: amplias parcelas, piscina climatizada, c\u00e1lida bienvenida y ubicaci\u00f3n ideal cerca de Toulouse.\" \/>\n<meta name=\"robots\" content=\"noindex, nofollow\" \/>\n<meta property=\"og:locale\" content=\"es_ES\" \/>\n<meta property=\"og:type\" content=\"article\" \/>\n<meta property=\"og:title\" content=\"Todo sobre el camping les Violettes en Haute-garonne cerca de Toulouse\" \/>\n<meta property=\"og:description\" content=\"Descubra todo sobre el camping Les Violettes en Haute-Garonne: amplias parcelas, piscina climatizada, c\u00e1lida bienvenida y ubicaci\u00f3n ideal cerca de Toulouse.\" \/>\n<meta property=\"og:url\" content=\"https:\/\/www.campinglesviolettes.com\/es\/preguntas-mas-frecuentes\/\" \/>\n<meta property=\"og:site_name\" content=\"Les Violettes\" \/>\n<meta property=\"article:modified_time\" content=\"2026-08-14T13:54:17+00:00\" \/>\n<meta property=\"og:image\" content=\"https:\/\/www.campinglesviolettes.com\/wp-content\/uploads\/2025\/05\/IMG_2990_1-scaled.jpg\" \/>\n\t<meta property=\"og:image:width\" content=\"1920\" \/>\n\t<meta property=\"og:image:height\" content=\"2560\" \/>\n\t<meta property=\"og:image:type\" content=\"image\/jpeg\" \/>\n<meta name=\"twitter:card\" content=\"summary_large_image\" \/>\n<meta name=\"twitter:label1\" content=\"Tiempo de lectura\" \/>\n\t<meta name=\"twitter:data1\" content=\"1 minuto\" \/>\n<script type=\"application\/ld+json\" class=\"yoast-schema-graph\">{\"@context\":\"https:\/\/schema.org\",\"@graph\":[{\"@type\":\"WebPage\",\"@id\":\"https:\/\/www.campinglesviolettes.com\/es\/preguntas-mas-frecuentes\/\",\"url\":\"https:\/\/www.campinglesviolettes.com\/es\/preguntas-mas-frecuentes\/\",\"name\":\"Todo sobre el camping les Violettes en Haute-garonne cerca de Toulouse\",\"isPartOf\":{\"@id\":\"https:\/\/www.campinglesviolettes.com\/#website\"},\"primaryImageOfPage\":{\"@id\":\"https:\/\/www.campinglesviolettes.com\/es\/preguntas-mas-frecuentes\/#primaryimage\"},\"image\":{\"@id\":\"https:\/\/www.campinglesviolettes.com\/es\/preguntas-mas-frecuentes\/#primaryimage\"},\"thumbnailUrl\":\"https:\/\/www.campinglesviolettes.com\/wp-content\/uploads\/2025\/05\/IMG_2990_1-scaled.jpg\",\"datePublished\":\"2023-04-06T13:28:19+00:00\",\"dateModified\":\"2026-08-14T13:54:17+00:00\",\"description\":\"Descubra todo sobre el camping Les Violettes en Haute-Garonne: amplias parcelas, piscina climatizada, c\u00e1lida bienvenida y ubicaci\u00f3n ideal cerca de Toulouse.\",\"breadcrumb\":{\"@id\":\"https:\/\/www.campinglesviolettes.com\/es\/preguntas-mas-frecuentes\/#breadcrumb\"},\"inLanguage\":\"es\",\"potentialAction\":[{\"@type\":\"ReadAction\",\"target\":[\"https:\/\/www.campinglesviolettes.com\/es\/preguntas-mas-frecuentes\/\"]}]},{\"@type\":\"ImageObject\",\"inLanguage\":\"es\",\"@id\":\"https:\/\/www.campinglesviolettes.com\/es\/preguntas-mas-frecuentes\/#primaryimage\",\"url\":\"https:\/\/www.campinglesviolettes.com\/wp-content\/uploads\/2025\/05\/IMG_2990_1-scaled.jpg\",\"contentUrl\":\"https:\/\/www.campinglesviolettes.com\/wp-content\/uploads\/2025\/05\/IMG_2990_1-scaled.jpg\",\"width\":1920,\"height\":2560,\"caption\":\"IMG 2990 (1)\"},{\"@type\":\"BreadcrumbList\",\"@id\":\"https:\/\/www.campinglesviolettes.com\/es\/preguntas-mas-frecuentes\/#breadcrumb\",\"itemListElement\":[{\"@type\":\"ListItem\",\"position\":1,\"name\":\"Camping Occitanie\",\"item\":\"https:\/\/www.campinglesviolettes.com\/es\/\"},{\"@type\":\"ListItem\",\"position\":2,\"name\":\"PREGUNTAS FRECUENTES\"}]},{\"@type\":\"WebSite\",\"@id\":\"https:\/\/www.campinglesviolettes.com\/#website\",\"url\":\"https:\/\/www.campinglesviolettes.com\/\",\"name\":\"Les Violettes\",\"description\":\"\",\"publisher\":{\"@id\":\"https:\/\/www.campinglesviolettes.com\/#organization\"},\"potentialAction\":[{\"@type\":\"SearchAction\",\"target\":{\"@type\":\"EntryPoint\",\"urlTemplate\":\"https:\/\/www.campinglesviolettes.com\/?s={search_term_string}\"},\"query-input\":{\"@type\":\"PropertyValueSpecification\",\"valueRequired\":true,\"valueName\":\"search_term_string\"}}],\"inLanguage\":\"es\"},{\"@type\":\"Organization\",\"@id\":\"https:\/\/www.campinglesviolettes.com\/#organization\",\"name\":\"Les Violettes\",\"url\":\"https:\/\/www.campinglesviolettes.com\/\",\"logo\":{\"@type\":\"ImageObject\",\"inLanguage\":\"es\",\"@id\":\"https:\/\/www.campinglesviolettes.com\/#\/schema\/logo\/image\/\",\"url\":\"https:\/\/www.campinglesviolettes.com\/wp-content\/uploads\/2023\/02\/logo-camping-les-violettes.png\",\"contentUrl\":\"https:\/\/www.campinglesviolettes.com\/wp-content\/uploads\/2023\/02\/logo-camping-les-violettes.png\",\"width\":250,\"height\":206,\"caption\":\"Les Violettes\"},\"image\":{\"@id\":\"https:\/\/www.campinglesviolettes.com\/#\/schema\/logo\/image\/\"}}]}<\/script>\n<!-- \/ Yoast SEO plugin. -->","yoast_head_json":{"title":"Todo sobre el camping les Violettes en Haute-garonne cerca de Toulouse","description":"Descubra todo sobre el camping Les Violettes en Haute-Garonne: amplias parcelas, piscina climatizada, c\u00e1lida bienvenida y ubicaci\u00f3n ideal cerca de Toulouse.","robots":{"index":"noindex","follow":"nofollow"},"og_locale":"es_ES","og_type":"article","og_title":"Todo sobre el camping les Violettes en Haute-garonne cerca de Toulouse","og_description":"Descubra todo sobre el camping Les Violettes en Haute-Garonne: amplias parcelas, piscina climatizada, c\u00e1lida bienvenida y ubicaci\u00f3n ideal cerca de Toulouse.","og_url":"https:\/\/www.campinglesviolettes.com\/es\/preguntas-mas-frecuentes\/","og_site_name":"Les Violettes","article_modified_time":"2026-08-14T13:54:17+00:00","og_image":[{"width":1920,"height":2560,"url":"https:\/\/www.campinglesviolettes.com\/wp-content\/uploads\/2025\/05\/IMG_2990_1-scaled.jpg","type":"image\/jpeg"}],"twitter_card":"summary_large_image","twitter_misc":{"Tiempo de lectura":"1 minuto"},"schema":{"@context":"https:\/\/schema.org","@graph":[{"@type":"WebPage","@id":"https:\/\/www.campinglesviolettes.com\/es\/preguntas-mas-frecuentes\/","url":"https:\/\/www.campinglesviolettes.com\/es\/preguntas-mas-frecuentes\/","name":"Todo sobre el camping les Violettes en Haute-garonne cerca de Toulouse","isPartOf":{"@id":"https:\/\/www.campinglesviolettes.com\/#website"},"primaryImageOfPage":{"@id":"https:\/\/www.campinglesviolettes.com\/es\/preguntas-mas-frecuentes\/#primaryimage"},"image":{"@id":"https:\/\/www.campinglesviolettes.com\/es\/preguntas-mas-frecuentes\/#primaryimage"},"thumbnailUrl":"https:\/\/www.campinglesviolettes.com\/wp-content\/uploads\/2025\/05\/IMG_2990_1-scaled.jpg","datePublished":"2023-04-06T13:28:19+00:00","dateModified":"2026-08-14T13:54:17+00:00","description":"Descubra todo sobre el camping Les Violettes en Haute-Garonne: amplias parcelas, piscina climatizada, c\u00e1lida bienvenida y ubicaci\u00f3n ideal cerca de Toulouse.","breadcrumb":{"@id":"https:\/\/www.campinglesviolettes.com\/es\/preguntas-mas-frecuentes\/#breadcrumb"},"inLanguage":"es","potentialAction":[{"@type":"ReadAction","target":["https:\/\/www.campinglesviolettes.com\/es\/preguntas-mas-frecuentes\/"]}]},{"@type":"ImageObject","inLanguage":"es","@id":"https:\/\/www.campinglesviolettes.com\/es\/preguntas-mas-frecuentes\/#primaryimage","url":"https:\/\/www.campinglesviolettes.com\/wp-content\/uploads\/2025\/05\/IMG_2990_1-scaled.jpg","contentUrl":"https:\/\/www.campinglesviolettes.com\/wp-content\/uploads\/2025\/05\/IMG_2990_1-scaled.jpg","width":1920,"height":2560,"caption":"IMG 2990 (1)"},{"@type":"BreadcrumbList","@id":"https:\/\/www.campinglesviolettes.com\/es\/preguntas-mas-frecuentes\/#breadcrumb","itemListElement":[{"@type":"ListItem","position":1,"name":"Camping Occitanie","item":"https:\/\/www.campinglesviolettes.com\/es\/"},{"@type":"ListItem","position":2,"name":"PREGUNTAS FRECUENTES"}]},{"@type":"WebSite","@id":"https:\/\/www.campinglesviolettes.com\/#website","url":"https:\/\/www.campinglesviolettes.com\/","name":"Les Violettes","description":"","publisher":{"@id":"https:\/\/www.campinglesviolettes.com\/#organization"},"potentialAction":[{"@type":"SearchAction","target":{"@type":"EntryPoint","urlTemplate":"https:\/\/www.campinglesviolettes.com\/?s={search_term_string}"},"query-input":{"@type":"PropertyValueSpecification","valueRequired":true,"valueName":"search_term_string"}}],"inLanguage":"es"},{"@type":"Organization","@id":"https:\/\/www.campinglesviolettes.com\/#organization","name":"Les Violettes","url":"https:\/\/www.campinglesviolettes.com\/","logo":{"@type":"ImageObject","inLanguage":"es","@id":"https:\/\/www.campinglesviolettes.com\/#\/schema\/logo\/image\/","url":"https:\/\/www.campinglesviolettes.com\/wp-content\/uploads\/2023\/02\/logo-camping-les-violettes.png","contentUrl":"https:\/\/www.campinglesviolettes.com\/wp-content\/uploads\/2023\/02\/logo-camping-les-violettes.png","width":250,"height":206,"caption":"Les Violettes"},"image":{"@id":"https:\/\/www.campinglesviolettes.com\/#\/schema\/logo\/image\/"}}]}},"_links":{"self":[{"href":"https:\/\/www.campinglesviolettes.com\/es\/wp-json\/wp\/v2\/pages\/1889","targetHints":{"allow":["GET"]}}],"collection":[{"href":"https:\/\/www.campinglesviolettes.com\/es\/wp-json\/wp\/v2\/pages"}],"about":[{"href":"https:\/\/www.campinglesviolettes.com\/es\/wp-json\/wp\/v2\/types\/page"}],"author":[{"embeddable":true,"href":"https:\/\/www.campinglesviolettes.com\/es\/wp-json\/wp\/v2\/users\/1"}],"replies":[{"embeddable":true,"href":"https:\/\/www.campinglesviolettes.com\/es\/wp-json\/wp\/v2\/comments?post=1889"}],"version-history":[{"count":11,"href":"https:\/\/www.campinglesviolettes.com\/es\/wp-json\/wp\/v2\/pages\/1889\/revisions"}],"predecessor-version":[{"id":6552,"href":"https:\/\/www.campinglesviolettes.com\/es\/wp-json\/wp\/v2\/pages\/1889\/revisions\/6552"}],"wp:featuredmedia":[{"embeddable":true,"href":"https:\/\/www.campinglesviolettes.com\/es\/wp-json\/wp\/v2\/media\/3796"}],"wp:attachment":[{"href":"https:\/\/www.campinglesviolettes.com\/es\/wp-json\/wp\/v2\/media?parent=1889"}],"wp:term":[{"taxonomy":"sujet","embeddable":true,"href":"https:\/\/www.campinglesviolettes.com\/es\/wp-json\/wp\/v2\/sujet?post=1889"}],"curies":[{"name":"wp","href":"https:\/\/api.w.org\/{rel}","templated":true}]}}